{"id":1761,"date":"2025-03-11T11:27:42","date_gmt":"2025-03-11T10:27:42","guid":{"rendered":"https:\/\/stoll-freres.ch\/?page_id=1761"},"modified":"2026-05-20T15:34:45","modified_gmt":"2026-05-20T13:34:45","slug":"aktualnosci","status":"publish","type":"page","link":"https:\/\/stoll-freres.ch\/pl\/actualites\/","title":{"rendered":"Aktualno\u015bci"},"content":{"rendered":"<div data-elementor-type=\"wp-page\" data-elementor-id=\"1761\" class=\"elementor elementor-1761\" data-elementor-post-type=\"page\">\n\t\t\t\t\t\t<section class=\"elementor-section elementor-top-section elementor-element elementor-element-9ae861d elementor-section-height-min-height elementor-section-items-bottom elementor-section-boxed elementor-section-height-default\" data-id=\"9ae861d\" data-element_type=\"section\" data-e-type=\"section\" data-settings=\"{&quot;background_background&quot;:&quot;classic&quot;}\">\n\t\t\t\t\t\t<div class=\"elementor-container elementor-column-gap-default\">\n\t\t\t\t\t<div class=\"elementor-column elementor-col-100 elementor-top-column elementor-element elementor-element-f2ebb22\" data-id=\"f2ebb22\" data-element_type=\"column\" data-e-type=\"column\">\n\t\t\t<div class=\"elementor-widget-wrap elementor-element-populated\">\n\t\t\t\t\t\t<div class=\"elementor-element elementor-element-0a34558 elementor-widget elementor-widget-heading\" data-id=\"0a34558\" data-element_type=\"widget\" data-e-type=\"widget\" data-widget_type=\"heading.default\">\n\t\t\t\t<div class=\"elementor-widget-container\">\n\t\t\t\t\t<h1 class=\"elementor-heading-title elementor-size-default\">Aktualno\u015bci<\/h1>\t\t\t\t<\/div>\n\t\t\t\t<\/div>\n\t\t\t\t<div class=\"elementor-element elementor-element-4bf6898 elementor-widget elementor-widget-heading\" data-id=\"4bf6898\" data-element_type=\"widget\" data-e-type=\"widget\" data-widget_type=\"heading.default\">\n\t\t\t\t<div class=\"elementor-widget-container\">\n\t\t\t\t\t<h2 class=\"elementor-heading-title elementor-size-default\">Nasze wiadomo\u015bci<\/h2>\t\t\t\t<\/div>\n\t\t\t\t<\/div>\n\t\t\t\t<div class=\"elementor-element elementor-element-0cc06c2 elementor-widget__width-initial elementor-widget elementor-widget-heading\" data-id=\"0cc06c2\" data-element_type=\"widget\" data-e-type=\"widget\" data-widget_type=\"heading.default\">\n\t\t\t\t<div class=\"elementor-widget-container\">\n\t\t\t\t\t<h2 class=\"elementor-heading-title elementor-size-default\">\u015aled\u017a nasze publikacje i b\u0105d\u017a na bie\u017c\u0105co na LinkedIn i Facebooku<\/h2>\t\t\t\t<\/div>\n\t\t\t\t<\/div>\n\t\t\t\t<div class=\"elementor-element elementor-element-d8ec185 elementor-widget elementor-widget-spacer\" data-id=\"d8ec185\" data-element_type=\"widget\" data-e-type=\"widget\" data-widget_type=\"spacer.default\">\n\t\t\t\t<div class=\"elementor-widget-container\">\n\t\t\t\t\t\t\t<div class=\"elementor-spacer\">\n\t\t\t<div class=\"elementor-spacer-inner\"><\/div>\n\t\t<\/div>\n\t\t\t\t\t\t<\/div>\n\t\t\t\t<\/div>\n\t\t\t\t\t<\/div>\n\t\t<\/div>\n\t\t\t\t\t<\/div>\n\t\t<\/section>\n\t\t\t\t<section class=\"elementor-section elementor-top-section elementor-element elementor-element-9c0ef15 elementor-section-full_width elementor-section-height-default elementor-section-height-default\" data-id=\"9c0ef15\" data-element_type=\"section\" data-e-type=\"section\">\n\t\t\t\t\t\t<div class=\"elementor-container elementor-column-gap-default\">\n\t\t\t\t\t<div class=\"elementor-column elementor-col-100 elementor-top-column elementor-element elementor-element-703e515\" data-id=\"703e515\" data-element_type=\"column\" data-e-type=\"column\">\n\t\t\t<div class=\"elementor-widget-wrap elementor-element-populated\">\n\t\t\t\t\t\t<div class=\"elementor-element elementor-element-f3bbc79 elementor-widget-divider--view-line elementor-widget elementor-widget-divider\" data-id=\"f3bbc79\" data-element_type=\"widget\" data-e-type=\"widget\" data-widget_type=\"divider.default\">\n\t\t\t\t<div class=\"elementor-widget-container\">\n\t\t\t\t\t\t\t<div class=\"elementor-divider\">\n\t\t\t<span class=\"elementor-divider-separator\">\n\t\t\t\t\t\t<\/span>\n\t\t<\/div>\n\t\t\t\t\t\t<\/div>\n\t\t\t\t<\/div>\n\t\t\t\t\t<\/div>\n\t\t<\/div>\n\t\t\t\t\t<\/div>\n\t\t<\/section>\n\t\t\t\t<section class=\"elementor-section elementor-top-section elementor-element elementor-element-3677bf9 elementor-hidden-tablet elementor-hidden-mobile elementor-section-boxed elementor-section-height-default elementor-section-height-default\" data-id=\"3677bf9\" data-element_type=\"section\" data-e-type=\"section\">\n\t\t\t\t\t\t<div class=\"elementor-container elementor-column-gap-default\">\n\t\t\t\t\t<div class=\"elementor-column elementor-col-100 elementor-top-column elementor-element elementor-element-b7d8f08\" data-id=\"b7d8f08\" data-element_type=\"column\" data-e-type=\"column\">\n\t\t\t<div class=\"elementor-widget-wrap elementor-element-populated\">\n\t\t\t\t\t\t<div class=\"elementor-element elementor-element-0510d7f elementor-grid-1 elementor-posts--thumbnail-left elementor-grid-tablet-2 elementor-grid-mobile-1 elementor-widget elementor-widget-posts\" data-id=\"0510d7f\" data-element_type=\"widget\" data-e-type=\"widget\" data-settings=\"{&quot;classic_columns&quot;:&quot;1&quot;,&quot;classic_row_gap&quot;:{&quot;unit&quot;:&quot;px&quot;,&quot;size&quot;:50,&quot;sizes&quot;:[]},&quot;classic_columns_tablet&quot;:&quot;2&quot;,&quot;classic_columns_mobile&quot;:&quot;1&quot;,&quot;classic_row_gap_tablet_extra&quot;:{&quot;unit&quot;:&quot;px&quot;,&quot;size&quot;:&quot;&quot;,&quot;sizes&quot;:[]},&quot;classic_row_gap_tablet&quot;:{&quot;unit&quot;:&quot;px&quot;,&quot;size&quot;:&quot;&quot;,&quot;sizes&quot;:[]},&quot;classic_row_gap_mobile&quot;:{&quot;unit&quot;:&quot;px&quot;,&quot;size&quot;:&quot;&quot;,&quot;sizes&quot;:[]}}\" data-widget_type=\"posts.classic\">\n\t\t\t\t<div class=\"elementor-widget-container\">\n\t\t\t\t\t\t\t<div class=\"elementor-posts-container elementor-posts elementor-posts--skin-classic elementor-grid\" role=\"list\">\n\t\t\t\t<article class=\"elementor-post elementor-grid-item post-2756 post type-post status-publish format-standard has-post-thumbnail hentry category-achat-vente-logistique category-portraits tag-en-une\" role=\"listitem\">\n\t\t\t\t<a class=\"elementor-post__thumbnail__link\" href=\"https:\/\/stoll-freres.ch\/pl\/des-fruits-et-legumes-frais-distribues-douze-mois-par-an\/\" tabindex=\"-1\" target=\"&quot;_blank&quot;\">\n\t\t\t<div class=\"elementor-post__thumbnail\"><img fetchpriority=\"high\" decoding=\"async\" width=\"1600\" height=\"1076\" src=\"https:\/\/stoll-freres.ch\/wp-content\/uploads\/2026\/08\/\u00a9-synergies-creatives-Laurent-Bailly-16.jpg\" class=\"attachment-full size-full wp-image-2757\" alt=\"\" srcset=\"https:\/\/stoll-freres.ch\/wp-content\/uploads\/2026\/08\/\u00a9-synergies-creatives-Laurent-Bailly-16.jpg 1600w, https:\/\/stoll-freres.ch\/wp-content\/uploads\/2026\/08\/\u00a9-synergies-creatives-Laurent-Bailly-16-300x202.jpg 300w, https:\/\/stoll-freres.ch\/wp-content\/uploads\/2026\/08\/\u00a9-synergies-creatives-Laurent-Bailly-16-1024x689.jpg 1024w, https:\/\/stoll-freres.ch\/wp-content\/uploads\/2026\/08\/\u00a9-synergies-creatives-Laurent-Bailly-16-768x516.jpg 768w, https:\/\/stoll-freres.ch\/wp-content\/uploads\/2026\/08\/\u00a9-synergies-creatives-Laurent-Bailly-16-1536x1033.jpg 1536w, https:\/\/stoll-freres.ch\/wp-content\/uploads\/2026\/08\/\u00a9-synergies-creatives-Laurent-Bailly-16-18x12.jpg 18w\" sizes=\"(max-width: 1600px) 100vw, 1600px\" \/><\/div>\n\t\t<\/a>\n\t\t\t\t<div class=\"elementor-post__text\">\n\t\t\t\t<h2 class=\"elementor-post__title\">\n\t\t\t<a href=\"https:\/\/stoll-freres.ch\/pl\/des-fruits-et-legumes-frais-distribues-douze-mois-par-an\/\" target=\"&quot;_blank&quot;\">\n\t\t\t\t\u015awie\u017ce owoce i warzywa dostarczane przez dwana\u015bcie miesi\u0119cy w roku\t\t\t<\/a>\n\t\t<\/h2>\n\t\t\t\t<div class=\"elementor-post__meta-data\">\n\t\t\t\t\t<span class=\"elementor-post-date\">\n\t\t\t21\/08\/2026\t\t<\/span>\n\t\t\t\t<\/div>\n\t\t\t\t<div class=\"elementor-post__excerpt\">\n\t\t\t<p>W szczycie sezonu interesy w Stoll Fr\u00e8res kwitn\u0105. To idealny moment, aby zajrze\u0107 do biura sprzeda\u017cy i spotka\u0107 si\u0119 z jego kierownikiem, Mathieu Carrelem. Razem z nim odkryjemy, jak jego zesp\u00f3\u0142 codziennie koordynuje wolumeny, zam\u00f3wienia i dostawy, aby zapewni\u0107 klientom ci\u0105g\u0142o\u015b\u0107 dostaw, pomimo sezonowo\u015bci zbior\u00f3w i waha\u0144 popytu.<\/p>\n\t\t<\/div>\n\t\t\n\t\t<a class=\"elementor-post__read-more\" href=\"https:\/\/stoll-freres.ch\/pl\/des-fruits-et-legumes-frais-distribues-douze-mois-par-an\/\" aria-label=\"Dowiedz si\u0119 wi\u0119cej o \u015bwie\u017cych owocach i warzywach dostarczanych przez dwana\u015bcie miesi\u0119cy w roku\" tabindex=\"-1\" target=\"_blank\">\n\t\t\tZobacz wi\u0119cej\t\t<\/a>\n\n\t\t\t\t<\/div>\n\t\t\t\t<\/article>\n\t\t\t\t<\/div>\n\t\t\n\t\t\t\t\t\t<\/div>\n\t\t\t\t<\/div>\n\t\t\t\t<div class=\"elementor-element elementor-element-0675f4e elementor-widget elementor-widget-spacer\" data-id=\"0675f4e\" data-element_type=\"widget\" data-e-type=\"widget\" data-widget_type=\"spacer.default\">\n\t\t\t\t<div class=\"elementor-widget-container\">\n\t\t\t\t\t\t\t<div class=\"elementor-spacer\">\n\t\t\t<div class=\"elementor-spacer-inner\"><\/div>\n\t\t<\/div>\n\t\t\t\t\t\t<\/div>\n\t\t\t\t<\/div>\n\t\t\t\t<div class=\"elementor-element elementor-element-4f37315 elementor-nav-menu--dropdown-tablet elementor-nav-menu__text-align-aside elementor-nav-menu--toggle elementor-nav-menu--burger elementor-widget elementor-widget-nav-menu\" data-id=\"4f37315\" data-element_type=\"widget\" data-e-type=\"widget\" data-settings=\"{&quot;layout&quot;:&quot;horizontal&quot;,&quot;submenu_icon&quot;:{&quot;value&quot;:&quot;&lt;svg aria-hidden=\\&quot;true\\&quot; class=\\&quot;e-font-icon-svg e-fas-caret-down\\&quot; viewBox=\\&quot;0 0 320 512\\&quot; xmlns=\\&quot;http:\\\/\\\/www.w3.org\\\/2000\\\/svg\\&quot;&gt;&lt;path d=\\&quot;M31.3 192h257.3c17.8 0 26.7 21.5 14.1 34.1L174.1 354.8c-7.8 7.8-20.5 7.8-28.3 0L17.2 226.1C4.6 213.5 13.5 192 31.3 192z\\&quot;&gt;&lt;\\\/path&gt;&lt;\\\/svg&gt;&quot;,&quot;library&quot;:&quot;fa-solid&quot;},&quot;toggle&quot;:&quot;burger&quot;}\" data-widget_type=\"nav-menu.default\">\n\t\t\t\t<div class=\"elementor-widget-container\">\n\t\t\t\t\t\t\t\t<nav aria-label=\"Menu\" class=\"elementor-nav-menu--main elementor-nav-menu__container elementor-nav-menu--layout-horizontal e--pointer-none\">\n\t\t\t\t<ul id=\"menu-1-4f37315\" class=\"elementor-nav-menu\"><li class=\"menu-item menu-item-type-post_type menu-item-object-page menu-item-1848\"><a href=\"https:\/\/stoll-freres.ch\/pl\/actualites\/\" class=\"elementor-item\">Aktualno\u015bci<\/a><\/li>\n<li class=\"menu-item menu-item-type-taxonomy menu-item-object-category menu-item-1773\"><a href=\"https:\/\/stoll-freres.ch\/pl\/category\/saveurs-qualite\/\" class=\"elementor-item\">Smaki i jako\u015b\u0107<\/a><\/li>\n<li class=\"menu-item menu-item-type-taxonomy menu-item-object-category menu-item-1770\"><a href=\"https:\/\/stoll-freres.ch\/pl\/category\/cultures-methodes\/\" class=\"elementor-item\">Kultury i metody<\/a><\/li>\n<li class=\"menu-item menu-item-type-taxonomy menu-item-object-category menu-item-1768\"><a href=\"https:\/\/stoll-freres.ch\/pl\/category\/achat-vente-logistique\/\" class=\"elementor-item\">Zakup-sprzeda\u017c i logistyka<\/a><\/li>\n<li class=\"menu-item menu-item-type-taxonomy menu-item-object-category menu-item-1771\"><a href=\"https:\/\/stoll-freres.ch\/pl\/category\/innovation-durabilite\/\" class=\"elementor-item\">Innowacje i zr\u00f3wnowa\u017cony rozw\u00f3j<\/a><\/li>\n<li class=\"menu-item menu-item-type-taxonomy menu-item-object-category menu-item-1772\"><a href=\"https:\/\/stoll-freres.ch\/pl\/category\/portraits\/\" class=\"elementor-item\">Portrety<\/a><\/li>\n<\/ul>\t\t\t<\/nav>\n\t\t\t\t\t<div class=\"elementor-menu-toggle\" role=\"button\" tabindex=\"0\" aria-label=\"Prze\u0142\u0105cznik menu\" aria-expanded=\"false\">\n\t\t\t<svg aria-hidden=\"true\" role=\"presentation\" class=\"elementor-menu-toggle__icon--open e-font-icon-svg e-eicon-menu-bar\" viewbox=\"0 0 1000 1000\" xmlns=\"http:\/\/www.w3.org\/2000\/svg\"><path d=\"M104 333H896C929 333 958 304 958 271S929 208 896 208H104C71 208 42 237 42 271S71 333 104 333ZM104 583H896C929 583 958 554 958 521S929 458 896 458H104C71 458 42 487 42 521S71 583 104 583ZM104 833H896C929 833 958 804 958 771S929 708 896 708H104C71 708 42 737 42 771S71 833 104 833Z\"><\/path><\/svg><svg aria-hidden=\"true\" role=\"presentation\" class=\"elementor-menu-toggle__icon--close e-font-icon-svg e-eicon-close\" viewbox=\"0 0 1000 1000\" xmlns=\"http:\/\/www.w3.org\/2000\/svg\"><path d=\"M742 167L500 408 258 167C246 154 233 150 217 150 196 150 179 158 167 167 154 179 150 196 150 212 150 229 154 242 171 254L408 500 167 742C138 771 138 800 167 829 196 858 225 858 254 829L496 587 738 829C750 842 767 846 783 846 800 846 817 842 829 829 842 817 846 804 846 783 846 767 842 750 829 737L588 500 833 258C863 229 863 200 833 171 804 137 775 137 742 167Z\"><\/path><\/svg>\t\t<\/div>\n\t\t\t\t\t<nav class=\"elementor-nav-menu--dropdown elementor-nav-menu__container\" aria-hidden=\"true\">\n\t\t\t\t<ul id=\"menu-2-4f37315\" class=\"elementor-nav-menu\"><li class=\"menu-item menu-item-type-post_type menu-item-object-page menu-item-1848\"><a href=\"https:\/\/stoll-freres.ch\/pl\/actualites\/\" class=\"elementor-item\" tabindex=\"-1\">Aktualno\u015bci<\/a><\/li>\n<li class=\"menu-item menu-item-type-taxonomy menu-item-object-category menu-item-1773\"><a href=\"https:\/\/stoll-freres.ch\/pl\/category\/saveurs-qualite\/\" class=\"elementor-item\" tabindex=\"-1\">Smaki i jako\u015b\u0107<\/a><\/li>\n<li class=\"menu-item menu-item-type-taxonomy menu-item-object-category menu-item-1770\"><a href=\"https:\/\/stoll-freres.ch\/pl\/category\/cultures-methodes\/\" class=\"elementor-item\" tabindex=\"-1\">Kultury i metody<\/a><\/li>\n<li class=\"menu-item menu-item-type-taxonomy menu-item-object-category menu-item-1768\"><a href=\"https:\/\/stoll-freres.ch\/pl\/category\/achat-vente-logistique\/\" class=\"elementor-item\" tabindex=\"-1\">Zakup-sprzeda\u017c i logistyka<\/a><\/li>\n<li class=\"menu-item menu-item-type-taxonomy menu-item-object-category menu-item-1771\"><a href=\"https:\/\/stoll-freres.ch\/pl\/category\/innovation-durabilite\/\" class=\"elementor-item\" tabindex=\"-1\">Innowacje i zr\u00f3wnowa\u017cony rozw\u00f3j<\/a><\/li>\n<li class=\"menu-item menu-item-type-taxonomy menu-item-object-category menu-item-1772\"><a href=\"https:\/\/stoll-freres.ch\/pl\/category\/portraits\/\" class=\"elementor-item\" tabindex=\"-1\">Portrety<\/a><\/li>\n<\/ul>\t\t\t<\/nav>\n\t\t\t\t\t\t<\/div>\n\t\t\t\t<\/div>\n\t\t\t\t<div class=\"elementor-element elementor-element-643a3cd elementor-widget elementor-widget-spacer\" data-id=\"643a3cd\" data-element_type=\"widget\" data-e-type=\"widget\" data-widget_type=\"spacer.default\">\n\t\t\t\t<div class=\"elementor-widget-container\">\n\t\t\t\t\t\t\t<div class=\"elementor-spacer\">\n\t\t\t<div class=\"elementor-spacer-inner\"><\/div>\n\t\t<\/div>\n\t\t\t\t\t\t<\/div>\n\t\t\t\t<\/div>\n\t\t\t\t<div class=\"elementor-element elementor-element-1ef726c elementor-grid-1 elementor-posts--thumbnail-left elementor-grid-tablet-2 elementor-grid-mobile-1 elementor-widget elementor-widget-posts\" data-id=\"1ef726c\" data-element_type=\"widget\" data-e-type=\"widget\" data-settings=\"{&quot;classic_columns&quot;:&quot;1&quot;,&quot;pagination_type&quot;:&quot;load_more_infinite_scroll&quot;,&quot;classic_row_gap&quot;:{&quot;unit&quot;:&quot;px&quot;,&quot;size&quot;:50,&quot;sizes&quot;:[]},&quot;classic_columns_tablet&quot;:&quot;2&quot;,&quot;classic_columns_mobile&quot;:&quot;1&quot;,&quot;classic_row_gap_tablet_extra&quot;:{&quot;unit&quot;:&quot;px&quot;,&quot;size&quot;:&quot;&quot;,&quot;sizes&quot;:[]},&quot;classic_row_gap_tablet&quot;:{&quot;unit&quot;:&quot;px&quot;,&quot;size&quot;:&quot;&quot;,&quot;sizes&quot;:[]},&quot;classic_row_gap_mobile&quot;:{&quot;unit&quot;:&quot;px&quot;,&quot;size&quot;:&quot;&quot;,&quot;sizes&quot;:[]},&quot;load_more_spinner&quot;:{&quot;value&quot;:&quot;fas fa-spinner&quot;,&quot;library&quot;:&quot;fa-solid&quot;}}\" data-widget_type=\"posts.classic\">\n\t\t\t\t<div class=\"elementor-widget-container\">\n\t\t\t\t\t\t\t<div class=\"elementor-posts-container elementor-posts elementor-posts--skin-classic elementor-grid\" role=\"list\">\n\t\t\t\t<article class=\"elementor-post elementor-grid-item post-2746 post type-post status-publish format-standard has-post-thumbnail hentry category-cultures-methodes category-portraits\" role=\"listitem\">\n\t\t\t\t<a class=\"elementor-post__thumbnail__link\" href=\"https:\/\/stoll-freres.ch\/pl\/monia-charfeddine-la-science-de-lirrigation-au-service-des-cultures\/\" tabindex=\"-1\" >\n\t\t\t<div class=\"elementor-post__thumbnail\"><img decoding=\"async\" width=\"1600\" height=\"1076\" src=\"https:\/\/stoll-freres.ch\/wp-content\/uploads\/2026\/07\/\u00a9-synergies-creatives-Laurent-Bailly-14.jpg\" class=\"attachment-full size-full wp-image-2748\" alt=\"\" srcset=\"https:\/\/stoll-freres.ch\/wp-content\/uploads\/2026\/07\/\u00a9-synergies-creatives-Laurent-Bailly-14.jpg 1600w, https:\/\/stoll-freres.ch\/wp-content\/uploads\/2026\/07\/\u00a9-synergies-creatives-Laurent-Bailly-14-300x202.jpg 300w, https:\/\/stoll-freres.ch\/wp-content\/uploads\/2026\/07\/\u00a9-synergies-creatives-Laurent-Bailly-14-1024x689.jpg 1024w, https:\/\/stoll-freres.ch\/wp-content\/uploads\/2026\/07\/\u00a9-synergies-creatives-Laurent-Bailly-14-768x516.jpg 768w, https:\/\/stoll-freres.ch\/wp-content\/uploads\/2026\/07\/\u00a9-synergies-creatives-Laurent-Bailly-14-1536x1033.jpg 1536w, https:\/\/stoll-freres.ch\/wp-content\/uploads\/2026\/07\/\u00a9-synergies-creatives-Laurent-Bailly-14-18x12.jpg 18w\" sizes=\"(max-width: 1600px) 100vw, 1600px\" \/><\/div>\n\t\t<\/a>\n\t\t\t\t<div class=\"elementor-post__text\">\n\t\t\t\t<h2 class=\"elementor-post__title\">\n\t\t\t<a href=\"https:\/\/stoll-freres.ch\/pl\/monia-charfeddine-la-science-de-lirrigation-au-service-des-cultures\/\" >\n\t\t\t\tMonia Charfeddine: nauka nawadniania w s\u0142u\u017cbie upraw\t\t\t<\/a>\n\t\t<\/h2>\n\t\t\t\t<div class=\"elementor-post__meta-data\">\n\t\t\t\t\t<span class=\"elementor-post-date\">\n\t\t\t22\/07\/2026\t\t<\/span>\n\t\t\t\t<\/div>\n\t\t\t\t<div class=\"elementor-post__excerpt\">\n\t\t\t<p>Chocia\u017c woda pozostaje kluczowym elementem w uprawie warzyw, silne fale upa\u0142\u00f3w, kt\u00f3re nawiedzi\u0142y Szwajcari\u0119 mi\u0119dzy po\u0142ow\u0105 czerwca a po\u0142ow\u0105 lipca 2026 roku, sprawi\u0142y, \u017ce jej zarz\u0105dzanie sta\u0142o si\u0119 jeszcze wa\u017cniejsze. To okazja do podkre\u015blenia pracy Monii Charfeddine, in\u017cyniera rolnictwa odpowiedzialnego za nawadnianie w Stoll Fr\u00e8res.<\/p>\n\t\t<\/div>\n\t\t\n\t\t<a class=\"elementor-post__read-more\" href=\"https:\/\/stoll-freres.ch\/pl\/monia-charfeddine-la-science-de-lirrigation-au-service-des-cultures\/\" aria-label=\"Przeczytaj wi\u0119cej o Monii Charfeddine: nauka nawadniania w s\u0142u\u017cbie upraw\" tabindex=\"-1\" >\n\t\t\tZobacz wi\u0119cej\t\t<\/a>\n\n\t\t\t\t<\/div>\n\t\t\t\t<\/article>\n\t\t\t\t<article class=\"elementor-post elementor-grid-item post-2734 post type-post status-publish format-standard has-post-thumbnail hentry category-cultures-methodes\" role=\"listitem\">\n\t\t\t\t<a class=\"elementor-post__thumbnail__link\" href=\"https:\/\/stoll-freres.ch\/pl\/la-courgette-en-plein-champ-la-culture-exigeante-dun-legume-tres-apprecie\/\" tabindex=\"-1\" >\n\t\t\t<div class=\"elementor-post__thumbnail\"><img decoding=\"async\" width=\"1600\" height=\"1076\" src=\"https:\/\/stoll-freres.ch\/wp-content\/uploads\/2026\/06\/\u00a9-synergies-creatives-Laurent-Bailly-15.jpg\" class=\"attachment-full size-full wp-image-2754\" alt=\"\" srcset=\"https:\/\/stoll-freres.ch\/wp-content\/uploads\/2026\/06\/\u00a9-synergies-creatives-Laurent-Bailly-15.jpg 1600w, https:\/\/stoll-freres.ch\/wp-content\/uploads\/2026\/06\/\u00a9-synergies-creatives-Laurent-Bailly-15-300x202.jpg 300w, https:\/\/stoll-freres.ch\/wp-content\/uploads\/2026\/06\/\u00a9-synergies-creatives-Laurent-Bailly-15-1024x689.jpg 1024w, https:\/\/stoll-freres.ch\/wp-content\/uploads\/2026\/06\/\u00a9-synergies-creatives-Laurent-Bailly-15-768x516.jpg 768w, https:\/\/stoll-freres.ch\/wp-content\/uploads\/2026\/06\/\u00a9-synergies-creatives-Laurent-Bailly-15-1536x1033.jpg 1536w, https:\/\/stoll-freres.ch\/wp-content\/uploads\/2026\/06\/\u00a9-synergies-creatives-Laurent-Bailly-15-18x12.jpg 18w\" sizes=\"(max-width: 1600px) 100vw, 1600px\" \/><\/div>\n\t\t<\/a>\n\t\t\t\t<div class=\"elementor-post__text\">\n\t\t\t\t<h2 class=\"elementor-post__title\">\n\t\t\t<a href=\"https:\/\/stoll-freres.ch\/pl\/la-courgette-en-plein-champ-la-culture-exigeante-dun-legume-tres-apprecie\/\" >\n\t\t\t\tCukinia uprawiana na otwartym polu: wymagaj\u0105ca uprawa uwielbianego warzywa\t\t\t<\/a>\n\t\t<\/h2>\n\t\t\t\t<div class=\"elementor-post__meta-data\">\n\t\t\t\t\t<span class=\"elementor-post-date\">\n\t\t\t11\/06\/2026\t\t<\/span>\n\t\t\t\t<\/div>\n\t\t\t\t<div class=\"elementor-post__excerpt\">\n\t\t\t<p>Cukinia, b\u0119d\u0105ca podstaw\u0105 letnich przepis\u00f3w i posi\u0142k\u00f3w fitness, wymaga skrupulatnej uwagi. Christophe Stoll, dyrektor ds. upraw polowych, opisuje organizacj\u0119, w kt\u00f3rej technologia s\u0142u\u017cy przede wszystkim usprawnieniu pracy zespo\u0142\u00f3w i spe\u0142nieniu wysokich oczekiwa\u0144 klient\u00f3w.<\/p>\n\t\t<\/div>\n\t\t\n\t\t<a class=\"elementor-post__read-more\" href=\"https:\/\/stoll-freres.ch\/pl\/la-courgette-en-plein-champ-la-culture-exigeante-dun-legume-tres-apprecie\/\" aria-label=\"Dowiedz si\u0119 wi\u0119cej o uprawie cukinii na otwartym polu: wymagaj\u0105cej uprawie uwielbianego warzywa\" tabindex=\"-1\" >\n\t\t\tZobacz wi\u0119cej\t\t<\/a>\n\n\t\t\t\t<\/div>\n\t\t\t\t<\/article>\n\t\t\t\t<article class=\"elementor-post elementor-grid-item post-2687 post type-post status-publish format-standard has-post-thumbnail hentry category-portraits\" role=\"listitem\">\n\t\t\t\t<a class=\"elementor-post__thumbnail__link\" href=\"https:\/\/stoll-freres.ch\/pl\/la-saison-avance-et-les-renforts-viennent-grossir-les-rangs-pour-tenir-le-rythme\/\" tabindex=\"-1\" >\n\t\t\t<div class=\"elementor-post__thumbnail\"><img loading=\"lazy\" decoding=\"async\" width=\"1600\" height=\"1076\" src=\"https:\/\/stoll-freres.ch\/wp-content\/uploads\/2026\/05\/\u00a9-synergies-creatives-Laurent-Bailly-10.jpg\" class=\"attachment-full size-full wp-image-2689\" alt=\"\" srcset=\"https:\/\/stoll-freres.ch\/wp-content\/uploads\/2026\/05\/\u00a9-synergies-creatives-Laurent-Bailly-10.jpg 1600w, https:\/\/stoll-freres.ch\/wp-content\/uploads\/2026\/05\/\u00a9-synergies-creatives-Laurent-Bailly-10-300x202.jpg 300w, https:\/\/stoll-freres.ch\/wp-content\/uploads\/2026\/05\/\u00a9-synergies-creatives-Laurent-Bailly-10-1024x689.jpg 1024w, https:\/\/stoll-freres.ch\/wp-content\/uploads\/2026\/05\/\u00a9-synergies-creatives-Laurent-Bailly-10-768x516.jpg 768w, https:\/\/stoll-freres.ch\/wp-content\/uploads\/2026\/05\/\u00a9-synergies-creatives-Laurent-Bailly-10-1536x1033.jpg 1536w, https:\/\/stoll-freres.ch\/wp-content\/uploads\/2026\/05\/\u00a9-synergies-creatives-Laurent-Bailly-10-18x12.jpg 18w\" sizes=\"(max-width: 1600px) 100vw, 1600px\" \/><\/div>\n\t\t<\/a>\n\t\t\t\t<div class=\"elementor-post__text\">\n\t\t\t\t<h2 class=\"elementor-post__title\">\n\t\t\t<a href=\"https:\/\/stoll-freres.ch\/pl\/la-saison-avance-et-les-renforts-viennent-grossir-les-rangs-pour-tenir-le-rythme\/\" >\n\t\t\t\tSezon post\u0119puje, a do szereg\u00f3w do\u0142\u0105czaj\u0105 posi\u0142ki, aby utrzyma\u0107 tempo\t\t\t<\/a>\n\t\t<\/h2>\n\t\t\t\t<div class=\"elementor-post__meta-data\">\n\t\t\t\t\t<span class=\"elementor-post-date\">\n\t\t\t12\/05\/2026\t\t<\/span>\n\t\t\t\t<\/div>\n\t\t\t\t<div class=\"elementor-post__excerpt\">\n\t\t\t<p>Na 15 hektarach szklarni, 160 hektarach otwartych p\u00f3l, w dzia\u0142ach logistyki i sprzeda\u017cy, dzia\u0142alno\u015b\u0107 wznawiana jest na pocz\u0105tku ka\u017cdego roku i z ka\u017cdym miesi\u0105cem nabiera tempa. Aby sprosta\u0107 temu wyzwaniu, w ci\u0105gu sezonu do\u0142\u0105czaj\u0105 do nas nowe talenty, co jest efektem intensywnych dzia\u0142a\u0144 rekrutacyjnych i zarz\u0105dzania zasobami ludzkimi.<\/p>\n\t\t<\/div>\n\t\t\n\t\t<a class=\"elementor-post__read-more\" href=\"https:\/\/stoll-freres.ch\/pl\/la-saison-avance-et-les-renforts-viennent-grossir-les-rangs-pour-tenir-le-rythme\/\" aria-label=\"Przeczytaj wi\u0119cej o post\u0119pach sezonu i wzmocnieniach, kt\u00f3re maj\u0105 dotrzyma\u0107 tempa.\" tabindex=\"-1\" >\n\t\t\tZobacz wi\u0119cej\t\t<\/a>\n\n\t\t\t\t<\/div>\n\t\t\t\t<\/article>\n\t\t\t\t<article class=\"elementor-post elementor-grid-item post-2646 post type-post status-publish format-standard has-post-thumbnail hentry category-cultures-methodes category-innovation-durabilite\" role=\"listitem\">\n\t\t\t\t<a class=\"elementor-post__thumbnail__link\" href=\"https:\/\/stoll-freres.ch\/pl\/de-la-plantation-a-la-recolte-lart-des-previsions\/\" tabindex=\"-1\" >\n\t\t\t<div class=\"elementor-post__thumbnail\"><img loading=\"lazy\" decoding=\"async\" width=\"1600\" height=\"955\" src=\"https:\/\/stoll-freres.ch\/wp-content\/uploads\/2026\/03\/\u00a9-synergies-creatives-Laurent-Bailly-9.jpg\" class=\"attachment-full size-full wp-image-2647\" alt=\"\" srcset=\"https:\/\/stoll-freres.ch\/wp-content\/uploads\/2026\/03\/\u00a9-synergies-creatives-Laurent-Bailly-9.jpg 1600w, https:\/\/stoll-freres.ch\/wp-content\/uploads\/2026\/03\/\u00a9-synergies-creatives-Laurent-Bailly-9-300x179.jpg 300w, https:\/\/stoll-freres.ch\/wp-content\/uploads\/2026\/03\/\u00a9-synergies-creatives-Laurent-Bailly-9-1024x611.jpg 1024w, https:\/\/stoll-freres.ch\/wp-content\/uploads\/2026\/03\/\u00a9-synergies-creatives-Laurent-Bailly-9-768x458.jpg 768w, https:\/\/stoll-freres.ch\/wp-content\/uploads\/2026\/03\/\u00a9-synergies-creatives-Laurent-Bailly-9-1536x917.jpg 1536w, https:\/\/stoll-freres.ch\/wp-content\/uploads\/2026\/03\/\u00a9-synergies-creatives-Laurent-Bailly-9-18x12.jpg 18w\" sizes=\"(max-width: 1600px) 100vw, 1600px\" \/><\/div>\n\t\t<\/a>\n\t\t\t\t<div class=\"elementor-post__text\">\n\t\t\t\t<h2 class=\"elementor-post__title\">\n\t\t\t<a href=\"https:\/\/stoll-freres.ch\/pl\/de-la-plantation-a-la-recolte-lart-des-previsions\/\" >\n\t\t\t\tOd sadzenia do zbior\u00f3w: sztuka prognozowania\t\t\t<\/a>\n\t\t<\/h2>\n\t\t\t\t<div class=\"elementor-post__meta-data\">\n\t\t\t\t\t<span class=\"elementor-post-date\">\n\t\t\t26\/03\/2026\t\t<\/span>\n\t\t\t\t<\/div>\n\t\t\t\t<div class=\"elementor-post__excerpt\">\n\t\t\t<p>W 15 hektarach szklarni Stoll Fr\u00e8res, produkcja pomidor\u00f3w i bak\u0142a\u017can\u00f3w nie jest przypadkowa. Rygorystyczny monitoring pozwala na planowanie zbior\u00f3w od momentu sadzenia i udoskonalanie prognoz przez ca\u0142y sezon. \u0141\u0105cz\u0105c wiedz\u0119 i do\u015bwiadczenie zespo\u0142\u00f3w ze sztuczn\u0105 inteligencj\u0105, dbamy o to, aby zapewni\u0107 sprawn\u0105 logistyk\u0119 i optymalny smak.<\/p>\n\t\t<\/div>\n\t\t\n\t\t<a class=\"elementor-post__read-more\" href=\"https:\/\/stoll-freres.ch\/pl\/de-la-plantation-a-la-recolte-lart-des-previsions\/\" aria-label=\"Przeczytaj wi\u0119cej o Od sadzenia do zbior\u00f3w: sztuka prognozowania\" tabindex=\"-1\" >\n\t\t\tZobacz wi\u0119cej\t\t<\/a>\n\n\t\t\t\t<\/div>\n\t\t\t\t<\/article>\n\t\t\t\t<article class=\"elementor-post elementor-grid-item post-2461 post type-post status-publish format-standard has-post-thumbnail hentry category-cultures-methodes\" role=\"listitem\">\n\t\t\t\t<a class=\"elementor-post__thumbnail__link\" href=\"https:\/\/stoll-freres.ch\/pl\/la-saison-maraichere-en-plein-champ-est-lancee\/\" tabindex=\"-1\" >\n\t\t\t<div class=\"elementor-post__thumbnail\"><img loading=\"lazy\" decoding=\"async\" width=\"1600\" height=\"1076\" src=\"https:\/\/stoll-freres.ch\/wp-content\/uploads\/2026\/03\/\u00a9-synergies-creatives-Laurent-Bailly-7.jpg\" class=\"attachment-full size-full wp-image-2463\" alt=\"\" srcset=\"https:\/\/stoll-freres.ch\/wp-content\/uploads\/2026\/03\/\u00a9-synergies-creatives-Laurent-Bailly-7.jpg 1600w, https:\/\/stoll-freres.ch\/wp-content\/uploads\/2026\/03\/\u00a9-synergies-creatives-Laurent-Bailly-7-300x202.jpg 300w, https:\/\/stoll-freres.ch\/wp-content\/uploads\/2026\/03\/\u00a9-synergies-creatives-Laurent-Bailly-7-1024x689.jpg 1024w, https:\/\/stoll-freres.ch\/wp-content\/uploads\/2026\/03\/\u00a9-synergies-creatives-Laurent-Bailly-7-768x516.jpg 768w, https:\/\/stoll-freres.ch\/wp-content\/uploads\/2026\/03\/\u00a9-synergies-creatives-Laurent-Bailly-7-1536x1033.jpg 1536w, https:\/\/stoll-freres.ch\/wp-content\/uploads\/2026\/03\/\u00a9-synergies-creatives-Laurent-Bailly-7-18x12.jpg 18w\" sizes=\"(max-width: 1600px) 100vw, 1600px\" \/><\/div>\n\t\t<\/a>\n\t\t\t\t<div class=\"elementor-post__text\">\n\t\t\t\t<h2 class=\"elementor-post__title\">\n\t\t\t<a href=\"https:\/\/stoll-freres.ch\/pl\/la-saison-maraichere-en-plein-champ-est-lancee\/\" >\n\t\t\t\tRozpocz\u0105\u0142 si\u0119 sezon uprawy warzyw na otwartym terenie.\t\t\t<\/a>\n\t\t<\/h2>\n\t\t\t\t<div class=\"elementor-post__meta-data\">\n\t\t\t\t\t<span class=\"elementor-post-date\">\n\t\t\t09\/03\/2026\t\t<\/span>\n\t\t\t\t<\/div>\n\t\t\t\t<div class=\"elementor-post__excerpt\">\n\t\t\t<p>Po dw\u00f3ch tygodniach ulewnych deszcz\u00f3w, kt\u00f3re op\u00f3\u017ani\u0142y prace w polu, traktory w ko\u0144cu mog\u0142y ruszy\u0107 do pracy. Nasze ekipy przygotowa\u0142y ziemi\u0119, kt\u00f3ra le\u017ca\u0142a od\u0142ogiem przez ca\u0142\u0105 zim\u0119, i zasia\u0142y pierwsze plony. To wa\u017cny krok, o kt\u00f3rym opowiedzieli nam dwaj kluczowi gracze w tym przedsi\u0119wzi\u0119ciu.<\/p>\n\t\t<\/div>\n\t\t\n\t\t<a class=\"elementor-post__read-more\" href=\"https:\/\/stoll-freres.ch\/pl\/la-saison-maraichere-en-plein-champ-est-lancee\/\" aria-label=\"Dowiedz si\u0119 wi\u0119cej o rozpocz\u0119ciu sezonu uprawy warzyw na otwartym polu\" tabindex=\"-1\" >\n\t\t\tZobacz wi\u0119cej\t\t<\/a>\n\n\t\t\t\t<\/div>\n\t\t\t\t<\/article>\n\t\t\t\t<article class=\"elementor-post elementor-grid-item post-2441 post type-post status-publish format-standard has-post-thumbnail hentry category-cultures-methodes category-portraits\" role=\"listitem\">\n\t\t\t\t<a class=\"elementor-post__thumbnail__link\" href=\"https:\/\/stoll-freres.ch\/pl\/des-legumes-pour-tout-lhiver\/\" tabindex=\"-1\" >\n\t\t\t<div class=\"elementor-post__thumbnail\"><img loading=\"lazy\" decoding=\"async\" width=\"1600\" height=\"955\" src=\"https:\/\/stoll-freres.ch\/wp-content\/uploads\/2026\/02\/\u00a9-synergies-creatives-Laurent-Bailly-8.jpg\" class=\"attachment-full size-full wp-image-2460\" alt=\"\" srcset=\"https:\/\/stoll-freres.ch\/wp-content\/uploads\/2026\/02\/\u00a9-synergies-creatives-Laurent-Bailly-8.jpg 1600w, https:\/\/stoll-freres.ch\/wp-content\/uploads\/2026\/02\/\u00a9-synergies-creatives-Laurent-Bailly-8-300x179.jpg 300w, https:\/\/stoll-freres.ch\/wp-content\/uploads\/2026\/02\/\u00a9-synergies-creatives-Laurent-Bailly-8-1024x611.jpg 1024w, https:\/\/stoll-freres.ch\/wp-content\/uploads\/2026\/02\/\u00a9-synergies-creatives-Laurent-Bailly-8-768x458.jpg 768w, https:\/\/stoll-freres.ch\/wp-content\/uploads\/2026\/02\/\u00a9-synergies-creatives-Laurent-Bailly-8-1536x917.jpg 1536w, https:\/\/stoll-freres.ch\/wp-content\/uploads\/2026\/02\/\u00a9-synergies-creatives-Laurent-Bailly-8-18x12.jpg 18w\" sizes=\"(max-width: 1600px) 100vw, 1600px\" \/><\/div>\n\t\t<\/a>\n\t\t\t\t<div class=\"elementor-post__text\">\n\t\t\t\t<h2 class=\"elementor-post__title\">\n\t\t\t<a href=\"https:\/\/stoll-freres.ch\/pl\/des-legumes-pour-tout-lhiver\/\" >\n\t\t\t\tWarzywa na ca\u0142\u0105 zim\u0119\t\t\t<\/a>\n\t\t<\/h2>\n\t\t\t\t<div class=\"elementor-post__meta-data\">\n\t\t\t\t\t<span class=\"elementor-post-date\">\n\t\t\t16\/02\/2026\t\t<\/span>\n\t\t\t\t<\/div>\n\t\t\t\t<div class=\"elementor-post__excerpt\">\n\t\t\t<p>Dost\u0119pno\u015b\u0107 lokalnych warzyw w ch\u0142odniejszych miesi\u0105cach w du\u017cej mierze zale\u017cy od przechowywania produkt\u00f3w zebranych jesieni\u0105. Artur Da Cruz, kierownik ds. zapas\u00f3w i zast\u0119pca kierownika magazynu, wyja\u015bnia, jak wygl\u0105da organizacja tego procesu magazynowania na przestrzeni kilku miesi\u0119cy.<\/p>\n\t\t<\/div>\n\t\t\n\t\t<a class=\"elementor-post__read-more\" href=\"https:\/\/stoll-freres.ch\/pl\/des-legumes-pour-tout-lhiver\/\" aria-label=\"Przeczytaj wi\u0119cej o Warzywach na ca\u0142\u0105 zim\u0119\" tabindex=\"-1\" >\n\t\t\tZobacz wi\u0119cej\t\t<\/a>\n\n\t\t\t\t<\/div>\n\t\t\t\t<\/article>\n\t\t\t\t<article class=\"elementor-post elementor-grid-item post-2386 post type-post status-publish format-standard has-post-thumbnail hentry category-portraits\" role=\"listitem\">\n\t\t\t\t<a class=\"elementor-post__thumbnail__link\" href=\"https:\/\/stoll-freres.ch\/pl\/rencontre-avec-marlene-ferreira-responsable-de-la-gestion-des-serres\/\" tabindex=\"-1\" >\n\t\t\t<div class=\"elementor-post__thumbnail\"><img loading=\"lazy\" decoding=\"async\" width=\"1600\" height=\"1076\" src=\"https:\/\/stoll-freres.ch\/wp-content\/uploads\/2025\/11\/\u00a9-synergies-creatives-Laurent-Bailly-6.jpg\" class=\"attachment-full size-full wp-image-2387\" alt=\"\" srcset=\"https:\/\/stoll-freres.ch\/wp-content\/uploads\/2025\/11\/\u00a9-synergies-creatives-Laurent-Bailly-6.jpg 1600w, https:\/\/stoll-freres.ch\/wp-content\/uploads\/2025\/11\/\u00a9-synergies-creatives-Laurent-Bailly-6-300x202.jpg 300w, https:\/\/stoll-freres.ch\/wp-content\/uploads\/2025\/11\/\u00a9-synergies-creatives-Laurent-Bailly-6-1024x689.jpg 1024w, https:\/\/stoll-freres.ch\/wp-content\/uploads\/2025\/11\/\u00a9-synergies-creatives-Laurent-Bailly-6-768x516.jpg 768w, https:\/\/stoll-freres.ch\/wp-content\/uploads\/2025\/11\/\u00a9-synergies-creatives-Laurent-Bailly-6-1536x1033.jpg 1536w, https:\/\/stoll-freres.ch\/wp-content\/uploads\/2025\/11\/\u00a9-synergies-creatives-Laurent-Bailly-6-18x12.jpg 18w\" sizes=\"(max-width: 1600px) 100vw, 1600px\" \/><\/div>\n\t\t<\/a>\n\t\t\t\t<div class=\"elementor-post__text\">\n\t\t\t\t<h2 class=\"elementor-post__title\">\n\t\t\t<a href=\"https:\/\/stoll-freres.ch\/pl\/rencontre-avec-marlene-ferreira-responsable-de-la-gestion-des-serres\/\" >\n\t\t\t\tWywiad z Marlene Ferreir\u0105, szefow\u0105 dzia\u0142u zarz\u0105dzania szklarniami\t\t\t<\/a>\n\t\t<\/h2>\n\t\t\t\t<div class=\"elementor-post__meta-data\">\n\t\t\t\t\t<span class=\"elementor-post-date\">\n\t\t\t06\/11\/2025\t\t<\/span>\n\t\t\t\t<\/div>\n\t\t\t\t<div class=\"elementor-post__excerpt\">\n\t\t\t<p>Przez ca\u0142y rok zapraszamy do poznania kobiet i m\u0119\u017cczyzn, kt\u00f3rzy po\u015bwi\u0119caj\u0105 swoj\u0105 energi\u0119 i wiedz\u0119 naszemu gospodarstwu. Dzi\u015b poznajemy Marlene Ferreir\u0119.<\/p>\n\t\t<\/div>\n\t\t\n\t\t<a class=\"elementor-post__read-more\" href=\"https:\/\/stoll-freres.ch\/pl\/rencontre-avec-marlene-ferreira-responsable-de-la-gestion-des-serres\/\" aria-label=\"Przeczytaj wi\u0119cej o wywiadzie z Marlene Ferreir\u0105, szefow\u0105 dzia\u0142u zarz\u0105dzania szklarniami\" tabindex=\"-1\" >\n\t\t\tZobacz wi\u0119cej\t\t<\/a>\n\n\t\t\t\t<\/div>\n\t\t\t\t<\/article>\n\t\t\t\t<article class=\"elementor-post elementor-grid-item post-2355 post type-post status-publish format-standard has-post-thumbnail hentry category-cultures-methodes category-saveurs-qualite\" role=\"listitem\">\n\t\t\t\t<a class=\"elementor-post__thumbnail__link\" href=\"https:\/\/stoll-freres.ch\/pl\/le-mini-concombre-le-snack-qui-gagne-du-terrain\/\" tabindex=\"-1\" >\n\t\t\t<div class=\"elementor-post__thumbnail\"><img loading=\"lazy\" decoding=\"async\" width=\"1600\" height=\"1076\" src=\"https:\/\/stoll-freres.ch\/wp-content\/uploads\/2025\/09\/Miniconcombre.jpg\" class=\"attachment-full size-full wp-image-2361\" alt=\"\" srcset=\"https:\/\/stoll-freres.ch\/wp-content\/uploads\/2025\/09\/Miniconcombre.jpg 1600w, https:\/\/stoll-freres.ch\/wp-content\/uploads\/2025\/09\/Miniconcombre-300x202.jpg 300w, https:\/\/stoll-freres.ch\/wp-content\/uploads\/2025\/09\/Miniconcombre-1024x689.jpg 1024w, https:\/\/stoll-freres.ch\/wp-content\/uploads\/2025\/09\/Miniconcombre-768x516.jpg 768w, https:\/\/stoll-freres.ch\/wp-content\/uploads\/2025\/09\/Miniconcombre-1536x1033.jpg 1536w, https:\/\/stoll-freres.ch\/wp-content\/uploads\/2025\/09\/Miniconcombre-18x12.jpg 18w\" sizes=\"(max-width: 1600px) 100vw, 1600px\" \/><\/div>\n\t\t<\/a>\n\t\t\t\t<div class=\"elementor-post__text\">\n\t\t\t\t<h2 class=\"elementor-post__title\">\n\t\t\t<a href=\"https:\/\/stoll-freres.ch\/pl\/le-mini-concombre-le-snack-qui-gagne-du-terrain\/\" >\n\t\t\t\tMini og\u00f3rek \u2013 przek\u0105ska, kt\u00f3ra zyskuje coraz wi\u0119ksz\u0105 popularno\u015b\u0107\t\t\t<\/a>\n\t\t<\/h2>\n\t\t\t\t<div class=\"elementor-post__meta-data\">\n\t\t\t\t\t<span class=\"elementor-post-date\">\n\t\t\t18\/09\/2025\t\t<\/span>\n\t\t\t\t<\/div>\n\t\t\t\t<div class=\"elementor-post__excerpt\">\n\t\t\t<p>W ramach Tygodnia Smaku zapraszamy za kulisy, aby odkry\u0107, co sprawia, \u017ce jeden z naszych nowych produkt\u00f3w jest tak pyszny: mini og\u00f3rek. Za t\u0105 pyszn\u0105 i \u0142atw\u0105 w jedzeniu przek\u0105sk\u0105 kryje si\u0119 skrupulatna selekcja, uprawa i zbiory, gdzie ka\u017cdy szczeg\u00f3\u0142 ma znaczenie, aby zapewni\u0107 autentyczny smak.<\/p>\n\t\t<\/div>\n\t\t\n\t\t<a class=\"elementor-post__read-more\" href=\"https:\/\/stoll-freres.ch\/pl\/le-mini-concombre-le-snack-qui-gagne-du-terrain\/\" aria-label=\"Przeczytaj wi\u0119cej o mini og\u00f3rkach, przek\u0105skach, kt\u00f3re zyskuj\u0105 coraz wi\u0119ksz\u0105 popularno\u015b\u0107\" tabindex=\"-1\" >\n\t\t\tZobacz wi\u0119cej\t\t<\/a>\n\n\t\t\t\t<\/div>\n\t\t\t\t<\/article>\n\t\t\t\t<article class=\"elementor-post elementor-grid-item post-2332 post type-post status-publish format-standard has-post-thumbnail hentry category-innovation-durabilite\" role=\"listitem\">\n\t\t\t\t<a class=\"elementor-post__thumbnail__link\" href=\"https:\/\/stoll-freres.ch\/pl\/un-champ-transforme-en-halte-migratoire-pour-des-milliers-doiseaux\/\" tabindex=\"-1\" >\n\t\t\t<div class=\"elementor-post__thumbnail\"><img loading=\"lazy\" decoding=\"async\" width=\"1600\" height=\"1076\" src=\"https:\/\/stoll-freres.ch\/wp-content\/uploads\/2025\/08\/Limicoles.jpg\" class=\"attachment-full size-full wp-image-2334\" alt=\"\" srcset=\"https:\/\/stoll-freres.ch\/wp-content\/uploads\/2025\/08\/Limicoles.jpg 1600w, https:\/\/stoll-freres.ch\/wp-content\/uploads\/2025\/08\/Limicoles-300x202.jpg 300w, https:\/\/stoll-freres.ch\/wp-content\/uploads\/2025\/08\/Limicoles-1024x689.jpg 1024w, https:\/\/stoll-freres.ch\/wp-content\/uploads\/2025\/08\/Limicoles-768x516.jpg 768w, https:\/\/stoll-freres.ch\/wp-content\/uploads\/2025\/08\/Limicoles-1536x1033.jpg 1536w, https:\/\/stoll-freres.ch\/wp-content\/uploads\/2025\/08\/Limicoles-18x12.jpg 18w\" sizes=\"(max-width: 1600px) 100vw, 1600px\" \/><\/div>\n\t\t<\/a>\n\t\t\t\t<div class=\"elementor-post__text\">\n\t\t\t\t<h2 class=\"elementor-post__title\">\n\t\t\t<a href=\"https:\/\/stoll-freres.ch\/pl\/un-champ-transforme-en-halte-migratoire-pour-des-milliers-doiseaux\/\" >\n\t\t\t\tPole zmieni\u0142o si\u0119 w przystanek migracyjny dla tysi\u0119cy ptak\u00f3w\t\t\t<\/a>\n\t\t<\/h2>\n\t\t\t\t<div class=\"elementor-post__meta-data\">\n\t\t\t\t\t<span class=\"elementor-post-date\">\n\t\t\t13\/08\/2025\t\t<\/span>\n\t\t\t\t<\/div>\n\t\t\t\t<div class=\"elementor-post__excerpt\">\n\t\t\t<p>Pi\u0119\u0107 hektar\u00f3w naszych p\u00f3l jest obecnie zalewanych, aby zapewni\u0107 miejsce odpoczynku ptakom w\u0119drownym. Dobrowolne zalewanie rozpocz\u0119\u0142o si\u0119 1 sierpnia we wsp\u00f3\u0142pracy ze Stowarzyszeniem Escales Limicoles \u2013 Rolnictwo i potrwa do 30 pa\u017adziernika. Po\u0142o\u017cone w Yverdon-les-Bains, miejsce, b\u0119d\u0105ce przedmiotem umowy mi\u0119dzy stronami, go\u015bci obecnie liczne ptaki w\u0119drowne zmierzaj\u0105ce ze Skandynawii i Syberii do swoich zimowisk.<\/p>\n\t\t<\/div>\n\t\t\n\t\t<a class=\"elementor-post__read-more\" href=\"https:\/\/stoll-freres.ch\/pl\/un-champ-transforme-en-halte-migratoire-pour-des-milliers-doiseaux\/\" aria-label=\"Przeczytaj wi\u0119cej o Pole przekszta\u0142cone w przystanek migracyjny dla tysi\u0119cy ptak\u00f3w\" tabindex=\"-1\" >\n\t\t\tZobacz wi\u0119cej\t\t<\/a>\n\n\t\t\t\t<\/div>\n\t\t\t\t<\/article>\n\t\t\t\t<article class=\"elementor-post elementor-grid-item post-2243 post type-post status-publish format-standard has-post-thumbnail hentry category-cultures-methodes category-saveurs-qualite\" role=\"listitem\">\n\t\t\t\t<a class=\"elementor-post__thumbnail__link\" href=\"https:\/\/stoll-freres.ch\/pl\/la-qualite-des-legumes-se-joue-aussi-dans-les-infrastructures\/\" tabindex=\"-1\" >\n\t\t\t<div class=\"elementor-post__thumbnail\"><img loading=\"lazy\" decoding=\"async\" width=\"1600\" height=\"1076\" src=\"https:\/\/stoll-freres.ch\/wp-content\/uploads\/2025\/07\/culture.jpg\" class=\"attachment-full size-full wp-image-2249\" alt=\"\" srcset=\"https:\/\/stoll-freres.ch\/wp-content\/uploads\/2025\/07\/culture.jpg 1600w, https:\/\/stoll-freres.ch\/wp-content\/uploads\/2025\/07\/culture-300x202.jpg 300w, https:\/\/stoll-freres.ch\/wp-content\/uploads\/2025\/07\/culture-1024x689.jpg 1024w, https:\/\/stoll-freres.ch\/wp-content\/uploads\/2025\/07\/culture-768x516.jpg 768w, https:\/\/stoll-freres.ch\/wp-content\/uploads\/2025\/07\/culture-1536x1033.jpg 1536w, https:\/\/stoll-freres.ch\/wp-content\/uploads\/2025\/07\/culture-18x12.jpg 18w\" sizes=\"(max-width: 1600px) 100vw, 1600px\" \/><\/div>\n\t\t<\/a>\n\t\t\t\t<div class=\"elementor-post__text\">\n\t\t\t\t<h2 class=\"elementor-post__title\">\n\t\t\t<a href=\"https:\/\/stoll-freres.ch\/pl\/la-qualite-des-legumes-se-joue-aussi-dans-les-infrastructures\/\" >\n\t\t\t\tNa jako\u015b\u0107 warzyw wp\u0142ywa r\u00f3wnie\u017c infrastruktura\t\t\t<\/a>\n\t\t<\/h2>\n\t\t\t\t<div class=\"elementor-post__meta-data\">\n\t\t\t\t\t<span class=\"elementor-post-date\">\n\t\t\t03\/07\/2025\t\t<\/span>\n\t\t\t\t<\/div>\n\t\t\t\t<div class=\"elementor-post__excerpt\">\n\t\t\t<p>Wyb\u00f3r odmiany, nawadnianie, \u015bwiat\u0142o, sk\u0142adniki od\u017cywcze, czas zbior\u00f3w, przechowywanie... Te i wiele innych czynnik\u00f3w wp\u0142ywa na jako\u015b\u0107 i smak warzyw. W tle kluczowe jest utrzymanie infrastruktury: aby idealne warunki by\u0142y spe\u0142nione dzie\u0144 po dniu, wszystko musi dzia\u0142a\u0107.<\/p>\n\t\t<\/div>\n\t\t\n\t\t<a class=\"elementor-post__read-more\" href=\"https:\/\/stoll-freres.ch\/pl\/la-qualite-des-legumes-se-joue-aussi-dans-les-infrastructures\/\" aria-label=\"Dowiedz si\u0119 wi\u0119cej o tym, jak jako\u015b\u0107 warzyw zale\u017cy r\u00f3wnie\u017c od infrastruktury\" tabindex=\"-1\" >\n\t\t\tZobacz wi\u0119cej\t\t<\/a>\n\n\t\t\t\t<\/div>\n\t\t\t\t<\/article>\n\t\t\t\t<article class=\"elementor-post elementor-grid-item post-2226 post type-post status-publish format-standard has-post-thumbnail hentry category-achat-vente-logistique\" role=\"listitem\">\n\t\t\t\t<a class=\"elementor-post__thumbnail__link\" href=\"https:\/\/stoll-freres.ch\/pl\/dans-les-coulisses-de-nos-livraisons-7j-7\/\" tabindex=\"-1\" >\n\t\t\t<div class=\"elementor-post__thumbnail\"><img loading=\"lazy\" decoding=\"async\" width=\"1600\" height=\"1076\" src=\"https:\/\/stoll-freres.ch\/wp-content\/uploads\/2025\/05\/Logistique.jpg\" class=\"attachment-full size-full wp-image-2227\" alt=\"\" srcset=\"https:\/\/stoll-freres.ch\/wp-content\/uploads\/2025\/05\/Logistique.jpg 1600w, https:\/\/stoll-freres.ch\/wp-content\/uploads\/2025\/05\/Logistique-300x202.jpg 300w, https:\/\/stoll-freres.ch\/wp-content\/uploads\/2025\/05\/Logistique-1024x689.jpg 1024w, https:\/\/stoll-freres.ch\/wp-content\/uploads\/2025\/05\/Logistique-768x516.jpg 768w, https:\/\/stoll-freres.ch\/wp-content\/uploads\/2025\/05\/Logistique-1536x1033.jpg 1536w, https:\/\/stoll-freres.ch\/wp-content\/uploads\/2025\/05\/Logistique-18x12.jpg 18w\" sizes=\"(max-width: 1600px) 100vw, 1600px\" \/><\/div>\n\t\t<\/a>\n\t\t\t\t<div class=\"elementor-post__text\">\n\t\t\t\t<h2 class=\"elementor-post__title\">\n\t\t\t<a href=\"https:\/\/stoll-freres.ch\/pl\/dans-les-coulisses-de-nos-livraisons-7j-7\/\" >\n\t\t\t\tZa kulisami naszych dostaw 7\/7\t\t\t<\/a>\n\t\t<\/h2>\n\t\t\t\t<div class=\"elementor-post__meta-data\">\n\t\t\t\t\t<span class=\"elementor-post-date\">\n\t\t\t27\/05\/2025\t\t<\/span>\n\t\t\t\t<\/div>\n\t\t\t\t<div class=\"elementor-post__excerpt\">\n\t\t\t<p>Aby mie\u0107 pewno\u015b\u0107, \u017ce na p\u00f3\u0142kach naszych klient\u00f3w zawsze znajd\u0105 si\u0119 \u015bwie\u017ce owoce i warzywa, wdro\u017cyli\u015bmy rozwi\u0105zania logistyczne, kt\u00f3re obejmuj\u0105 ca\u0142\u0105 struktur\u0119 firmy. Jak? Manuel Matos i Armando Ribeiro zapraszaj\u0105 do odwiedzenia ich bazy w Yverdon-les-Bains i odwiedzenia dr\u00f3g Szwajcarii.<\/p>\n\t\t<\/div>\n\t\t\n\t\t<a class=\"elementor-post__read-more\" href=\"https:\/\/stoll-freres.ch\/pl\/dans-les-coulisses-de-nos-livraisons-7j-7\/\" aria-label=\"Dowiedz si\u0119 wi\u0119cej o kulisach naszych dostaw 7\/7\" tabindex=\"-1\" >\n\t\t\tZobacz wi\u0119cej\t\t<\/a>\n\n\t\t\t\t<\/div>\n\t\t\t\t<\/article>\n\t\t\t\t<article class=\"elementor-post elementor-grid-item post-2142 post type-post status-publish format-standard has-post-thumbnail hentry category-cultures-methodes category-saveurs-qualite\" role=\"listitem\">\n\t\t\t\t<a class=\"elementor-post__thumbnail__link\" href=\"https:\/\/stoll-freres.ch\/pl\/des-tomates-locales-et-savoureuses-des-le-printemps\/\" tabindex=\"-1\" >\n\t\t\t<div class=\"elementor-post__thumbnail\"><img loading=\"lazy\" decoding=\"async\" width=\"1600\" height=\"1076\" src=\"https:\/\/stoll-freres.ch\/wp-content\/uploads\/2025\/04\/Saison-des-tomates.jpg\" class=\"attachment-full size-full wp-image-2143\" alt=\"\" srcset=\"https:\/\/stoll-freres.ch\/wp-content\/uploads\/2025\/04\/Saison-des-tomates.jpg 1600w, https:\/\/stoll-freres.ch\/wp-content\/uploads\/2025\/04\/Saison-des-tomates-300x202.jpg 300w, https:\/\/stoll-freres.ch\/wp-content\/uploads\/2025\/04\/Saison-des-tomates-1024x689.jpg 1024w, https:\/\/stoll-freres.ch\/wp-content\/uploads\/2025\/04\/Saison-des-tomates-768x516.jpg 768w, https:\/\/stoll-freres.ch\/wp-content\/uploads\/2025\/04\/Saison-des-tomates-1536x1033.jpg 1536w, https:\/\/stoll-freres.ch\/wp-content\/uploads\/2025\/04\/Saison-des-tomates-18x12.jpg 18w\" sizes=\"(max-width: 1600px) 100vw, 1600px\" \/><\/div>\n\t\t<\/a>\n\t\t\t\t<div class=\"elementor-post__text\">\n\t\t\t\t<h2 class=\"elementor-post__title\">\n\t\t\t<a href=\"https:\/\/stoll-freres.ch\/pl\/des-tomates-locales-et-savoureuses-des-le-printemps\/\" >\n\t\t\t\tLokalne i smaczne pomidory z wiosny\t\t\t<\/a>\n\t\t<\/h2>\n\t\t\t\t<div class=\"elementor-post__meta-data\">\n\t\t\t\t\t<span class=\"elementor-post-date\">\n\t\t\t22\/04\/2025\t\t<\/span>\n\t\t\t\t<\/div>\n\t\t\t\t<div class=\"elementor-post__excerpt\">\n\t\t\t<p>Pomidory z naszych szklarni pojawiaj\u0105 si\u0119 na p\u00f3\u0142kach od po\u0142owy marca i zwiastuj\u0105 powr\u00f3t s\u0142onecznych dni. Za t\u0105 wczesn\u0105 dojrza\u0142o\u015bci\u0105 kryj\u0105 si\u0119 pasja, technika, wiedza specjalistyczna i ch\u0119\u0107 zaoferowania lokalnego produktu, aby sprosta\u0107 popytowi wykraczaj\u0105cemu poza okres letni.<\/p>\n\t\t<\/div>\n\t\t\n\t\t<a class=\"elementor-post__read-more\" href=\"https:\/\/stoll-freres.ch\/pl\/des-tomates-locales-et-savoureuses-des-le-printemps\/\" aria-label=\"Przeczytaj wi\u0119cej o Lokalnych i smacznych pomidorach z wiosny\" tabindex=\"-1\" >\n\t\t\tZobacz wi\u0119cej\t\t<\/a>\n\n\t\t\t\t<\/div>\n\t\t\t\t<\/article>\n\t\t\t\t<\/div>\n\t\t\t\t\t<span class=\"e-load-more-spinner\">\n\t\t\t\t<svg aria-hidden=\"true\" class=\"e-font-icon-svg e-fas-spinner\" viewbox=\"0 0 512 512\" xmlns=\"http:\/\/www.w3.org\/2000\/svg\"><path d=\"M304 48c0 26.51-21.49 48-48 48s-48-21.49-48-48 21.49-48 48-48 48 21.49 48 48zm-48 368c-26.51 0-48 21.49-48 48s21.49 48 48 48 48-21.49 48-48-21.49-48-48-48zm208-208c-26.51 0-48 21.49-48 48s21.49 48 48 48 48-21.49 48-48-21.49-48-48-48zM96 256c0-26.51-21.49-48-48-48S0 229.49 0 256s21.49 48 48 48 48-21.49 48-48zm12.922 99.078c-26.51 0-48 21.49-48 48s21.49 48 48 48 48-21.49 48-48c0-26.509-21.491-48-48-48zm294.156 0c-26.51 0-48 21.49-48 48s21.49 48 48 48 48-21.49 48-48c0-26.509-21.49-48-48-48zM108.922 60.922c-26.51 0-48 21.49-48 48s21.49 48 48 48 48-21.49 48-48-21.491-48-48-48z\"><\/path><\/svg>\t\t\t<\/span>\n\t\t\n\t\t\t\t<div class=\"e-load-more-anchor\" data-page=\"1\" data-max-page=\"2\" data-next-page=\"https:\/\/stoll-freres.ch\/pl\/wp-json\/wp\/v2\/pages\/1761\/page\/2\/\"><\/div>\n\t\t\t\t<div class=\"e-load-more-message\"><\/div>\n\t\t\t\t\t\t<\/div>\n\t\t\t\t<\/div>\n\t\t\t\t<div class=\"elementor-element elementor-element-8c2a249 elementor-widget elementor-widget-spacer\" data-id=\"8c2a249\" data-element_type=\"widget\" data-e-type=\"widget\" data-widget_type=\"spacer.default\">\n\t\t\t\t<div class=\"elementor-widget-container\">\n\t\t\t\t\t\t\t<div class=\"elementor-spacer\">\n\t\t\t<div class=\"elementor-spacer-inner\"><\/div>\n\t\t<\/div>\n\t\t\t\t\t\t<\/div>\n\t\t\t\t<\/div>\n\t\t\t\t\t<\/div>\n\t\t<\/div>\n\t\t\t\t\t<\/div>\n\t\t<\/section>\n\t\t\t\t<section class=\"elementor-section elementor-top-section elementor-element elementor-element-0196fee elementor-hidden-desktop elementor-hidden-tablet_extra elementor-section-boxed elementor-section-height-default elementor-section-height-default\" data-id=\"0196fee\" data-element_type=\"section\" data-e-type=\"section\">\n\t\t\t\t\t\t<div class=\"elementor-container elementor-column-gap-default\">\n\t\t\t\t\t<div class=\"elementor-column elementor-col-100 elementor-top-column elementor-element elementor-element-65ba8c3\" data-id=\"65ba8c3\" data-element_type=\"column\" data-e-type=\"column\">\n\t\t\t<div class=\"elementor-widget-wrap elementor-element-populated\">\n\t\t\t\t\t\t<div class=\"elementor-element elementor-element-0fe4b30 elementor-grid-1 elementor-hidden-tablet elementor-hidden-mobile elementor-grid-tablet-2 elementor-grid-mobile-1 elementor-posts--thumbnail-top elementor-widget elementor-widget-posts\" data-id=\"0fe4b30\" data-element_type=\"widget\" data-e-type=\"widget\" data-settings=\"{&quot;classic_columns&quot;:&quot;1&quot;,&quot;classic_row_gap&quot;:{&quot;unit&quot;:&quot;px&quot;,&quot;size&quot;:50,&quot;sizes&quot;:[]},&quot;classic_columns_tablet&quot;:&quot;2&quot;,&quot;classic_columns_mobile&quot;:&quot;1&quot;,&quot;classic_row_gap_tablet_extra&quot;:{&quot;unit&quot;:&quot;px&quot;,&quot;size&quot;:&quot;&quot;,&quot;sizes&quot;:[]},&quot;classic_row_gap_tablet&quot;:{&quot;unit&quot;:&quot;px&quot;,&quot;size&quot;:&quot;&quot;,&quot;sizes&quot;:[]},&quot;classic_row_gap_mobile&quot;:{&quot;unit&quot;:&quot;px&quot;,&quot;size&quot;:&quot;&quot;,&quot;sizes&quot;:[]}}\" data-widget_type=\"posts.classic\">\n\t\t\t\t<div class=\"elementor-widget-container\">\n\t\t\t\t\t\t\t<div class=\"elementor-posts-container elementor-posts elementor-posts--skin-classic elementor-grid\" role=\"list\">\n\t\t\t\t<article class=\"elementor-post elementor-grid-item post-2756 post type-post status-publish format-standard has-post-thumbnail hentry category-achat-vente-logistique category-portraits tag-en-une\" role=\"listitem\">\n\t\t\t\t<a class=\"elementor-post__thumbnail__link\" href=\"https:\/\/stoll-freres.ch\/pl\/des-fruits-et-legumes-frais-distribues-douze-mois-par-an\/\" tabindex=\"-1\" target=\"&quot;_blank&quot;\">\n\t\t\t<div class=\"elementor-post__thumbnail\"><img fetchpriority=\"high\" decoding=\"async\" width=\"1600\" height=\"1076\" src=\"https:\/\/stoll-freres.ch\/wp-content\/uploads\/2026\/08\/\u00a9-synergies-creatives-Laurent-Bailly-16.jpg\" class=\"attachment-full size-full wp-image-2757\" alt=\"\" srcset=\"https:\/\/stoll-freres.ch\/wp-content\/uploads\/2026\/08\/\u00a9-synergies-creatives-Laurent-Bailly-16.jpg 1600w, https:\/\/stoll-freres.ch\/wp-content\/uploads\/2026\/08\/\u00a9-synergies-creatives-Laurent-Bailly-16-300x202.jpg 300w, https:\/\/stoll-freres.ch\/wp-content\/uploads\/2026\/08\/\u00a9-synergies-creatives-Laurent-Bailly-16-1024x689.jpg 1024w, https:\/\/stoll-freres.ch\/wp-content\/uploads\/2026\/08\/\u00a9-synergies-creatives-Laurent-Bailly-16-768x516.jpg 768w, https:\/\/stoll-freres.ch\/wp-content\/uploads\/2026\/08\/\u00a9-synergies-creatives-Laurent-Bailly-16-1536x1033.jpg 1536w, https:\/\/stoll-freres.ch\/wp-content\/uploads\/2026\/08\/\u00a9-synergies-creatives-Laurent-Bailly-16-18x12.jpg 18w\" sizes=\"(max-width: 1600px) 100vw, 1600px\" \/><\/div>\n\t\t<\/a>\n\t\t\t\t<div class=\"elementor-post__text\">\n\t\t\t\t<h2 class=\"elementor-post__title\">\n\t\t\t<a href=\"https:\/\/stoll-freres.ch\/pl\/des-fruits-et-legumes-frais-distribues-douze-mois-par-an\/\" target=\"&quot;_blank&quot;\">\n\t\t\t\t\u015awie\u017ce owoce i warzywa dostarczane przez dwana\u015bcie miesi\u0119cy w roku\t\t\t<\/a>\n\t\t<\/h2>\n\t\t\t\t<div class=\"elementor-post__meta-data\">\n\t\t\t\t\t<span class=\"elementor-post-date\">\n\t\t\t21\/08\/2026\t\t<\/span>\n\t\t\t\t<\/div>\n\t\t\t\t<div class=\"elementor-post__excerpt\">\n\t\t\t<p>W szczycie sezonu interesy w Stoll Fr\u00e8res kwitn\u0105. To idealny moment, aby zajrze\u0107 do biura sprzeda\u017cy i spotka\u0107 si\u0119 z jego kierownikiem, Mathieu Carrelem. Razem z nim odkryjemy, jak jego zesp\u00f3\u0142 codziennie koordynuje wolumeny, zam\u00f3wienia i dostawy, aby zapewni\u0107 klientom ci\u0105g\u0142o\u015b\u0107 dostaw, pomimo sezonowo\u015bci zbior\u00f3w i waha\u0144 popytu.<\/p>\n\t\t<\/div>\n\t\t\n\t\t<a class=\"elementor-post__read-more\" href=\"https:\/\/stoll-freres.ch\/pl\/des-fruits-et-legumes-frais-distribues-douze-mois-par-an\/\" aria-label=\"Dowiedz si\u0119 wi\u0119cej o \u015bwie\u017cych owocach i warzywach dostarczanych przez dwana\u015bcie miesi\u0119cy w roku\" tabindex=\"-1\" target=\"_blank\">\n\t\t\tZobacz wi\u0119cej\t\t<\/a>\n\n\t\t\t\t<\/div>\n\t\t\t\t<\/article>\n\t\t\t\t<\/div>\n\t\t\n\t\t\t\t\t\t<\/div>\n\t\t\t\t<\/div>\n\t\t\t\t<div class=\"elementor-element elementor-element-c8e457a elementor-hidden-tablet elementor-hidden-mobile elementor-widget elementor-widget-spacer\" data-id=\"c8e457a\" data-element_type=\"widget\" data-e-type=\"widget\" data-widget_type=\"spacer.default\">\n\t\t\t\t<div class=\"elementor-widget-container\">\n\t\t\t\t\t\t\t<div class=\"elementor-spacer\">\n\t\t\t<div class=\"elementor-spacer-inner\"><\/div>\n\t\t<\/div>\n\t\t\t\t\t\t<\/div>\n\t\t\t\t<\/div>\n\t\t\t\t<div class=\"elementor-element elementor-element-b0d33ac elementor-nav-menu--dropdown-tablet elementor-nav-menu__text-align-aside elementor-nav-menu--toggle elementor-nav-menu--burger elementor-widget elementor-widget-nav-menu\" data-id=\"b0d33ac\" data-element_type=\"widget\" data-e-type=\"widget\" data-settings=\"{&quot;layout&quot;:&quot;horizontal&quot;,&quot;submenu_icon&quot;:{&quot;value&quot;:&quot;&lt;svg aria-hidden=\\&quot;true\\&quot; class=\\&quot;e-font-icon-svg e-fas-caret-down\\&quot; viewBox=\\&quot;0 0 320 512\\&quot; xmlns=\\&quot;http:\\\/\\\/www.w3.org\\\/2000\\\/svg\\&quot;&gt;&lt;path d=\\&quot;M31.3 192h257.3c17.8 0 26.7 21.5 14.1 34.1L174.1 354.8c-7.8 7.8-20.5 7.8-28.3 0L17.2 226.1C4.6 213.5 13.5 192 31.3 192z\\&quot;&gt;&lt;\\\/path&gt;&lt;\\\/svg&gt;&quot;,&quot;library&quot;:&quot;fa-solid&quot;},&quot;toggle&quot;:&quot;burger&quot;}\" data-widget_type=\"nav-menu.default\">\n\t\t\t\t<div class=\"elementor-widget-container\">\n\t\t\t\t\t\t\t\t<nav aria-label=\"Menu\" class=\"elementor-nav-menu--main elementor-nav-menu__container elementor-nav-menu--layout-horizontal e--pointer-none\">\n\t\t\t\t<ul id=\"menu-1-b0d33ac\" class=\"elementor-nav-menu\"><li class=\"menu-item menu-item-type-post_type menu-item-object-page menu-item-1848\"><a href=\"https:\/\/stoll-freres.ch\/pl\/actualites\/\" class=\"elementor-item\">Aktualno\u015bci<\/a><\/li>\n<li class=\"menu-item menu-item-type-taxonomy menu-item-object-category menu-item-1773\"><a href=\"https:\/\/stoll-freres.ch\/pl\/category\/saveurs-qualite\/\" class=\"elementor-item\">Smaki i jako\u015b\u0107<\/a><\/li>\n<li class=\"menu-item menu-item-type-taxonomy menu-item-object-category menu-item-1770\"><a href=\"https:\/\/stoll-freres.ch\/pl\/category\/cultures-methodes\/\" class=\"elementor-item\">Kultury i metody<\/a><\/li>\n<li class=\"menu-item menu-item-type-taxonomy menu-item-object-category menu-item-1768\"><a href=\"https:\/\/stoll-freres.ch\/pl\/category\/achat-vente-logistique\/\" class=\"elementor-item\">Zakup-sprzeda\u017c i logistyka<\/a><\/li>\n<li class=\"menu-item menu-item-type-taxonomy menu-item-object-category menu-item-1771\"><a href=\"https:\/\/stoll-freres.ch\/pl\/category\/innovation-durabilite\/\" class=\"elementor-item\">Innowacje i zr\u00f3wnowa\u017cony rozw\u00f3j<\/a><\/li>\n<li class=\"menu-item menu-item-type-taxonomy menu-item-object-category menu-item-1772\"><a href=\"https:\/\/stoll-freres.ch\/pl\/category\/portraits\/\" class=\"elementor-item\">Portrety<\/a><\/li>\n<\/ul>\t\t\t<\/nav>\n\t\t\t\t\t<div class=\"elementor-menu-toggle\" role=\"button\" tabindex=\"0\" aria-label=\"Prze\u0142\u0105cznik menu\" aria-expanded=\"false\">\n\t\t\t<svg aria-hidden=\"true\" role=\"presentation\" class=\"elementor-menu-toggle__icon--open e-font-icon-svg e-eicon-menu-bar\" viewbox=\"0 0 1000 1000\" xmlns=\"http:\/\/www.w3.org\/2000\/svg\"><path d=\"M104 333H896C929 333 958 304 958 271S929 208 896 208H104C71 208 42 237 42 271S71 333 104 333ZM104 583H896C929 583 958 554 958 521S929 458 896 458H104C71 458 42 487 42 521S71 583 104 583ZM104 833H896C929 833 958 804 958 771S929 708 896 708H104C71 708 42 737 42 771S71 833 104 833Z\"><\/path><\/svg><svg aria-hidden=\"true\" role=\"presentation\" class=\"elementor-menu-toggle__icon--close e-font-icon-svg e-eicon-close\" viewbox=\"0 0 1000 1000\" xmlns=\"http:\/\/www.w3.org\/2000\/svg\"><path d=\"M742 167L500 408 258 167C246 154 233 150 217 150 196 150 179 158 167 167 154 179 150 196 150 212 150 229 154 242 171 254L408 500 167 742C138 771 138 800 167 829 196 858 225 858 254 829L496 587 738 829C750 842 767 846 783 846 800 846 817 842 829 829 842 817 846 804 846 783 846 767 842 750 829 737L588 500 833 258C863 229 863 200 833 171 804 137 775 137 742 167Z\"><\/path><\/svg>\t\t<\/div>\n\t\t\t\t\t<nav class=\"elementor-nav-menu--dropdown elementor-nav-menu__container\" aria-hidden=\"true\">\n\t\t\t\t<ul id=\"menu-2-b0d33ac\" class=\"elementor-nav-menu\"><li class=\"menu-item menu-item-type-post_type menu-item-object-page menu-item-1848\"><a href=\"https:\/\/stoll-freres.ch\/pl\/actualites\/\" class=\"elementor-item\" tabindex=\"-1\">Aktualno\u015bci<\/a><\/li>\n<li class=\"menu-item menu-item-type-taxonomy menu-item-object-category menu-item-1773\"><a href=\"https:\/\/stoll-freres.ch\/pl\/category\/saveurs-qualite\/\" class=\"elementor-item\" tabindex=\"-1\">Smaki i jako\u015b\u0107<\/a><\/li>\n<li class=\"menu-item menu-item-type-taxonomy menu-item-object-category menu-item-1770\"><a href=\"https:\/\/stoll-freres.ch\/pl\/category\/cultures-methodes\/\" class=\"elementor-item\" tabindex=\"-1\">Kultury i metody<\/a><\/li>\n<li class=\"menu-item menu-item-type-taxonomy menu-item-object-category menu-item-1768\"><a href=\"https:\/\/stoll-freres.ch\/pl\/category\/achat-vente-logistique\/\" class=\"elementor-item\" tabindex=\"-1\">Zakup-sprzeda\u017c i logistyka<\/a><\/li>\n<li class=\"menu-item menu-item-type-taxonomy menu-item-object-category menu-item-1771\"><a href=\"https:\/\/stoll-freres.ch\/pl\/category\/innovation-durabilite\/\" class=\"elementor-item\" tabindex=\"-1\">Innowacje i zr\u00f3wnowa\u017cony rozw\u00f3j<\/a><\/li>\n<li class=\"menu-item menu-item-type-taxonomy menu-item-object-category menu-item-1772\"><a href=\"https:\/\/stoll-freres.ch\/pl\/category\/portraits\/\" class=\"elementor-item\" tabindex=\"-1\">Portrety<\/a><\/li>\n<\/ul>\t\t\t<\/nav>\n\t\t\t\t\t\t<\/div>\n\t\t\t\t<\/div>\n\t\t\t\t<div class=\"elementor-element elementor-element-3f6c664 elementor-widget elementor-widget-spacer\" data-id=\"3f6c664\" data-element_type=\"widget\" data-e-type=\"widget\" data-widget_type=\"spacer.default\">\n\t\t\t\t<div class=\"elementor-widget-container\">\n\t\t\t\t\t\t\t<div class=\"elementor-spacer\">\n\t\t\t<div class=\"elementor-spacer-inner\"><\/div>\n\t\t<\/div>\n\t\t\t\t\t\t<\/div>\n\t\t\t\t<\/div>\n\t\t\t\t<div class=\"elementor-element elementor-element-9a26a7f elementor-grid-1 elementor-grid-tablet-2 elementor-grid-mobile-1 elementor-posts--thumbnail-top elementor-widget elementor-widget-posts\" data-id=\"9a26a7f\" data-element_type=\"widget\" data-e-type=\"widget\" data-settings=\"{&quot;classic_columns&quot;:&quot;1&quot;,&quot;pagination_type&quot;:&quot;load_more_infinite_scroll&quot;,&quot;classic_row_gap&quot;:{&quot;unit&quot;:&quot;px&quot;,&quot;size&quot;:50,&quot;sizes&quot;:[]},&quot;classic_columns_tablet&quot;:&quot;2&quot;,&quot;classic_columns_mobile&quot;:&quot;1&quot;,&quot;classic_row_gap_tablet_extra&quot;:{&quot;unit&quot;:&quot;px&quot;,&quot;size&quot;:&quot;&quot;,&quot;sizes&quot;:[]},&quot;classic_row_gap_tablet&quot;:{&quot;unit&quot;:&quot;px&quot;,&quot;size&quot;:&quot;&quot;,&quot;sizes&quot;:[]},&quot;classic_row_gap_mobile&quot;:{&quot;unit&quot;:&quot;px&quot;,&quot;size&quot;:&quot;&quot;,&quot;sizes&quot;:[]},&quot;load_more_spinner&quot;:{&quot;value&quot;:&quot;fas fa-spinner&quot;,&quot;library&quot;:&quot;fa-solid&quot;}}\" data-widget_type=\"posts.classic\">\n\t\t\t\t<div class=\"elementor-widget-container\">\n\t\t\t\t\t\t\t<div class=\"elementor-posts-container elementor-posts elementor-posts--skin-classic elementor-grid\" role=\"list\">\n\t\t\t\t<article class=\"elementor-post elementor-grid-item post-2756 post type-post status-publish format-standard has-post-thumbnail hentry category-achat-vente-logistique category-portraits tag-en-une\" role=\"listitem\">\n\t\t\t\t<a class=\"elementor-post__thumbnail__link\" href=\"https:\/\/stoll-freres.ch\/pl\/des-fruits-et-legumes-frais-distribues-douze-mois-par-an\/\" tabindex=\"-1\" >\n\t\t\t<div class=\"elementor-post__thumbnail\"><img fetchpriority=\"high\" decoding=\"async\" width=\"1600\" height=\"1076\" src=\"https:\/\/stoll-freres.ch\/wp-content\/uploads\/2026\/08\/\u00a9-synergies-creatives-Laurent-Bailly-16.jpg\" class=\"attachment-full size-full wp-image-2757\" alt=\"\" srcset=\"https:\/\/stoll-freres.ch\/wp-content\/uploads\/2026\/08\/\u00a9-synergies-creatives-Laurent-Bailly-16.jpg 1600w, https:\/\/stoll-freres.ch\/wp-content\/uploads\/2026\/08\/\u00a9-synergies-creatives-Laurent-Bailly-16-300x202.jpg 300w, https:\/\/stoll-freres.ch\/wp-content\/uploads\/2026\/08\/\u00a9-synergies-creatives-Laurent-Bailly-16-1024x689.jpg 1024w, https:\/\/stoll-freres.ch\/wp-content\/uploads\/2026\/08\/\u00a9-synergies-creatives-Laurent-Bailly-16-768x516.jpg 768w, https:\/\/stoll-freres.ch\/wp-content\/uploads\/2026\/08\/\u00a9-synergies-creatives-Laurent-Bailly-16-1536x1033.jpg 1536w, https:\/\/stoll-freres.ch\/wp-content\/uploads\/2026\/08\/\u00a9-synergies-creatives-Laurent-Bailly-16-18x12.jpg 18w\" sizes=\"(max-width: 1600px) 100vw, 1600px\" \/><\/div>\n\t\t<\/a>\n\t\t\t\t<div class=\"elementor-post__text\">\n\t\t\t\t<h2 class=\"elementor-post__title\">\n\t\t\t<a href=\"https:\/\/stoll-freres.ch\/pl\/des-fruits-et-legumes-frais-distribues-douze-mois-par-an\/\" >\n\t\t\t\t\u015awie\u017ce owoce i warzywa dostarczane przez dwana\u015bcie miesi\u0119cy w roku\t\t\t<\/a>\n\t\t<\/h2>\n\t\t\t\t<div class=\"elementor-post__meta-data\">\n\t\t\t\t\t<span class=\"elementor-post-date\">\n\t\t\t21\/08\/2026\t\t<\/span>\n\t\t\t\t<\/div>\n\t\t\t\t<div class=\"elementor-post__excerpt\">\n\t\t\t<p>W szczycie sezonu interesy w Stoll Fr\u00e8res kwitn\u0105. To idealny moment, aby zajrze\u0107 do biura sprzeda\u017cy i spotka\u0107 si\u0119 z jego kierownikiem, Mathieu Carrelem. Razem z nim odkryjemy, jak jego zesp\u00f3\u0142 codziennie koordynuje wolumeny, zam\u00f3wienia i dostawy, aby zapewni\u0107 klientom ci\u0105g\u0142o\u015b\u0107 dostaw, pomimo sezonowo\u015bci zbior\u00f3w i waha\u0144 popytu.<\/p>\n\t\t<\/div>\n\t\t\n\t\t<a class=\"elementor-post__read-more\" href=\"https:\/\/stoll-freres.ch\/pl\/des-fruits-et-legumes-frais-distribues-douze-mois-par-an\/\" aria-label=\"Dowiedz si\u0119 wi\u0119cej o \u015bwie\u017cych owocach i warzywach dostarczanych przez dwana\u015bcie miesi\u0119cy w roku\" tabindex=\"-1\" >\n\t\t\tZobacz wi\u0119cej\t\t<\/a>\n\n\t\t\t\t<\/div>\n\t\t\t\t<\/article>\n\t\t\t\t<article class=\"elementor-post elementor-grid-item post-2746 post type-post status-publish format-standard has-post-thumbnail hentry category-cultures-methodes category-portraits\" role=\"listitem\">\n\t\t\t\t<a class=\"elementor-post__thumbnail__link\" href=\"https:\/\/stoll-freres.ch\/pl\/monia-charfeddine-la-science-de-lirrigation-au-service-des-cultures\/\" tabindex=\"-1\" >\n\t\t\t<div class=\"elementor-post__thumbnail\"><img decoding=\"async\" width=\"1600\" height=\"1076\" src=\"https:\/\/stoll-freres.ch\/wp-content\/uploads\/2026\/07\/\u00a9-synergies-creatives-Laurent-Bailly-14.jpg\" class=\"attachment-full size-full wp-image-2748\" alt=\"\" srcset=\"https:\/\/stoll-freres.ch\/wp-content\/uploads\/2026\/07\/\u00a9-synergies-creatives-Laurent-Bailly-14.jpg 1600w, https:\/\/stoll-freres.ch\/wp-content\/uploads\/2026\/07\/\u00a9-synergies-creatives-Laurent-Bailly-14-300x202.jpg 300w, https:\/\/stoll-freres.ch\/wp-content\/uploads\/2026\/07\/\u00a9-synergies-creatives-Laurent-Bailly-14-1024x689.jpg 1024w, https:\/\/stoll-freres.ch\/wp-content\/uploads\/2026\/07\/\u00a9-synergies-creatives-Laurent-Bailly-14-768x516.jpg 768w, https:\/\/stoll-freres.ch\/wp-content\/uploads\/2026\/07\/\u00a9-synergies-creatives-Laurent-Bailly-14-1536x1033.jpg 1536w, https:\/\/stoll-freres.ch\/wp-content\/uploads\/2026\/07\/\u00a9-synergies-creatives-Laurent-Bailly-14-18x12.jpg 18w\" sizes=\"(max-width: 1600px) 100vw, 1600px\" \/><\/div>\n\t\t<\/a>\n\t\t\t\t<div class=\"elementor-post__text\">\n\t\t\t\t<h2 class=\"elementor-post__title\">\n\t\t\t<a href=\"https:\/\/stoll-freres.ch\/pl\/monia-charfeddine-la-science-de-lirrigation-au-service-des-cultures\/\" >\n\t\t\t\tMonia Charfeddine: nauka nawadniania w s\u0142u\u017cbie upraw\t\t\t<\/a>\n\t\t<\/h2>\n\t\t\t\t<div class=\"elementor-post__meta-data\">\n\t\t\t\t\t<span class=\"elementor-post-date\">\n\t\t\t22\/07\/2026\t\t<\/span>\n\t\t\t\t<\/div>\n\t\t\t\t<div class=\"elementor-post__excerpt\">\n\t\t\t<p>Chocia\u017c woda pozostaje kluczowym elementem w uprawie warzyw, silne fale upa\u0142\u00f3w, kt\u00f3re nawiedzi\u0142y Szwajcari\u0119 mi\u0119dzy po\u0142ow\u0105 czerwca a po\u0142ow\u0105 lipca 2026 roku, sprawi\u0142y, \u017ce jej zarz\u0105dzanie sta\u0142o si\u0119 jeszcze wa\u017cniejsze. To okazja do podkre\u015blenia pracy Monii Charfeddine, in\u017cyniera rolnictwa odpowiedzialnego za nawadnianie w Stoll Fr\u00e8res.<\/p>\n\t\t<\/div>\n\t\t\n\t\t<a class=\"elementor-post__read-more\" href=\"https:\/\/stoll-freres.ch\/pl\/monia-charfeddine-la-science-de-lirrigation-au-service-des-cultures\/\" aria-label=\"Przeczytaj wi\u0119cej o Monii Charfeddine: nauka nawadniania w s\u0142u\u017cbie upraw\" tabindex=\"-1\" >\n\t\t\tZobacz wi\u0119cej\t\t<\/a>\n\n\t\t\t\t<\/div>\n\t\t\t\t<\/article>\n\t\t\t\t<article class=\"elementor-post elementor-grid-item post-2734 post type-post status-publish format-standard has-post-thumbnail hentry category-cultures-methodes\" role=\"listitem\">\n\t\t\t\t<a class=\"elementor-post__thumbnail__link\" href=\"https:\/\/stoll-freres.ch\/pl\/la-courgette-en-plein-champ-la-culture-exigeante-dun-legume-tres-apprecie\/\" tabindex=\"-1\" >\n\t\t\t<div class=\"elementor-post__thumbnail\"><img decoding=\"async\" width=\"1600\" height=\"1076\" src=\"https:\/\/stoll-freres.ch\/wp-content\/uploads\/2026\/06\/\u00a9-synergies-creatives-Laurent-Bailly-15.jpg\" class=\"attachment-full size-full wp-image-2754\" alt=\"\" srcset=\"https:\/\/stoll-freres.ch\/wp-content\/uploads\/2026\/06\/\u00a9-synergies-creatives-Laurent-Bailly-15.jpg 1600w, https:\/\/stoll-freres.ch\/wp-content\/uploads\/2026\/06\/\u00a9-synergies-creatives-Laurent-Bailly-15-300x202.jpg 300w, https:\/\/stoll-freres.ch\/wp-content\/uploads\/2026\/06\/\u00a9-synergies-creatives-Laurent-Bailly-15-1024x689.jpg 1024w, https:\/\/stoll-freres.ch\/wp-content\/uploads\/2026\/06\/\u00a9-synergies-creatives-Laurent-Bailly-15-768x516.jpg 768w, https:\/\/stoll-freres.ch\/wp-content\/uploads\/2026\/06\/\u00a9-synergies-creatives-Laurent-Bailly-15-1536x1033.jpg 1536w, https:\/\/stoll-freres.ch\/wp-content\/uploads\/2026\/06\/\u00a9-synergies-creatives-Laurent-Bailly-15-18x12.jpg 18w\" sizes=\"(max-width: 1600px) 100vw, 1600px\" \/><\/div>\n\t\t<\/a>\n\t\t\t\t<div class=\"elementor-post__text\">\n\t\t\t\t<h2 class=\"elementor-post__title\">\n\t\t\t<a href=\"https:\/\/stoll-freres.ch\/pl\/la-courgette-en-plein-champ-la-culture-exigeante-dun-legume-tres-apprecie\/\" >\n\t\t\t\tCukinia uprawiana na otwartym polu: wymagaj\u0105ca uprawa uwielbianego warzywa\t\t\t<\/a>\n\t\t<\/h2>\n\t\t\t\t<div class=\"elementor-post__meta-data\">\n\t\t\t\t\t<span class=\"elementor-post-date\">\n\t\t\t11\/06\/2026\t\t<\/span>\n\t\t\t\t<\/div>\n\t\t\t\t<div class=\"elementor-post__excerpt\">\n\t\t\t<p>Cukinia, b\u0119d\u0105ca podstaw\u0105 letnich przepis\u00f3w i posi\u0142k\u00f3w fitness, wymaga skrupulatnej uwagi. Christophe Stoll, dyrektor ds. upraw polowych, opisuje organizacj\u0119, w kt\u00f3rej technologia s\u0142u\u017cy przede wszystkim usprawnieniu pracy zespo\u0142\u00f3w i spe\u0142nieniu wysokich oczekiwa\u0144 klient\u00f3w.<\/p>\n\t\t<\/div>\n\t\t\n\t\t<a class=\"elementor-post__read-more\" href=\"https:\/\/stoll-freres.ch\/pl\/la-courgette-en-plein-champ-la-culture-exigeante-dun-legume-tres-apprecie\/\" aria-label=\"Dowiedz si\u0119 wi\u0119cej o uprawie cukinii na otwartym polu: wymagaj\u0105cej uprawie uwielbianego warzywa\" tabindex=\"-1\" >\n\t\t\tZobacz wi\u0119cej\t\t<\/a>\n\n\t\t\t\t<\/div>\n\t\t\t\t<\/article>\n\t\t\t\t<article class=\"elementor-post elementor-grid-item post-2687 post type-post status-publish format-standard has-post-thumbnail hentry category-portraits\" role=\"listitem\">\n\t\t\t\t<a class=\"elementor-post__thumbnail__link\" href=\"https:\/\/stoll-freres.ch\/pl\/la-saison-avance-et-les-renforts-viennent-grossir-les-rangs-pour-tenir-le-rythme\/\" tabindex=\"-1\" >\n\t\t\t<div class=\"elementor-post__thumbnail\"><img loading=\"lazy\" decoding=\"async\" width=\"1600\" height=\"1076\" src=\"https:\/\/stoll-freres.ch\/wp-content\/uploads\/2026\/05\/\u00a9-synergies-creatives-Laurent-Bailly-10.jpg\" class=\"attachment-full size-full wp-image-2689\" alt=\"\" srcset=\"https:\/\/stoll-freres.ch\/wp-content\/uploads\/2026\/05\/\u00a9-synergies-creatives-Laurent-Bailly-10.jpg 1600w, https:\/\/stoll-freres.ch\/wp-content\/uploads\/2026\/05\/\u00a9-synergies-creatives-Laurent-Bailly-10-300x202.jpg 300w, https:\/\/stoll-freres.ch\/wp-content\/uploads\/2026\/05\/\u00a9-synergies-creatives-Laurent-Bailly-10-1024x689.jpg 1024w, https:\/\/stoll-freres.ch\/wp-content\/uploads\/2026\/05\/\u00a9-synergies-creatives-Laurent-Bailly-10-768x516.jpg 768w, https:\/\/stoll-freres.ch\/wp-content\/uploads\/2026\/05\/\u00a9-synergies-creatives-Laurent-Bailly-10-1536x1033.jpg 1536w, https:\/\/stoll-freres.ch\/wp-content\/uploads\/2026\/05\/\u00a9-synergies-creatives-Laurent-Bailly-10-18x12.jpg 18w\" sizes=\"(max-width: 1600px) 100vw, 1600px\" \/><\/div>\n\t\t<\/a>\n\t\t\t\t<div class=\"elementor-post__text\">\n\t\t\t\t<h2 class=\"elementor-post__title\">\n\t\t\t<a href=\"https:\/\/stoll-freres.ch\/pl\/la-saison-avance-et-les-renforts-viennent-grossir-les-rangs-pour-tenir-le-rythme\/\" >\n\t\t\t\tSezon post\u0119puje, a do szereg\u00f3w do\u0142\u0105czaj\u0105 posi\u0142ki, aby utrzyma\u0107 tempo\t\t\t<\/a>\n\t\t<\/h2>\n\t\t\t\t<div class=\"elementor-post__meta-data\">\n\t\t\t\t\t<span class=\"elementor-post-date\">\n\t\t\t12\/05\/2026\t\t<\/span>\n\t\t\t\t<\/div>\n\t\t\t\t<div class=\"elementor-post__excerpt\">\n\t\t\t<p>Na 15 hektarach szklarni, 160 hektarach otwartych p\u00f3l, w dzia\u0142ach logistyki i sprzeda\u017cy, dzia\u0142alno\u015b\u0107 wznawiana jest na pocz\u0105tku ka\u017cdego roku i z ka\u017cdym miesi\u0105cem nabiera tempa. Aby sprosta\u0107 temu wyzwaniu, w ci\u0105gu sezonu do\u0142\u0105czaj\u0105 do nas nowe talenty, co jest efektem intensywnych dzia\u0142a\u0144 rekrutacyjnych i zarz\u0105dzania zasobami ludzkimi.<\/p>\n\t\t<\/div>\n\t\t\n\t\t<a class=\"elementor-post__read-more\" href=\"https:\/\/stoll-freres.ch\/pl\/la-saison-avance-et-les-renforts-viennent-grossir-les-rangs-pour-tenir-le-rythme\/\" aria-label=\"Przeczytaj wi\u0119cej o post\u0119pach sezonu i wzmocnieniach, kt\u00f3re maj\u0105 dotrzyma\u0107 tempa.\" tabindex=\"-1\" >\n\t\t\tZobacz wi\u0119cej\t\t<\/a>\n\n\t\t\t\t<\/div>\n\t\t\t\t<\/article>\n\t\t\t\t<article class=\"elementor-post elementor-grid-item post-2646 post type-post status-publish format-standard has-post-thumbnail hentry category-cultures-methodes category-innovation-durabilite\" role=\"listitem\">\n\t\t\t\t<a class=\"elementor-post__thumbnail__link\" href=\"https:\/\/stoll-freres.ch\/pl\/de-la-plantation-a-la-recolte-lart-des-previsions\/\" tabindex=\"-1\" >\n\t\t\t<div class=\"elementor-post__thumbnail\"><img loading=\"lazy\" decoding=\"async\" width=\"1600\" height=\"955\" src=\"https:\/\/stoll-freres.ch\/wp-content\/uploads\/2026\/03\/\u00a9-synergies-creatives-Laurent-Bailly-9.jpg\" class=\"attachment-full size-full wp-image-2647\" alt=\"\" srcset=\"https:\/\/stoll-freres.ch\/wp-content\/uploads\/2026\/03\/\u00a9-synergies-creatives-Laurent-Bailly-9.jpg 1600w, https:\/\/stoll-freres.ch\/wp-content\/uploads\/2026\/03\/\u00a9-synergies-creatives-Laurent-Bailly-9-300x179.jpg 300w, https:\/\/stoll-freres.ch\/wp-content\/uploads\/2026\/03\/\u00a9-synergies-creatives-Laurent-Bailly-9-1024x611.jpg 1024w, https:\/\/stoll-freres.ch\/wp-content\/uploads\/2026\/03\/\u00a9-synergies-creatives-Laurent-Bailly-9-768x458.jpg 768w, https:\/\/stoll-freres.ch\/wp-content\/uploads\/2026\/03\/\u00a9-synergies-creatives-Laurent-Bailly-9-1536x917.jpg 1536w, https:\/\/stoll-freres.ch\/wp-content\/uploads\/2026\/03\/\u00a9-synergies-creatives-Laurent-Bailly-9-18x12.jpg 18w\" sizes=\"(max-width: 1600px) 100vw, 1600px\" \/><\/div>\n\t\t<\/a>\n\t\t\t\t<div class=\"elementor-post__text\">\n\t\t\t\t<h2 class=\"elementor-post__title\">\n\t\t\t<a href=\"https:\/\/stoll-freres.ch\/pl\/de-la-plantation-a-la-recolte-lart-des-previsions\/\" >\n\t\t\t\tOd sadzenia do zbior\u00f3w: sztuka prognozowania\t\t\t<\/a>\n\t\t<\/h2>\n\t\t\t\t<div class=\"elementor-post__meta-data\">\n\t\t\t\t\t<span class=\"elementor-post-date\">\n\t\t\t26\/03\/2026\t\t<\/span>\n\t\t\t\t<\/div>\n\t\t\t\t<div class=\"elementor-post__excerpt\">\n\t\t\t<p>W 15 hektarach szklarni Stoll Fr\u00e8res, produkcja pomidor\u00f3w i bak\u0142a\u017can\u00f3w nie jest przypadkowa. Rygorystyczny monitoring pozwala na planowanie zbior\u00f3w od momentu sadzenia i udoskonalanie prognoz przez ca\u0142y sezon. \u0141\u0105cz\u0105c wiedz\u0119 i do\u015bwiadczenie zespo\u0142\u00f3w ze sztuczn\u0105 inteligencj\u0105, dbamy o to, aby zapewni\u0107 sprawn\u0105 logistyk\u0119 i optymalny smak.<\/p>\n\t\t<\/div>\n\t\t\n\t\t<a class=\"elementor-post__read-more\" href=\"https:\/\/stoll-freres.ch\/pl\/de-la-plantation-a-la-recolte-lart-des-previsions\/\" aria-label=\"Przeczytaj wi\u0119cej o Od sadzenia do zbior\u00f3w: sztuka prognozowania\" tabindex=\"-1\" >\n\t\t\tZobacz wi\u0119cej\t\t<\/a>\n\n\t\t\t\t<\/div>\n\t\t\t\t<\/article>\n\t\t\t\t<article class=\"elementor-post elementor-grid-item post-2461 post type-post status-publish format-standard has-post-thumbnail hentry category-cultures-methodes\" role=\"listitem\">\n\t\t\t\t<a class=\"elementor-post__thumbnail__link\" href=\"https:\/\/stoll-freres.ch\/pl\/la-saison-maraichere-en-plein-champ-est-lancee\/\" tabindex=\"-1\" >\n\t\t\t<div class=\"elementor-post__thumbnail\"><img loading=\"lazy\" decoding=\"async\" width=\"1600\" height=\"1076\" src=\"https:\/\/stoll-freres.ch\/wp-content\/uploads\/2026\/03\/\u00a9-synergies-creatives-Laurent-Bailly-7.jpg\" class=\"attachment-full size-full wp-image-2463\" alt=\"\" srcset=\"https:\/\/stoll-freres.ch\/wp-content\/uploads\/2026\/03\/\u00a9-synergies-creatives-Laurent-Bailly-7.jpg 1600w, https:\/\/stoll-freres.ch\/wp-content\/uploads\/2026\/03\/\u00a9-synergies-creatives-Laurent-Bailly-7-300x202.jpg 300w, https:\/\/stoll-freres.ch\/wp-content\/uploads\/2026\/03\/\u00a9-synergies-creatives-Laurent-Bailly-7-1024x689.jpg 1024w, https:\/\/stoll-freres.ch\/wp-content\/uploads\/2026\/03\/\u00a9-synergies-creatives-Laurent-Bailly-7-768x516.jpg 768w, https:\/\/stoll-freres.ch\/wp-content\/uploads\/2026\/03\/\u00a9-synergies-creatives-Laurent-Bailly-7-1536x1033.jpg 1536w, https:\/\/stoll-freres.ch\/wp-content\/uploads\/2026\/03\/\u00a9-synergies-creatives-Laurent-Bailly-7-18x12.jpg 18w\" sizes=\"(max-width: 1600px) 100vw, 1600px\" \/><\/div>\n\t\t<\/a>\n\t\t\t\t<div class=\"elementor-post__text\">\n\t\t\t\t<h2 class=\"elementor-post__title\">\n\t\t\t<a href=\"https:\/\/stoll-freres.ch\/pl\/la-saison-maraichere-en-plein-champ-est-lancee\/\" >\n\t\t\t\tRozpocz\u0105\u0142 si\u0119 sezon uprawy warzyw na otwartym terenie.\t\t\t<\/a>\n\t\t<\/h2>\n\t\t\t\t<div class=\"elementor-post__meta-data\">\n\t\t\t\t\t<span class=\"elementor-post-date\">\n\t\t\t09\/03\/2026\t\t<\/span>\n\t\t\t\t<\/div>\n\t\t\t\t<div class=\"elementor-post__excerpt\">\n\t\t\t<p>Po dw\u00f3ch tygodniach ulewnych deszcz\u00f3w, kt\u00f3re op\u00f3\u017ani\u0142y prace w polu, traktory w ko\u0144cu mog\u0142y ruszy\u0107 do pracy. Nasze ekipy przygotowa\u0142y ziemi\u0119, kt\u00f3ra le\u017ca\u0142a od\u0142ogiem przez ca\u0142\u0105 zim\u0119, i zasia\u0142y pierwsze plony. To wa\u017cny krok, o kt\u00f3rym opowiedzieli nam dwaj kluczowi gracze w tym przedsi\u0119wzi\u0119ciu.<\/p>\n\t\t<\/div>\n\t\t\n\t\t<a class=\"elementor-post__read-more\" href=\"https:\/\/stoll-freres.ch\/pl\/la-saison-maraichere-en-plein-champ-est-lancee\/\" aria-label=\"Dowiedz si\u0119 wi\u0119cej o rozpocz\u0119ciu sezonu uprawy warzyw na otwartym polu\" tabindex=\"-1\" >\n\t\t\tZobacz wi\u0119cej\t\t<\/a>\n\n\t\t\t\t<\/div>\n\t\t\t\t<\/article>\n\t\t\t\t<article class=\"elementor-post elementor-grid-item post-2441 post type-post status-publish format-standard has-post-thumbnail hentry category-cultures-methodes category-portraits\" role=\"listitem\">\n\t\t\t\t<a class=\"elementor-post__thumbnail__link\" href=\"https:\/\/stoll-freres.ch\/pl\/des-legumes-pour-tout-lhiver\/\" tabindex=\"-1\" >\n\t\t\t<div class=\"elementor-post__thumbnail\"><img loading=\"lazy\" decoding=\"async\" width=\"1600\" height=\"955\" src=\"https:\/\/stoll-freres.ch\/wp-content\/uploads\/2026\/02\/\u00a9-synergies-creatives-Laurent-Bailly-8.jpg\" class=\"attachment-full size-full wp-image-2460\" alt=\"\" srcset=\"https:\/\/stoll-freres.ch\/wp-content\/uploads\/2026\/02\/\u00a9-synergies-creatives-Laurent-Bailly-8.jpg 1600w, https:\/\/stoll-freres.ch\/wp-content\/uploads\/2026\/02\/\u00a9-synergies-creatives-Laurent-Bailly-8-300x179.jpg 300w, https:\/\/stoll-freres.ch\/wp-content\/uploads\/2026\/02\/\u00a9-synergies-creatives-Laurent-Bailly-8-1024x611.jpg 1024w, https:\/\/stoll-freres.ch\/wp-content\/uploads\/2026\/02\/\u00a9-synergies-creatives-Laurent-Bailly-8-768x458.jpg 768w, https:\/\/stoll-freres.ch\/wp-content\/uploads\/2026\/02\/\u00a9-synergies-creatives-Laurent-Bailly-8-1536x917.jpg 1536w, https:\/\/stoll-freres.ch\/wp-content\/uploads\/2026\/02\/\u00a9-synergies-creatives-Laurent-Bailly-8-18x12.jpg 18w\" sizes=\"(max-width: 1600px) 100vw, 1600px\" \/><\/div>\n\t\t<\/a>\n\t\t\t\t<div class=\"elementor-post__text\">\n\t\t\t\t<h2 class=\"elementor-post__title\">\n\t\t\t<a href=\"https:\/\/stoll-freres.ch\/pl\/des-legumes-pour-tout-lhiver\/\" >\n\t\t\t\tWarzywa na ca\u0142\u0105 zim\u0119\t\t\t<\/a>\n\t\t<\/h2>\n\t\t\t\t<div class=\"elementor-post__meta-data\">\n\t\t\t\t\t<span class=\"elementor-post-date\">\n\t\t\t16\/02\/2026\t\t<\/span>\n\t\t\t\t<\/div>\n\t\t\t\t<div class=\"elementor-post__excerpt\">\n\t\t\t<p>Dost\u0119pno\u015b\u0107 lokalnych warzyw w ch\u0142odniejszych miesi\u0105cach w du\u017cej mierze zale\u017cy od przechowywania produkt\u00f3w zebranych jesieni\u0105. Artur Da Cruz, kierownik ds. zapas\u00f3w i zast\u0119pca kierownika magazynu, wyja\u015bnia, jak wygl\u0105da organizacja tego procesu magazynowania na przestrzeni kilku miesi\u0119cy.<\/p>\n\t\t<\/div>\n\t\t\n\t\t<a class=\"elementor-post__read-more\" href=\"https:\/\/stoll-freres.ch\/pl\/des-legumes-pour-tout-lhiver\/\" aria-label=\"Przeczytaj wi\u0119cej o Warzywach na ca\u0142\u0105 zim\u0119\" tabindex=\"-1\" >\n\t\t\tZobacz wi\u0119cej\t\t<\/a>\n\n\t\t\t\t<\/div>\n\t\t\t\t<\/article>\n\t\t\t\t<article class=\"elementor-post elementor-grid-item post-2386 post type-post status-publish format-standard has-post-thumbnail hentry category-portraits\" role=\"listitem\">\n\t\t\t\t<a class=\"elementor-post__thumbnail__link\" href=\"https:\/\/stoll-freres.ch\/pl\/rencontre-avec-marlene-ferreira-responsable-de-la-gestion-des-serres\/\" tabindex=\"-1\" >\n\t\t\t<div class=\"elementor-post__thumbnail\"><img loading=\"lazy\" decoding=\"async\" width=\"1600\" height=\"1076\" src=\"https:\/\/stoll-freres.ch\/wp-content\/uploads\/2025\/11\/\u00a9-synergies-creatives-Laurent-Bailly-6.jpg\" class=\"attachment-full size-full wp-image-2387\" alt=\"\" srcset=\"https:\/\/stoll-freres.ch\/wp-content\/uploads\/2025\/11\/\u00a9-synergies-creatives-Laurent-Bailly-6.jpg 1600w, https:\/\/stoll-freres.ch\/wp-content\/uploads\/2025\/11\/\u00a9-synergies-creatives-Laurent-Bailly-6-300x202.jpg 300w, https:\/\/stoll-freres.ch\/wp-content\/uploads\/2025\/11\/\u00a9-synergies-creatives-Laurent-Bailly-6-1024x689.jpg 1024w, https:\/\/stoll-freres.ch\/wp-content\/uploads\/2025\/11\/\u00a9-synergies-creatives-Laurent-Bailly-6-768x516.jpg 768w, https:\/\/stoll-freres.ch\/wp-content\/uploads\/2025\/11\/\u00a9-synergies-creatives-Laurent-Bailly-6-1536x1033.jpg 1536w, https:\/\/stoll-freres.ch\/wp-content\/uploads\/2025\/11\/\u00a9-synergies-creatives-Laurent-Bailly-6-18x12.jpg 18w\" sizes=\"(max-width: 1600px) 100vw, 1600px\" \/><\/div>\n\t\t<\/a>\n\t\t\t\t<div class=\"elementor-post__text\">\n\t\t\t\t<h2 class=\"elementor-post__title\">\n\t\t\t<a href=\"https:\/\/stoll-freres.ch\/pl\/rencontre-avec-marlene-ferreira-responsable-de-la-gestion-des-serres\/\" >\n\t\t\t\tWywiad z Marlene Ferreir\u0105, szefow\u0105 dzia\u0142u zarz\u0105dzania szklarniami\t\t\t<\/a>\n\t\t<\/h2>\n\t\t\t\t<div class=\"elementor-post__meta-data\">\n\t\t\t\t\t<span class=\"elementor-post-date\">\n\t\t\t06\/11\/2025\t\t<\/span>\n\t\t\t\t<\/div>\n\t\t\t\t<div class=\"elementor-post__excerpt\">\n\t\t\t<p>Przez ca\u0142y rok zapraszamy do poznania kobiet i m\u0119\u017cczyzn, kt\u00f3rzy po\u015bwi\u0119caj\u0105 swoj\u0105 energi\u0119 i wiedz\u0119 naszemu gospodarstwu. Dzi\u015b poznajemy Marlene Ferreir\u0119.<\/p>\n\t\t<\/div>\n\t\t\n\t\t<a class=\"elementor-post__read-more\" href=\"https:\/\/stoll-freres.ch\/pl\/rencontre-avec-marlene-ferreira-responsable-de-la-gestion-des-serres\/\" aria-label=\"Przeczytaj wi\u0119cej o wywiadzie z Marlene Ferreir\u0105, szefow\u0105 dzia\u0142u zarz\u0105dzania szklarniami\" tabindex=\"-1\" >\n\t\t\tZobacz wi\u0119cej\t\t<\/a>\n\n\t\t\t\t<\/div>\n\t\t\t\t<\/article>\n\t\t\t\t<article class=\"elementor-post elementor-grid-item post-2355 post type-post status-publish format-standard has-post-thumbnail hentry category-cultures-methodes category-saveurs-qualite\" role=\"listitem\">\n\t\t\t\t<a class=\"elementor-post__thumbnail__link\" href=\"https:\/\/stoll-freres.ch\/pl\/le-mini-concombre-le-snack-qui-gagne-du-terrain\/\" tabindex=\"-1\" >\n\t\t\t<div class=\"elementor-post__thumbnail\"><img loading=\"lazy\" decoding=\"async\" width=\"1600\" height=\"1076\" src=\"https:\/\/stoll-freres.ch\/wp-content\/uploads\/2025\/09\/Miniconcombre.jpg\" class=\"attachment-full size-full wp-image-2361\" alt=\"\" srcset=\"https:\/\/stoll-freres.ch\/wp-content\/uploads\/2025\/09\/Miniconcombre.jpg 1600w, https:\/\/stoll-freres.ch\/wp-content\/uploads\/2025\/09\/Miniconcombre-300x202.jpg 300w, https:\/\/stoll-freres.ch\/wp-content\/uploads\/2025\/09\/Miniconcombre-1024x689.jpg 1024w, https:\/\/stoll-freres.ch\/wp-content\/uploads\/2025\/09\/Miniconcombre-768x516.jpg 768w, https:\/\/stoll-freres.ch\/wp-content\/uploads\/2025\/09\/Miniconcombre-1536x1033.jpg 1536w, https:\/\/stoll-freres.ch\/wp-content\/uploads\/2025\/09\/Miniconcombre-18x12.jpg 18w\" sizes=\"(max-width: 1600px) 100vw, 1600px\" \/><\/div>\n\t\t<\/a>\n\t\t\t\t<div class=\"elementor-post__text\">\n\t\t\t\t<h2 class=\"elementor-post__title\">\n\t\t\t<a href=\"https:\/\/stoll-freres.ch\/pl\/le-mini-concombre-le-snack-qui-gagne-du-terrain\/\" >\n\t\t\t\tMini og\u00f3rek \u2013 przek\u0105ska, kt\u00f3ra zyskuje coraz wi\u0119ksz\u0105 popularno\u015b\u0107\t\t\t<\/a>\n\t\t<\/h2>\n\t\t\t\t<div class=\"elementor-post__meta-data\">\n\t\t\t\t\t<span class=\"elementor-post-date\">\n\t\t\t18\/09\/2025\t\t<\/span>\n\t\t\t\t<\/div>\n\t\t\t\t<div class=\"elementor-post__excerpt\">\n\t\t\t<p>W ramach Tygodnia Smaku zapraszamy za kulisy, aby odkry\u0107, co sprawia, \u017ce jeden z naszych nowych produkt\u00f3w jest tak pyszny: mini og\u00f3rek. Za t\u0105 pyszn\u0105 i \u0142atw\u0105 w jedzeniu przek\u0105sk\u0105 kryje si\u0119 skrupulatna selekcja, uprawa i zbiory, gdzie ka\u017cdy szczeg\u00f3\u0142 ma znaczenie, aby zapewni\u0107 autentyczny smak.<\/p>\n\t\t<\/div>\n\t\t\n\t\t<a class=\"elementor-post__read-more\" href=\"https:\/\/stoll-freres.ch\/pl\/le-mini-concombre-le-snack-qui-gagne-du-terrain\/\" aria-label=\"Przeczytaj wi\u0119cej o mini og\u00f3rkach, przek\u0105skach, kt\u00f3re zyskuj\u0105 coraz wi\u0119ksz\u0105 popularno\u015b\u0107\" tabindex=\"-1\" >\n\t\t\tZobacz wi\u0119cej\t\t<\/a>\n\n\t\t\t\t<\/div>\n\t\t\t\t<\/article>\n\t\t\t\t<article class=\"elementor-post elementor-grid-item post-2332 post type-post status-publish format-standard has-post-thumbnail hentry category-innovation-durabilite\" role=\"listitem\">\n\t\t\t\t<a class=\"elementor-post__thumbnail__link\" href=\"https:\/\/stoll-freres.ch\/pl\/un-champ-transforme-en-halte-migratoire-pour-des-milliers-doiseaux\/\" tabindex=\"-1\" >\n\t\t\t<div class=\"elementor-post__thumbnail\"><img loading=\"lazy\" decoding=\"async\" width=\"1600\" height=\"1076\" src=\"https:\/\/stoll-freres.ch\/wp-content\/uploads\/2025\/08\/Limicoles.jpg\" class=\"attachment-full size-full wp-image-2334\" alt=\"\" srcset=\"https:\/\/stoll-freres.ch\/wp-content\/uploads\/2025\/08\/Limicoles.jpg 1600w, https:\/\/stoll-freres.ch\/wp-content\/uploads\/2025\/08\/Limicoles-300x202.jpg 300w, https:\/\/stoll-freres.ch\/wp-content\/uploads\/2025\/08\/Limicoles-1024x689.jpg 1024w, https:\/\/stoll-freres.ch\/wp-content\/uploads\/2025\/08\/Limicoles-768x516.jpg 768w, https:\/\/stoll-freres.ch\/wp-content\/uploads\/2025\/08\/Limicoles-1536x1033.jpg 1536w, https:\/\/stoll-freres.ch\/wp-content\/uploads\/2025\/08\/Limicoles-18x12.jpg 18w\" sizes=\"(max-width: 1600px) 100vw, 1600px\" \/><\/div>\n\t\t<\/a>\n\t\t\t\t<div class=\"elementor-post__text\">\n\t\t\t\t<h2 class=\"elementor-post__title\">\n\t\t\t<a href=\"https:\/\/stoll-freres.ch\/pl\/un-champ-transforme-en-halte-migratoire-pour-des-milliers-doiseaux\/\" >\n\t\t\t\tPole zmieni\u0142o si\u0119 w przystanek migracyjny dla tysi\u0119cy ptak\u00f3w\t\t\t<\/a>\n\t\t<\/h2>\n\t\t\t\t<div class=\"elementor-post__meta-data\">\n\t\t\t\t\t<span class=\"elementor-post-date\">\n\t\t\t13\/08\/2025\t\t<\/span>\n\t\t\t\t<\/div>\n\t\t\t\t<div class=\"elementor-post__excerpt\">\n\t\t\t<p>Pi\u0119\u0107 hektar\u00f3w naszych p\u00f3l jest obecnie zalewanych, aby zapewni\u0107 miejsce odpoczynku ptakom w\u0119drownym. Dobrowolne zalewanie rozpocz\u0119\u0142o si\u0119 1 sierpnia we wsp\u00f3\u0142pracy ze Stowarzyszeniem Escales Limicoles \u2013 Rolnictwo i potrwa do 30 pa\u017adziernika. Po\u0142o\u017cone w Yverdon-les-Bains, miejsce, b\u0119d\u0105ce przedmiotem umowy mi\u0119dzy stronami, go\u015bci obecnie liczne ptaki w\u0119drowne zmierzaj\u0105ce ze Skandynawii i Syberii do swoich zimowisk.<\/p>\n\t\t<\/div>\n\t\t\n\t\t<a class=\"elementor-post__read-more\" href=\"https:\/\/stoll-freres.ch\/pl\/un-champ-transforme-en-halte-migratoire-pour-des-milliers-doiseaux\/\" aria-label=\"Przeczytaj wi\u0119cej o Pole przekszta\u0142cone w przystanek migracyjny dla tysi\u0119cy ptak\u00f3w\" tabindex=\"-1\" >\n\t\t\tZobacz wi\u0119cej\t\t<\/a>\n\n\t\t\t\t<\/div>\n\t\t\t\t<\/article>\n\t\t\t\t<article class=\"elementor-post elementor-grid-item post-2243 post type-post status-publish format-standard has-post-thumbnail hentry category-cultures-methodes category-saveurs-qualite\" role=\"listitem\">\n\t\t\t\t<a class=\"elementor-post__thumbnail__link\" href=\"https:\/\/stoll-freres.ch\/pl\/la-qualite-des-legumes-se-joue-aussi-dans-les-infrastructures\/\" tabindex=\"-1\" >\n\t\t\t<div class=\"elementor-post__thumbnail\"><img loading=\"lazy\" decoding=\"async\" width=\"1600\" height=\"1076\" src=\"https:\/\/stoll-freres.ch\/wp-content\/uploads\/2025\/07\/culture.jpg\" class=\"attachment-full size-full wp-image-2249\" alt=\"\" srcset=\"https:\/\/stoll-freres.ch\/wp-content\/uploads\/2025\/07\/culture.jpg 1600w, https:\/\/stoll-freres.ch\/wp-content\/uploads\/2025\/07\/culture-300x202.jpg 300w, https:\/\/stoll-freres.ch\/wp-content\/uploads\/2025\/07\/culture-1024x689.jpg 1024w, https:\/\/stoll-freres.ch\/wp-content\/uploads\/2025\/07\/culture-768x516.jpg 768w, https:\/\/stoll-freres.ch\/wp-content\/uploads\/2025\/07\/culture-1536x1033.jpg 1536w, https:\/\/stoll-freres.ch\/wp-content\/uploads\/2025\/07\/culture-18x12.jpg 18w\" sizes=\"(max-width: 1600px) 100vw, 1600px\" \/><\/div>\n\t\t<\/a>\n\t\t\t\t<div class=\"elementor-post__text\">\n\t\t\t\t<h2 class=\"elementor-post__title\">\n\t\t\t<a href=\"https:\/\/stoll-freres.ch\/pl\/la-qualite-des-legumes-se-joue-aussi-dans-les-infrastructures\/\" >\n\t\t\t\tNa jako\u015b\u0107 warzyw wp\u0142ywa r\u00f3wnie\u017c infrastruktura\t\t\t<\/a>\n\t\t<\/h2>\n\t\t\t\t<div class=\"elementor-post__meta-data\">\n\t\t\t\t\t<span class=\"elementor-post-date\">\n\t\t\t03\/07\/2025\t\t<\/span>\n\t\t\t\t<\/div>\n\t\t\t\t<div class=\"elementor-post__excerpt\">\n\t\t\t<p>Wyb\u00f3r odmiany, nawadnianie, \u015bwiat\u0142o, sk\u0142adniki od\u017cywcze, czas zbior\u00f3w, przechowywanie... Te i wiele innych czynnik\u00f3w wp\u0142ywa na jako\u015b\u0107 i smak warzyw. W tle kluczowe jest utrzymanie infrastruktury: aby idealne warunki by\u0142y spe\u0142nione dzie\u0144 po dniu, wszystko musi dzia\u0142a\u0107.<\/p>\n\t\t<\/div>\n\t\t\n\t\t<a class=\"elementor-post__read-more\" href=\"https:\/\/stoll-freres.ch\/pl\/la-qualite-des-legumes-se-joue-aussi-dans-les-infrastructures\/\" aria-label=\"Dowiedz si\u0119 wi\u0119cej o tym, jak jako\u015b\u0107 warzyw zale\u017cy r\u00f3wnie\u017c od infrastruktury\" tabindex=\"-1\" >\n\t\t\tZobacz wi\u0119cej\t\t<\/a>\n\n\t\t\t\t<\/div>\n\t\t\t\t<\/article>\n\t\t\t\t<article class=\"elementor-post elementor-grid-item post-2226 post type-post status-publish format-standard has-post-thumbnail hentry category-achat-vente-logistique\" role=\"listitem\">\n\t\t\t\t<a class=\"elementor-post__thumbnail__link\" href=\"https:\/\/stoll-freres.ch\/pl\/dans-les-coulisses-de-nos-livraisons-7j-7\/\" tabindex=\"-1\" >\n\t\t\t<div class=\"elementor-post__thumbnail\"><img loading=\"lazy\" decoding=\"async\" width=\"1600\" height=\"1076\" src=\"https:\/\/stoll-freres.ch\/wp-content\/uploads\/2025\/05\/Logistique.jpg\" class=\"attachment-full size-full wp-image-2227\" alt=\"\" srcset=\"https:\/\/stoll-freres.ch\/wp-content\/uploads\/2025\/05\/Logistique.jpg 1600w, https:\/\/stoll-freres.ch\/wp-content\/uploads\/2025\/05\/Logistique-300x202.jpg 300w, https:\/\/stoll-freres.ch\/wp-content\/uploads\/2025\/05\/Logistique-1024x689.jpg 1024w, https:\/\/stoll-freres.ch\/wp-content\/uploads\/2025\/05\/Logistique-768x516.jpg 768w, https:\/\/stoll-freres.ch\/wp-content\/uploads\/2025\/05\/Logistique-1536x1033.jpg 1536w, https:\/\/stoll-freres.ch\/wp-content\/uploads\/2025\/05\/Logistique-18x12.jpg 18w\" sizes=\"(max-width: 1600px) 100vw, 1600px\" \/><\/div>\n\t\t<\/a>\n\t\t\t\t<div class=\"elementor-post__text\">\n\t\t\t\t<h2 class=\"elementor-post__title\">\n\t\t\t<a href=\"https:\/\/stoll-freres.ch\/pl\/dans-les-coulisses-de-nos-livraisons-7j-7\/\" >\n\t\t\t\tZa kulisami naszych dostaw 7\/7\t\t\t<\/a>\n\t\t<\/h2>\n\t\t\t\t<div class=\"elementor-post__meta-data\">\n\t\t\t\t\t<span class=\"elementor-post-date\">\n\t\t\t27\/05\/2025\t\t<\/span>\n\t\t\t\t<\/div>\n\t\t\t\t<div class=\"elementor-post__excerpt\">\n\t\t\t<p>Aby mie\u0107 pewno\u015b\u0107, \u017ce na p\u00f3\u0142kach naszych klient\u00f3w zawsze znajd\u0105 si\u0119 \u015bwie\u017ce owoce i warzywa, wdro\u017cyli\u015bmy rozwi\u0105zania logistyczne, kt\u00f3re obejmuj\u0105 ca\u0142\u0105 struktur\u0119 firmy. Jak? Manuel Matos i Armando Ribeiro zapraszaj\u0105 do odwiedzenia ich bazy w Yverdon-les-Bains i odwiedzenia dr\u00f3g Szwajcarii.<\/p>\n\t\t<\/div>\n\t\t\n\t\t<a class=\"elementor-post__read-more\" href=\"https:\/\/stoll-freres.ch\/pl\/dans-les-coulisses-de-nos-livraisons-7j-7\/\" aria-label=\"Dowiedz si\u0119 wi\u0119cej o kulisach naszych dostaw 7\/7\" tabindex=\"-1\" >\n\t\t\tZobacz wi\u0119cej\t\t<\/a>\n\n\t\t\t\t<\/div>\n\t\t\t\t<\/article>\n\t\t\t\t<\/div>\n\t\t\t\t\t<span class=\"e-load-more-spinner\">\n\t\t\t\t<svg aria-hidden=\"true\" class=\"e-font-icon-svg e-fas-spinner\" viewbox=\"0 0 512 512\" xmlns=\"http:\/\/www.w3.org\/2000\/svg\"><path d=\"M304 48c0 26.51-21.49 48-48 48s-48-21.49-48-48 21.49-48 48-48 48 21.49 48 48zm-48 368c-26.51 0-48 21.49-48 48s21.49 48 48 48 48-21.49 48-48-21.49-48-48-48zm208-208c-26.51 0-48 21.49-48 48s21.49 48 48 48 48-21.49 48-48-21.49-48-48-48zM96 256c0-26.51-21.49-48-48-48S0 229.49 0 256s21.49 48 48 48 48-21.49 48-48zm12.922 99.078c-26.51 0-48 21.49-48 48s21.49 48 48 48 48-21.49 48-48c0-26.509-21.491-48-48-48zm294.156 0c-26.51 0-48 21.49-48 48s21.49 48 48 48 48-21.49 48-48c0-26.509-21.49-48-48-48zM108.922 60.922c-26.51 0-48 21.49-48 48s21.49 48 48 48 48-21.49 48-48-21.491-48-48-48z\"><\/path><\/svg>\t\t\t<\/span>\n\t\t\n\t\t\t\t<div class=\"e-load-more-anchor\" data-page=\"1\" data-max-page=\"2\" data-next-page=\"https:\/\/stoll-freres.ch\/pl\/wp-json\/wp\/v2\/pages\/1761\/page\/2\/\"><\/div>\n\t\t\t\t<div class=\"e-load-more-message\"><\/div>\n\t\t\t\t\t\t<\/div>\n\t\t\t\t<\/div>\n\t\t\t\t<div class=\"elementor-element elementor-element-ae426e7 elementor-widget elementor-widget-spacer\" data-id=\"ae426e7\" data-element_type=\"widget\" data-e-type=\"widget\" data-widget_type=\"spacer.default\">\n\t\t\t\t<div class=\"elementor-widget-container\">\n\t\t\t\t\t\t\t<div class=\"elementor-spacer\">\n\t\t\t<div class=\"elementor-spacer-inner\"><\/div>\n\t\t<\/div>\n\t\t\t\t\t\t<\/div>\n\t\t\t\t<\/div>\n\t\t\t\t\t<\/div>\n\t\t<\/div>\n\t\t\t\t\t<\/div>\n\t\t<\/section>\n\t\t\t\t<\/div>","protected":false},"excerpt":{"rendered":"<p>Aktualno\u015bci Nasze aktualno\u015bci \u015aled\u017a nasze publikacje i b\u0105d\u017a na bie\u017c\u0105co na LinkedIn i Facebooku<\/p>","protected":false},"author":1,"featured_media":0,"parent":0,"menu_order":0,"comment_status":"closed","ping_status":"closed","template":"","meta":{"footnotes":""},"class_list":["post-1761","page","type-page","status-publish","hentry"],"yoast_head":"<!-- This site is optimized with the Yoast SEO plugin v28.3 - https:\/\/yoast.com\/product\/yoast-seo-wordpress\/ -->\n<title>Actualit\u00e9s - STOLL Fr\u00e8res SA<\/title>\n<meta name=\"description\" content=\"Suivez nos actualit\u00e9s et restons en contact sur LinkedIn et Facebook\" \/>\n<meta name=\"robots\" content=\"index, follow, max-snippet:-1, max-image-preview:large, max-video-preview:-1\" \/>\n<link rel=\"canonical\" href=\"https:\/\/stoll-freres.ch\/pl\/aktualnosci\/\" \/>\n<meta property=\"og:locale\" content=\"pl_PL\" \/>\n<meta property=\"og:type\" content=\"article\" \/>\n<meta property=\"og:title\" content=\"Actualit\u00e9s - STOLL Fr\u00e8res SA\" \/>\n<meta property=\"og:description\" content=\"Suivez nos actualit\u00e9s et restons en contact sur LinkedIn et Facebook\" \/>\n<meta property=\"og:url\" content=\"https:\/\/stoll-freres.ch\/pl\/aktualnosci\/\" \/>\n<meta property=\"og:site_name\" content=\"STOLL Fr\u00e8res SA\" \/>\n<meta property=\"article:modified_time\" content=\"2026-05-20T13:34:45+00:00\" \/>\n<meta name=\"twitter:card\" content=\"summary_large_image\" \/>\n<meta name=\"twitter:label1\" content=\"Szacowany czas czytania\" \/>\n\t<meta name=\"twitter:data1\" content=\"15 minut\" \/>\n<script type=\"application\/ld+json\" class=\"yoast-schema-graph\">{\"@context\":\"https:\\\/\\\/schema.org\",\"@graph\":[{\"@type\":\"WebPage\",\"@id\":\"https:\\\/\\\/stoll-freres.ch\\\/actualites\\\/\",\"url\":\"https:\\\/\\\/stoll-freres.ch\\\/actualites\\\/\",\"name\":\"Actualit\u00e9s - STOLL Fr\u00e8res SA\",\"isPartOf\":{\"@id\":\"https:\\\/\\\/stoll-freres.ch\\\/#website\"},\"datePublished\":\"2025-03-11T10:27:42+00:00\",\"dateModified\":\"2026-05-20T13:34:45+00:00\",\"description\":\"Suivez nos actualit\u00e9s et restons en contact sur LinkedIn et Facebook\",\"breadcrumb\":{\"@id\":\"https:\\\/\\\/stoll-freres.ch\\\/actualites\\\/#breadcrumb\"},\"inLanguage\":\"pl-PL\",\"potentialAction\":[{\"@type\":\"ReadAction\",\"target\":[\"https:\\\/\\\/stoll-freres.ch\\\/actualites\\\/\"]}]},{\"@type\":\"BreadcrumbList\",\"@id\":\"https:\\\/\\\/stoll-freres.ch\\\/actualites\\\/#breadcrumb\",\"itemListElement\":[{\"@type\":\"ListItem\",\"position\":1,\"name\":\"Accueil\",\"item\":\"https:\\\/\\\/stoll-freres.ch\\\/fr\\\/\"},{\"@type\":\"ListItem\",\"position\":2,\"name\":\"Actualit\u00e9s\"}]},{\"@type\":\"WebSite\",\"@id\":\"https:\\\/\\\/stoll-freres.ch\\\/#website\",\"url\":\"https:\\\/\\\/stoll-freres.ch\\\/\",\"name\":\"STOLL Fr\u00e8res SA\",\"description\":\"Primeurs en gros\",\"publisher\":{\"@id\":\"https:\\\/\\\/stoll-freres.ch\\\/#organization\"},\"potentialAction\":[{\"@type\":\"SearchAction\",\"target\":{\"@type\":\"EntryPoint\",\"urlTemplate\":\"https:\\\/\\\/stoll-freres.ch\\\/?s={search_term_string}\"},\"query-input\":{\"@type\":\"PropertyValueSpecification\",\"valueRequired\":true,\"valueName\":\"search_term_string\"}}],\"inLanguage\":\"pl-PL\"},{\"@type\":\"Organization\",\"@id\":\"https:\\\/\\\/stoll-freres.ch\\\/#organization\",\"name\":\"STOLL Fr\u00e8res SA\",\"url\":\"https:\\\/\\\/stoll-freres.ch\\\/\",\"logo\":{\"@type\":\"ImageObject\",\"inLanguage\":\"pl-PL\",\"@id\":\"https:\\\/\\\/stoll-freres.ch\\\/#\\\/schema\\\/logo\\\/image\\\/\",\"url\":\"https:\\\/\\\/stoll-freres.ch\\\/wp-content\\\/uploads\\\/2024\\\/10\\\/Stoll_Logo.png\",\"contentUrl\":\"https:\\\/\\\/stoll-freres.ch\\\/wp-content\\\/uploads\\\/2024\\\/10\\\/Stoll_Logo.png\",\"width\":800,\"height\":452,\"caption\":\"STOLL Fr\u00e8res SA\"},\"image\":{\"@id\":\"https:\\\/\\\/stoll-freres.ch\\\/#\\\/schema\\\/logo\\\/image\\\/\"}}]}<\/script>\n<!-- \/ Yoast SEO plugin. -->","yoast_head_json":{"title":"Aktualno\u015bci - STOLL Fr\u00e8res SA","description":"\u015aled\u017a nasze aktualno\u015bci i b\u0105d\u017amy w kontakcie na LinkedIn i Facebooku","robots":{"index":"index","follow":"follow","max-snippet":"max-snippet:-1","max-image-preview":"max-image-preview:large","max-video-preview":"max-video-preview:-1"},"canonical":"https:\/\/stoll-freres.ch\/pl\/aktualnosci\/","og_locale":"pl_PL","og_type":"article","og_title":"Actualit\u00e9s - STOLL Fr\u00e8res SA","og_description":"Suivez nos actualit\u00e9s et restons en contact sur LinkedIn et Facebook","og_url":"https:\/\/stoll-freres.ch\/pl\/aktualnosci\/","og_site_name":"STOLL Fr\u00e8res SA","article_modified_time":"2026-05-20T13:34:45+00:00","twitter_card":"summary_large_image","twitter_misc":{"Szacowany czas czytania":"15 minut"},"schema":{"@context":"https:\/\/schema.org","@graph":[{"@type":"WebPage","@id":"https:\/\/stoll-freres.ch\/actualites\/","url":"https:\/\/stoll-freres.ch\/actualites\/","name":"Aktualno\u015bci - STOLL Fr\u00e8res SA","isPartOf":{"@id":"https:\/\/stoll-freres.ch\/#website"},"datePublished":"2025-03-11T10:27:42+00:00","dateModified":"2026-05-20T13:34:45+00:00","description":"\u015aled\u017a nasze aktualno\u015bci i b\u0105d\u017amy w kontakcie na LinkedIn i Facebooku","breadcrumb":{"@id":"https:\/\/stoll-freres.ch\/actualites\/#breadcrumb"},"inLanguage":"pl-PL","potentialAction":[{"@type":"ReadAction","target":["https:\/\/stoll-freres.ch\/actualites\/"]}]},{"@type":"BreadcrumbList","@id":"https:\/\/stoll-freres.ch\/actualites\/#breadcrumb","itemListElement":[{"@type":"ListItem","position":1,"name":"Accueil","item":"https:\/\/stoll-freres.ch\/fr\/"},{"@type":"ListItem","position":2,"name":"Actualit\u00e9s"}]},{"@type":"WebSite","@id":"https:\/\/stoll-freres.ch\/#website","url":"https:\/\/stoll-freres.ch\/","name":"STOLL Fr\u00e8res SA","description":"Premiery hurtowe","publisher":{"@id":"https:\/\/stoll-freres.ch\/#organization"},"potentialAction":[{"@type":"SearchAction","target":{"@type":"EntryPoint","urlTemplate":"https:\/\/stoll-freres.ch\/?s={search_term_string}"},"query-input":{"@type":"PropertyValueSpecification","valueRequired":true,"valueName":"search_term_string"}}],"inLanguage":"pl-PL"},{"@type":"Organization","@id":"https:\/\/stoll-freres.ch\/#organization","name":"STOLL Fr\u00e8res SA","url":"https:\/\/stoll-freres.ch\/","logo":{"@type":"ImageObject","inLanguage":"pl-PL","@id":"https:\/\/stoll-freres.ch\/#\/schema\/logo\/image\/","url":"https:\/\/stoll-freres.ch\/wp-content\/uploads\/2024\/10\/Stoll_Logo.png","contentUrl":"https:\/\/stoll-freres.ch\/wp-content\/uploads\/2024\/10\/Stoll_Logo.png","width":800,"height":452,"caption":"STOLL Fr\u00e8res SA"},"image":{"@id":"https:\/\/stoll-freres.ch\/#\/schema\/logo\/image\/"}}]}},"_links":{"self":[{"href":"https:\/\/stoll-freres.ch\/pl\/wp-json\/wp\/v2\/pages\/1761","targetHints":{"allow":["GET"]}}],"collection":[{"href":"https:\/\/stoll-freres.ch\/pl\/wp-json\/wp\/v2\/pages"}],"about":[{"href":"https:\/\/stoll-freres.ch\/pl\/wp-json\/wp\/v2\/types\/page"}],"author":[{"embeddable":true,"href":"https:\/\/stoll-freres.ch\/pl\/wp-json\/wp\/v2\/users\/1"}],"replies":[{"embeddable":true,"href":"https:\/\/stoll-freres.ch\/pl\/wp-json\/wp\/v2\/comments?post=1761"}],"version-history":[{"count":130,"href":"https:\/\/stoll-freres.ch\/pl\/wp-json\/wp\/v2\/pages\/1761\/revisions"}],"predecessor-version":[{"id":2732,"href":"https:\/\/stoll-freres.ch\/pl\/wp-json\/wp\/v2\/pages\/1761\/revisions\/2732"}],"wp:attachment":[{"href":"https:\/\/stoll-freres.ch\/pl\/wp-json\/wp\/v2\/media?parent=1761"}],"curies":[{"name":"wp","href":"https:\/\/api.w.org\/{rel}","templated":true}]}}