{"id":325,"date":"2024-12-18T09:45:47","date_gmt":"2024-12-18T08:45:47","guid":{"rendered":"https:\/\/stoll-freres.ch\/?page_id=325"},"modified":"2025-11-25T14:09:13","modified_gmt":"2025-11-25T13:09:13","slug":"a-propos","status":"publish","type":"page","link":"https:\/\/stoll-freres.ch\/de\/a-propos\/","title":{"rendered":"Um"},"content":{"rendered":"<div data-elementor-type=\"wp-page\" data-elementor-id=\"325\" class=\"elementor elementor-325\" data-elementor-post-type=\"page\">\n\t\t\t\t\t\t<section class=\"elementor-section elementor-top-section elementor-element elementor-element-9ae861d elementor-section-height-min-height elementor-section-items-bottom elementor-section-boxed elementor-section-height-default\" data-id=\"9ae861d\" data-element_type=\"section\" data-e-type=\"section\" data-settings=\"{&quot;background_background&quot;:&quot;classic&quot;}\">\n\t\t\t\t\t\t<div class=\"elementor-container elementor-column-gap-default\">\n\t\t\t\t\t<div class=\"elementor-column elementor-col-100 elementor-top-column elementor-element elementor-element-f2ebb22\" data-id=\"f2ebb22\" data-element_type=\"column\" data-e-type=\"column\">\n\t\t\t<div class=\"elementor-widget-wrap elementor-element-populated\">\n\t\t\t\t\t\t<div class=\"elementor-element elementor-element-0a34558 elementor-widget elementor-widget-heading\" data-id=\"0a34558\" data-element_type=\"widget\" data-e-type=\"widget\" data-widget_type=\"heading.default\">\n\t\t\t\t<div class=\"elementor-widget-container\">\n\t\t\t\t\t<h1 class=\"elementor-heading-title elementor-size-default\">Um<\/h1>\t\t\t\t<\/div>\n\t\t\t\t<\/div>\n\t\t\t\t<div class=\"elementor-element elementor-element-4bf6898 elementor-widget elementor-widget-heading\" data-id=\"4bf6898\" data-element_type=\"widget\" data-e-type=\"widget\" data-widget_type=\"heading.default\">\n\t\t\t\t<div class=\"elementor-widget-container\">\n\t\t\t\t\t<h2 class=\"elementor-heading-title elementor-size-default\">Unser Unternehmen<\/h2>\t\t\t\t<\/div>\n\t\t\t\t<\/div>\n\t\t\t\t<div class=\"elementor-element elementor-element-0cc06c2 elementor-widget__width-initial elementor-widget elementor-widget-heading\" data-id=\"0cc06c2\" data-element_type=\"widget\" data-e-type=\"widget\" data-widget_type=\"heading.default\">\n\t\t\t\t<div class=\"elementor-widget-container\">\n\t\t\t\t\t<h2 class=\"elementor-heading-title elementor-size-default\">Gem\u00fcseanbauer und Unternehmer seit 1982<\/h2>\t\t\t\t<\/div>\n\t\t\t\t<\/div>\n\t\t\t\t<div class=\"elementor-element elementor-element-d8ec185 elementor-widget elementor-widget-spacer\" data-id=\"d8ec185\" data-element_type=\"widget\" data-e-type=\"widget\" data-widget_type=\"spacer.default\">\n\t\t\t\t<div class=\"elementor-widget-container\">\n\t\t\t\t\t\t\t<div class=\"elementor-spacer\">\n\t\t\t<div class=\"elementor-spacer-inner\"><\/div>\n\t\t<\/div>\n\t\t\t\t\t\t<\/div>\n\t\t\t\t<\/div>\n\t\t\t\t\t<\/div>\n\t\t<\/div>\n\t\t\t\t\t<\/div>\n\t\t<\/section>\n\t\t\t\t<section class=\"elementor-section elementor-top-section elementor-element elementor-element-97e63dc elementor-section-full_width elementor-section-height-default elementor-section-height-default\" data-id=\"97e63dc\" data-element_type=\"section\" data-e-type=\"section\" data-settings=\"{&quot;background_background&quot;:&quot;classic&quot;}\">\n\t\t\t\t\t\t<div class=\"elementor-container elementor-column-gap-default\">\n\t\t\t\t\t<div class=\"elementor-column elementor-col-100 elementor-top-column elementor-element elementor-element-9f78426\" data-id=\"9f78426\" data-element_type=\"column\" data-e-type=\"column\">\n\t\t\t<div class=\"elementor-widget-wrap elementor-element-populated\">\n\t\t\t\t\t\t<section class=\"elementor-section elementor-inner-section elementor-element elementor-element-ad8b06e elementor-section-boxed elementor-section-height-default elementor-section-height-default\" data-id=\"ad8b06e\" data-element_type=\"section\" data-e-type=\"section\">\n\t\t\t\t\t\t<div class=\"elementor-container elementor-column-gap-default\">\n\t\t\t\t\t<div class=\"elementor-column elementor-col-50 elementor-inner-column elementor-element elementor-element-c67ed72\" data-id=\"c67ed72\" data-element_type=\"column\" data-e-type=\"column\" data-settings=\"{&quot;background_background&quot;:&quot;classic&quot;}\">\n\t\t\t<div class=\"elementor-widget-wrap elementor-element-populated\">\n\t\t\t\t\t\t<div class=\"elementor-element elementor-element-233c963 elementor-widget__width-initial elementor-widget elementor-widget-text-editor\" data-id=\"233c963\" data-element_type=\"widget\" data-e-type=\"widget\" data-widget_type=\"text-editor.default\">\n\t\t\t\t<div class=\"elementor-widget-container\">\n\t\t\t\t\t\t\t\t\t<h3>Das Unternehmen der Familie Stoll in Yverdon-les-Bains (VD) ist in der Gem\u00fcseproduktion und in der Vermarktung von Obst und Gem\u00fcse f\u00fcr Superm\u00e4rkte, den Gro\u00dfhandel und Primeurs t\u00e4tig.<\/h3>\t\t\t\t\t\t\t\t<\/div>\n\t\t\t\t<\/div>\n\t\t\t\t<div class=\"elementor-element elementor-element-64ec459 elementor-widget__width-initial puces elementor-widget elementor-widget-text-editor\" data-id=\"64ec459\" data-element_type=\"widget\" data-e-type=\"widget\" data-widget_type=\"text-editor.default\">\n\t\t\t\t<div class=\"elementor-widget-container\">\n\t\t\t\t\t\t\t\t\t<p>Sie besteht aus f\u00fcnf Einheiten:<\/p><ul><li><strong>Stoll Production SA<\/strong> die in der Orbe-Ebene Gem\u00fcse anbaut<\/li><li><strong>Stoll Fr\u00e8res SA<\/strong> verantwortlich f\u00fcr die Logistik und Vermarktung von Obst und Gem\u00fcse aus eigener Produktion oder von Partnern.<\/li><li><strong>Stoll Immobilier SA<\/strong> f\u00fcr die Verwaltung des baulichen Erbes<\/li><li><strong>MalmEnergie Naturelle SA<\/strong> f\u00fcr Projekte im Bereich der Geothermie und der Versorgung mit erneuerbaren Energien<\/li><li><strong> Unifrais SA<\/strong>\u00a0die Produzenten f\u00fcr die Vermarktung von Obst und Gem\u00fcse zusammenbringt und deren Verwaltungst\u00e4tigkeiten wir \u00fcbernehmen<\/li><\/ul>\t\t\t\t\t\t\t\t<\/div>\n\t\t\t\t<\/div>\n\t\t\t\t\t<\/div>\n\t\t<\/div>\n\t\t\t\t<div class=\"elementor-column elementor-col-50 elementor-inner-column elementor-element elementor-element-4e269fe\" data-id=\"4e269fe\" data-element_type=\"column\" data-e-type=\"column\">\n\t\t\t<div class=\"elementor-widget-wrap elementor-element-populated\">\n\t\t\t\t\t\t<div class=\"elementor-element elementor-element-84a8988 animated-slow elementor-invisible elementor-widget elementor-widget-image\" data-id=\"84a8988\" data-element_type=\"widget\" data-e-type=\"widget\" data-settings=\"{&quot;_animation&quot;:&quot;slideInRight&quot;}\" data-widget_type=\"image.default\">\n\t\t\t\t<div class=\"elementor-widget-container\">\n\t\t\t\t\t\t\t\t\t\t\t\t\t\t\t<img fetchpriority=\"high\" decoding=\"async\" width=\"1600\" height=\"973\" src=\"https:\/\/stoll-freres.ch\/wp-content\/uploads\/2024\/12\/Stoll_A_propos.webp\" class=\"attachment-full size-full wp-image-333\" alt=\"Tomaten geh\u00f6ren zu den Vorzeigeprodukten des Familienunternehmens.\" srcset=\"https:\/\/stoll-freres.ch\/wp-content\/uploads\/2024\/12\/Stoll_A_propos.webp 1600w, https:\/\/stoll-freres.ch\/wp-content\/uploads\/2024\/12\/Stoll_A_propos-300x182.webp 300w, https:\/\/stoll-freres.ch\/wp-content\/uploads\/2024\/12\/Stoll_A_propos-1024x623.webp 1024w, https:\/\/stoll-freres.ch\/wp-content\/uploads\/2024\/12\/Stoll_A_propos-768x467.webp 768w, https:\/\/stoll-freres.ch\/wp-content\/uploads\/2024\/12\/Stoll_A_propos-1536x934.webp 1536w\" sizes=\"(max-width: 1600px) 100vw, 1600px\" \/>\t\t\t\t\t\t\t\t\t\t\t\t\t\t\t<\/div>\n\t\t\t\t<\/div>\n\t\t\t\t\t<\/div>\n\t\t<\/div>\n\t\t\t\t\t<\/div>\n\t\t<\/section>\n\t\t\t\t\t<\/div>\n\t\t<\/div>\n\t\t\t\t\t<\/div>\n\t\t<\/section>\n\t\t\t\t<section class=\"elementor-section elementor-top-section elementor-element elementor-element-9c0ef15 elementor-section-full_width elementor-section-height-default elementor-section-height-default\" data-id=\"9c0ef15\" data-element_type=\"section\" data-e-type=\"section\">\n\t\t\t\t\t\t<div class=\"elementor-container elementor-column-gap-default\">\n\t\t\t\t\t<div class=\"elementor-column elementor-col-100 elementor-top-column elementor-element elementor-element-703e515\" data-id=\"703e515\" data-element_type=\"column\" data-e-type=\"column\">\n\t\t\t<div class=\"elementor-widget-wrap elementor-element-populated\">\n\t\t\t\t\t\t<div class=\"elementor-element elementor-element-f3bbc79 elementor-widget-divider--view-line elementor-widget elementor-widget-divider\" data-id=\"f3bbc79\" data-element_type=\"widget\" data-e-type=\"widget\" data-widget_type=\"divider.default\">\n\t\t\t\t<div class=\"elementor-widget-container\">\n\t\t\t\t\t\t\t<div class=\"elementor-divider\">\n\t\t\t<span class=\"elementor-divider-separator\">\n\t\t\t\t\t\t<\/span>\n\t\t<\/div>\n\t\t\t\t\t\t<\/div>\n\t\t\t\t<\/div>\n\t\t\t\t\t<\/div>\n\t\t<\/div>\n\t\t\t\t\t<\/div>\n\t\t<\/section>\n\t\t\t\t<section class=\"elementor-section elementor-top-section elementor-element elementor-element-8c3ffbe elementor-section-boxed elementor-section-height-default elementor-section-height-default\" data-id=\"8c3ffbe\" data-element_type=\"section\" data-e-type=\"section\">\n\t\t\t\t\t\t<div class=\"elementor-container elementor-column-gap-default\">\n\t\t\t\t\t<div class=\"elementor-column elementor-col-100 elementor-top-column elementor-element elementor-element-539f58c\" data-id=\"539f58c\" data-element_type=\"column\" data-e-type=\"column\">\n\t\t\t<div class=\"elementor-widget-wrap elementor-element-populated\">\n\t\t\t\t\t\t<div class=\"elementor-element elementor-element-45a3cd9 elementor-widget elementor-widget-heading\" data-id=\"45a3cd9\" data-element_type=\"widget\" data-e-type=\"widget\" data-widget_type=\"heading.default\">\n\t\t\t\t<div class=\"elementor-widget-container\">\n\t\t\t\t\t<h2 class=\"elementor-heading-title elementor-size-default\">Unsere Geschichte<\/h2>\t\t\t\t<\/div>\n\t\t\t\t<\/div>\n\t\t\t\t\t<\/div>\n\t\t<\/div>\n\t\t\t\t\t<\/div>\n\t\t<\/section>\n\t\t\t\t<section class=\"elementor-section elementor-top-section elementor-element elementor-element-2eb6965 elementor-section-boxed elementor-section-height-default elementor-section-height-default\" data-id=\"2eb6965\" data-element_type=\"section\" data-e-type=\"section\">\n\t\t\t\t\t\t<div class=\"elementor-container elementor-column-gap-default\">\n\t\t\t\t\t<div class=\"elementor-column elementor-col-100 elementor-top-column elementor-element elementor-element-7c1adab\" data-id=\"7c1adab\" data-element_type=\"column\" data-e-type=\"column\">\n\t\t\t<div class=\"elementor-widget-wrap elementor-element-populated\">\n\t\t\t\t\t\t<div class=\"elementor-element elementor-element-1f1aacb elementor-widget elementor-widget-timeline-widget-addon\" data-id=\"1f1aacb\" data-element_type=\"widget\" data-e-type=\"widget\" data-widget_type=\"timeline-widget-addon.default\">\n\t\t\t\t<div class=\"elementor-widget-container\">\n\t\t\t\t\t<!-- ========= Timeline Widget Addon For Elementor 1.6.24 ========= -->\n<div id=\"twae-wrapper-1f1aacb\" class=\"twae-vertical twae-wrapper  twae-both-sided\">   \n    <div class=\"twae-start\"><\/div>    \n    <div id=\"twea-timeline-1f1aacb\" class=\"twae-timeline\" ><!-- Start of Story Repeater Content --><div id=\"story-ea51954\" class=\"twae-story twae-repeater-item twae-story-right twae-story-no-icon\"><!-- Story Label --><div class=\"twae-labels\"><div class=\"twae-label-big\">1977<\/div><\/div><!-- Story Icon --><div class=\"twae-icon\"><i aria-hidden=\"true\" class=\"far fa-clock\"><\/i><\/div><!-- Story Arrow --><div class=\"twae-arrow\"><\/div><!-- Start of Story Content --><div class=\"twae-content\"><!-- Story Description --><div class=\"twae-description\"><p>Roland Stoll ist im Herzen ein Unternehmer, obwohl er noch ein Teenager ist. Er verkauft Melonen in seinem Dorf.<\/p><\/div><\/div><\/div><!-- Start of Story Repeater Content --><div id=\"story-6db4857\" class=\"twae-story twae-repeater-item twae-story-left twae-story-no-icon\"><!-- Story Label --><div class=\"twae-labels\"><div class=\"twae-label-big\">1982<\/div><\/div><!-- Story Icon --><div class=\"twae-icon\"><i aria-hidden=\"true\" class=\"far fa-clock\"><\/i><\/div><!-- Story Arrow --><div class=\"twae-arrow\"><\/div><!-- Start of Story Content --><div class=\"twae-content\"><!-- Story Description --><div class=\"twae-description\"><p>Gr\u00fcndung des Gem\u00fcseanbaubetriebes: Die beiden Br\u00fcder Roland und Willy kaufen einen Bauernhof. Roland, 17, ist noch im zweiten Lehrjahr.<\/p><\/div><\/div><\/div><!-- Start of Story Repeater Content --><div id=\"story-5be4244\" class=\"twae-story twae-repeater-item twae-story-right twae-story-no-icon\"><!-- Story Label --><div class=\"twae-labels\"><div class=\"twae-label-big\">1984<\/div><\/div><!-- Story Icon --><div class=\"twae-icon\"><i aria-hidden=\"true\" class=\"far fa-clock\"><\/i><\/div><!-- Story Arrow --><div class=\"twae-arrow\"><\/div><!-- Start of Story Content --><div class=\"twae-content\"><!-- Story Description --><div class=\"twae-description\"><p>Erh\u00f6hte Produktion: Dies ist unser mutiger Ansatz zur Massenverteilung. 1985 begannen wir mit einem Schweizer Riesen zusammenzuarbeiten.<\/p><\/div><\/div><\/div><!-- Start of Story Repeater Content --><div id=\"story-494fd18\" class=\"twae-story twae-repeater-item twae-story-left twae-story-no-icon\"><!-- Story Label --><div class=\"twae-labels\"><div class=\"twae-label-big\">1985<\/div><\/div><!-- Story Icon --><div class=\"twae-icon\"><i aria-hidden=\"true\" class=\"far fa-clock\"><\/i><\/div><!-- Story Arrow --><div class=\"twae-arrow\"><\/div><!-- Start of Story Content --><div class=\"twae-content\"><!-- Story Description --><div class=\"twae-description\"><p>Wir beginnen unsere Reise durch Europa, um die fortschrittlichsten Techniken zu entdecken und Kontakte zu kn\u00fcpfen.<\/p><\/div><\/div><\/div><!-- Start of Story Repeater Content --><div id=\"story-b5cccdd\" class=\"twae-story twae-repeater-item twae-story-right twae-story-no-icon\"><!-- Story Label --><div class=\"twae-labels\"><div class=\"twae-label-big\">1988<\/div><\/div><!-- Story Icon --><div class=\"twae-icon\"><i aria-hidden=\"true\" class=\"far fa-clock\"><\/i><\/div><!-- Story Arrow --><div class=\"twae-arrow\"><\/div><!-- Start of Story Content --><div class=\"twae-content\"><!-- Story Description --><div class=\"twae-description\"><p>Premiere in der Schweiz: Wir investieren in eine automatische Tomatensortiermaschine. Es werden Maschinen f\u00fcr Karotten und Zwiebeln folgen.<\/p><\/div><\/div><\/div><!-- Start of Story Repeater Content --><div id=\"story-0171e5a\" class=\"twae-story twae-repeater-item twae-story-left twae-story-no-icon\"><!-- Story Label --><div class=\"twae-labels\"><div class=\"twae-label-big\">1989 <\/div><\/div><!-- Story Icon --><div class=\"twae-icon\"><i aria-hidden=\"true\" class=\"far fa-clock\"><\/i><\/div><!-- Story Arrow --><div class=\"twae-arrow\"><\/div><!-- Start of Story Content --><div class=\"twae-content\"><!-- Story Description --><div class=\"twae-description\"><p>Da wir vom integrierten Sch\u00e4dlingsmanagement trotz seiner Kosten \u00fcberzeugt sind, kaufen wir Hummeln. Unsere Investitionen in nachhaltiges Wirtschaften werden uns schnell zum Ma\u00dfstab machen.<\/p><\/div><\/div><\/div><!-- Start of Story Repeater Content --><div id=\"story-5e742ad\" class=\"twae-story twae-repeater-item twae-story-right twae-story-no-icon\"><!-- Story Label --><div class=\"twae-labels\"><div class=\"twae-label-big\">1990 <\/div><\/div><!-- Story Icon --><div class=\"twae-icon\"><i aria-hidden=\"true\" class=\"far fa-clock\"><\/i><\/div><!-- Story Arrow --><div class=\"twae-arrow\"><\/div><!-- Start of Story Content --><div class=\"twae-content\"><!-- Story Image --><div class=\"twae-media full\"><img decoding=\"async\" width=\"1243\" height=\"1686\" src=\"https:\/\/stoll-freres.ch\/wp-content\/uploads\/2025\/04\/Le_Sillon_Romand_jeudi_27_septembre_1990-copie.webp\" class=\"attachment-full size-full\" alt=\"Roland Stoll im Familienunternehmen in den fr\u00fchen 1990er Jahren\" srcset=\"https:\/\/stoll-freres.ch\/wp-content\/uploads\/2025\/04\/Le_Sillon_Romand_jeudi_27_septembre_1990-copie.webp 1243w, https:\/\/stoll-freres.ch\/wp-content\/uploads\/2025\/04\/Le_Sillon_Romand_jeudi_27_septembre_1990-copie-221x300.webp 221w, https:\/\/stoll-freres.ch\/wp-content\/uploads\/2025\/04\/Le_Sillon_Romand_jeudi_27_septembre_1990-copie-755x1024.webp 755w, https:\/\/stoll-freres.ch\/wp-content\/uploads\/2025\/04\/Le_Sillon_Romand_jeudi_27_septembre_1990-copie-768x1042.webp 768w, https:\/\/stoll-freres.ch\/wp-content\/uploads\/2025\/04\/Le_Sillon_Romand_jeudi_27_septembre_1990-copie-1132x1536.webp 1132w, https:\/\/stoll-freres.ch\/wp-content\/uploads\/2025\/04\/Le_Sillon_Romand_jeudi_27_septembre_1990-copie-9x12.webp 9w\" sizes=\"(max-width: 1243px) 100vw, 1243px\" \/><\/div><!-- Story Description --><div class=\"twae-description\"><p>Einf\u00fchrung in die Substratkultur mit in der Schweiz einzigartigen Avantgarde-Techniken, die wir w\u00e4hrend unserer Reisen entdeckt haben.<br><\/p>\n<p>Bild: Roland Stoll fotografierte 1990 f\u00fcr&nbsp;<i>Die Romand Furche<\/i> (wurde <i>Erde &amp; Natur<\/i>).<\/p><\/div><\/div><\/div><!-- Start of Story Repeater Content --><div id=\"story-501a8b0\" class=\"twae-story twae-repeater-item twae-story-left twae-story-no-icon\"><!-- Story Label --><div class=\"twae-labels\"><div class=\"twae-label-big\">1992<\/div><\/div><!-- Story Icon --><div class=\"twae-icon\"><i aria-hidden=\"true\" class=\"far fa-clock\"><\/i><\/div><!-- Story Arrow --><div class=\"twae-arrow\"><\/div><!-- Start of Story Content --><div class=\"twae-content\"><!-- Story Description --><div class=\"twae-description\"><p>Julien Stoll, Rolands \u00e4ltester Sohn, begann im Sommer auszuhelfen. Er erz\u00e4hlt seinem Vater, dass er \u201eSalatkoch\u201c werden m\u00f6chte. Sp\u00e4ter entdeckte er seine Leidenschaft f\u00fcr Tomaten und den Gew\u00e4chshausanbau.<\/p><\/div><\/div><\/div><!-- Start of Story Repeater Content --><div id=\"story-53a0a09\" class=\"twae-story twae-repeater-item twae-story-right twae-story-no-icon\"><!-- Story Label --><div class=\"twae-labels\"><div class=\"twae-label-big\">2005<\/div><\/div><!-- Story Icon --><div class=\"twae-icon\"><i aria-hidden=\"true\" class=\"far fa-clock\"><\/i><\/div><!-- Story Arrow --><div class=\"twae-arrow\"><\/div><!-- Start of Story Content --><div class=\"twae-content\"><!-- Story Description --><div class=\"twae-description\"><p>Angesichts der gro\u00dffl\u00e4chigen Distribution m\u00fcssen sich die Produzenten neu strukturieren. Wir waren Mitbegr\u00fcnder von Alliance Romande SA und 2007 von Unifrais SA.<\/p><\/div><\/div><\/div><!-- Start of Story Repeater Content --><div id=\"story-fee31e5\" class=\"twae-story twae-repeater-item twae-story-left twae-story-no-icon\"><!-- Story Label --><div class=\"twae-labels\"><div class=\"twae-label-big\">2008<\/div><\/div><!-- Story Icon --><div class=\"twae-icon\"><i aria-hidden=\"true\" class=\"far fa-clock\"><\/i><\/div><!-- Story Arrow --><div class=\"twae-arrow\"><\/div><!-- Start of Story Content --><div class=\"twae-content\"><!-- Story Description --><div class=\"twae-description\"><p>Nach seinem Gartenbaustudium in Lullier und seiner Arbeit bei einem gro\u00dfen Tomatenproduzenten in den Niederlanden kam Julien als Anbauleiter zu uns. Er wird 2024 Produktionsleiter.<\/p><\/div><\/div><\/div><!-- Start of Story Repeater Content --><div id=\"story-491388f\" class=\"twae-story twae-repeater-item twae-story-right twae-story-no-icon\"><!-- Story Label --><div class=\"twae-labels\"><div class=\"twae-label-big\">2009<\/div><\/div><!-- Story Icon --><div class=\"twae-icon\"><i aria-hidden=\"true\" class=\"far fa-clock\"><\/i><\/div><!-- Story Arrow --><div class=\"twae-arrow\"><\/div><!-- Start of Story Content --><div class=\"twae-content\"><!-- Story Description --><div class=\"twae-description\"><p>Christophe Stoll, Rolands j\u00fcngster Sohn, hilft uns seit mehreren Sommern. Vom Freigel\u00e4nde bis zur Verpackungsstra\u00dfe lernt er die unterschiedlichen Gewerke kennen und verschafft sich nach und nach einen \u00dcberblick \u00fcber den Betrieb.<\/p><\/div><\/div><\/div><!-- Start of Story Repeater Content --><div id=\"story-29453b8\" class=\"twae-story twae-repeater-item twae-story-left twae-story-no-icon\"><!-- Story Label --><div class=\"twae-labels\"><div class=\"twae-label-big\">2018<\/div><\/div><!-- Story Icon --><div class=\"twae-icon\"><i aria-hidden=\"true\" class=\"far fa-clock\"><\/i><\/div><!-- Story Arrow --><div class=\"twae-arrow\"><\/div><!-- Start of Story Content --><div class=\"twae-content\"><!-- Story Description --><div class=\"twae-description\"><p>Gr\u00fcndung der MalmEnergie Naturelle SA, die als erstes Waadtl\u00e4nder Unternehmen in mitteltiefe Geothermiebohrungen zur Beheizung von Gew\u00e4chsh\u00e4usern investiert.<\/p><\/div><\/div><\/div><!-- Start of Story Repeater Content --><div id=\"story-ce91703\" class=\"twae-story twae-repeater-item twae-story-right twae-story-no-icon\"><!-- Story Label --><div class=\"twae-labels\"><div class=\"twae-label-big\">2021<\/div><\/div><!-- Story Icon --><div class=\"twae-icon\"><i aria-hidden=\"true\" class=\"far fa-clock\"><\/i><\/div><!-- Story Arrow --><div class=\"twae-arrow\"><\/div><!-- Start of Story Content --><div class=\"twae-content\"><!-- Story Image --><div class=\"twae-media full\"><img decoding=\"async\" width=\"1200\" height=\"1502\" src=\"https:\/\/stoll-freres.ch\/wp-content\/uploads\/2025\/05\/Artegusto.webp\" class=\"attachment-full size-full\" alt=\"Das Familienunternehmen war Mitbegr\u00fcnder der Marke Artegusto.\" srcset=\"https:\/\/stoll-freres.ch\/wp-content\/uploads\/2025\/05\/Artegusto.webp 1200w, https:\/\/stoll-freres.ch\/wp-content\/uploads\/2025\/05\/Artegusto-240x300.webp 240w, https:\/\/stoll-freres.ch\/wp-content\/uploads\/2025\/05\/Artegusto-818x1024.webp 818w, https:\/\/stoll-freres.ch\/wp-content\/uploads\/2025\/05\/Artegusto-768x961.webp 768w, https:\/\/stoll-freres.ch\/wp-content\/uploads\/2025\/05\/Artegusto-10x12.webp 10w\" sizes=\"(max-width: 1200px) 100vw, 1200px\" \/><\/div><!-- Story Description --><div class=\"twae-description\"><p>Einf\u00fchrung der Marke ArteGusto in Zusammenarbeit mit anderen Gem\u00fcseg\u00e4rtnern. Wir verkaufen unsere ersten YOOM\u00ae-Tomaten mit violetter Farbe und einzigartigem Geschmack.<\/p><\/div><\/div><\/div><!-- Start of Story Repeater Content --><div id=\"story-77db3d8\" class=\"twae-story twae-repeater-item twae-story-left twae-story-no-icon\"><!-- Story Label --><div class=\"twae-labels\"><div class=\"twae-label-big\">2023<\/div><\/div><!-- Story Icon --><div class=\"twae-icon\"><i aria-hidden=\"true\" class=\"far fa-clock\"><\/i><\/div><!-- Story Arrow --><div class=\"twae-arrow\"><\/div><!-- Start of Story Content --><div class=\"twae-content\"><!-- Story Description --><div class=\"twae-description\"><p>Christophe kommt zu uns, nachdem er in Lullier Gartenbau studiert und in der deutschsprachigen Schweiz im Gem\u00fcseanbau gearbeitet hat. Vielseitig einsetzbar \u00fcbernimmt er Aufgaben in unterschiedlichen Bereichen des Unternehmens.<\/p><\/div><\/div><\/div><!-- Start of Story Repeater Content --><div id=\"story-a03e782\" class=\"twae-story twae-repeater-item twae-story-right twae-story-no-icon\"><!-- Story Label --><div class=\"twae-labels\"><div class=\"twae-label-big\">2024<\/div><\/div><!-- Story Icon --><div class=\"twae-icon\"><i aria-hidden=\"true\" class=\"far fa-clock\"><\/i><\/div><!-- Story Arrow --><div class=\"twae-arrow\"><\/div><!-- Start of Story Content --><div class=\"twae-content\"><!-- Story Description --><div class=\"twae-description\"><p>Der Generationswechsel ist im Gange und das Unternehmen entwickelt sich weiter. Willy und seine S\u00f6hne gr\u00fcndeten Stoll L\u00e9gumes in Mathod, w\u00e4hrend Roland die Aktivit\u00e4ten in Yverdon und Montagny fortf\u00fchrte und mit der Unterst\u00fctzung neuer F\u00e4higkeiten ein neues Managementteam um seine S\u00f6hne Julien und Christophe zusammenstellte.<\/p><\/div><\/div><\/div><!-- Start of Story Repeater Content --><div id=\"story-f48e85a\" class=\"twae-story twae-repeater-item twae-story-left twae-story-no-icon\"><!-- Story Label --><div class=\"twae-labels\"><div class=\"twae-label-big\">2024<\/div><\/div><!-- Story Icon --><div class=\"twae-icon\"><i aria-hidden=\"true\" class=\"far fa-clock\"><\/i><\/div><!-- Story Arrow --><div class=\"twae-arrow\"><\/div><!-- Start of Story Content --><div class=\"twae-content\"><!-- Story Description --><div class=\"twae-description\"><p>Unsere Coop Primagusto Cherrytomaten haben im Saldo-Test dank ihres hervorragenden Geschmacks und der Abwesenheit von Pestizidr\u00fcckst\u00e4nden als Sieger hervorgegangen.<\/p><\/div><\/div><\/div><\/div>\n    <div class=\"twae-end\"><\/div>\n    <\/div><style type=\"text\/css\">@media (max-width: 1024px){ .twae-wrapper{--tw-ybx-size: 80px !important;}}@media (max-width: 767px){ .twae-wrapper{--tw-ybx-size: 80px !important}}<\/style>\t\t\t\t<\/div>\n\t\t\t\t<\/div>\n\t\t\t\t\t<\/div>\n\t\t<\/div>\n\t\t\t\t\t<\/div>\n\t\t<\/section>\n\t\t\t\t<section class=\"elementor-section elementor-top-section elementor-element elementor-element-3278674 elementor-section-full_width elementor-section-height-default elementor-section-height-default\" data-id=\"3278674\" data-element_type=\"section\" data-e-type=\"section\">\n\t\t\t\t\t\t<div class=\"elementor-container elementor-column-gap-default\">\n\t\t\t\t\t<div class=\"elementor-column elementor-col-100 elementor-top-column elementor-element elementor-element-78cfb59\" data-id=\"78cfb59\" data-element_type=\"column\" data-e-type=\"column\">\n\t\t\t<div class=\"elementor-widget-wrap elementor-element-populated\">\n\t\t\t\t\t\t<div class=\"elementor-element elementor-element-a34ada3 elementor-widget-divider--view-line elementor-widget elementor-widget-divider\" data-id=\"a34ada3\" data-element_type=\"widget\" data-e-type=\"widget\" data-widget_type=\"divider.default\">\n\t\t\t\t<div class=\"elementor-widget-container\">\n\t\t\t\t\t\t\t<div class=\"elementor-divider\">\n\t\t\t<span class=\"elementor-divider-separator\">\n\t\t\t\t\t\t<\/span>\n\t\t<\/div>\n\t\t\t\t\t\t<\/div>\n\t\t\t\t<\/div>\n\t\t\t\t\t<\/div>\n\t\t<\/div>\n\t\t\t\t\t<\/div>\n\t\t<\/section>\n\t\t\t\t<section class=\"elementor-section elementor-top-section elementor-element elementor-element-dd231a9 elementor-section-boxed elementor-section-height-default elementor-section-height-default\" data-id=\"dd231a9\" data-element_type=\"section\" data-e-type=\"section\" data-settings=\"{&quot;background_background&quot;:&quot;classic&quot;}\">\n\t\t\t\t\t\t<div class=\"elementor-container elementor-column-gap-default\">\n\t\t\t\t\t<div class=\"elementor-column elementor-col-50 elementor-top-column elementor-element elementor-element-76a30a3\" data-id=\"76a30a3\" data-element_type=\"column\" data-e-type=\"column\">\n\t\t\t<div class=\"elementor-widget-wrap elementor-element-populated\">\n\t\t\t\t\t\t<div class=\"elementor-element elementor-element-15235b3 elementor-widget elementor-widget-image\" data-id=\"15235b3\" data-element_type=\"widget\" data-e-type=\"widget\" data-widget_type=\"image.default\">\n\t\t\t\t<div class=\"elementor-widget-container\">\n\t\t\t\t\t\t\t\t\t\t\t\t\t\t\t<img loading=\"lazy\" decoding=\"async\" width=\"527\" height=\"527\" src=\"https:\/\/stoll-freres.ch\/wp-content\/uploads\/2024\/12\/Certificats_labels@3x.png\" class=\"attachment-large size-large wp-image-422\" alt=\"Zertifikate Labels\" srcset=\"https:\/\/stoll-freres.ch\/wp-content\/uploads\/2024\/12\/Certificats_labels@3x.png 527w, https:\/\/stoll-freres.ch\/wp-content\/uploads\/2024\/12\/Certificats_labels@3x-300x300.png 300w, https:\/\/stoll-freres.ch\/wp-content\/uploads\/2024\/12\/Certificats_labels@3x-150x150.png 150w\" sizes=\"(max-width: 527px) 100vw, 527px\" \/>\t\t\t\t\t\t\t\t\t\t\t\t\t\t\t<\/div>\n\t\t\t\t<\/div>\n\t\t\t\t\t<\/div>\n\t\t<\/div>\n\t\t\t\t<div class=\"elementor-column elementor-col-50 elementor-top-column elementor-element elementor-element-80cf894\" data-id=\"80cf894\" data-element_type=\"column\" data-e-type=\"column\">\n\t\t\t<div class=\"elementor-widget-wrap elementor-element-populated\">\n\t\t\t\t\t\t<div class=\"elementor-element elementor-element-8b7c1da elementor-widget elementor-widget-heading\" data-id=\"8b7c1da\" data-element_type=\"widget\" data-e-type=\"widget\" data-widget_type=\"heading.default\">\n\t\t\t\t<div class=\"elementor-widget-container\">\n\t\t\t\t\t<h2 class=\"elementor-heading-title elementor-size-default\">Unsere Zertifikate und Siegel<\/h2>\t\t\t\t<\/div>\n\t\t\t\t<\/div>\n\t\t\t\t\t<\/div>\n\t\t<\/div>\n\t\t\t\t\t<\/div>\n\t\t<\/section>\n\t\t\t\t<section class=\"elementor-section elementor-top-section elementor-element elementor-element-75f15b5 elementor-section-boxed elementor-section-height-default elementor-section-height-default\" data-id=\"75f15b5\" data-element_type=\"section\" data-e-type=\"section\" id=\"certificats\" data-settings=\"{&quot;background_background&quot;:&quot;classic&quot;}\">\n\t\t\t\t\t\t<div class=\"elementor-container elementor-column-gap-default\">\n\t\t\t\t\t<div class=\"elementor-column elementor-col-33 elementor-top-column elementor-element elementor-element-4589b87 animated-slow elementor-invisible\" data-id=\"4589b87\" data-element_type=\"column\" data-e-type=\"column\" data-settings=\"{&quot;animation&quot;:&quot;fadeIn&quot;,&quot;animation_delay&quot;:400}\">\n\t\t\t<div class=\"elementor-widget-wrap elementor-element-populated\">\n\t\t\t\t\t\t<div class=\"elementor-element elementor-element-40ead55 elementor-widget elementor-widget-heading\" data-id=\"40ead55\" data-element_type=\"widget\" data-e-type=\"widget\" data-widget_type=\"heading.default\">\n\t\t\t\t<div class=\"elementor-widget-container\">\n\t\t\t\t\t<h4 class=\"elementor-heading-title elementor-size-default\">Label Suisse Garantie<\/h4>\t\t\t\t<\/div>\n\t\t\t\t<\/div>\n\t\t\t\t<div class=\"elementor-element elementor-element-b991d2c elementor-widget elementor-widget-image\" data-id=\"b991d2c\" data-element_type=\"widget\" data-e-type=\"widget\" data-widget_type=\"image.default\">\n\t\t\t\t<div class=\"elementor-widget-container\">\n\t\t\t\t\t\t\t\t\t\t\t\t\t\t\t<img loading=\"lazy\" decoding=\"async\" width=\"300\" height=\"198\" src=\"https:\/\/stoll-freres.ch\/wp-content\/uploads\/2025\/01\/Suisse-garantie.png\" class=\"attachment-large size-large wp-image-787\" alt=\"Schweiz garantiert\" \/>\t\t\t\t\t\t\t\t\t\t\t\t\t\t\t<\/div>\n\t\t\t\t<\/div>\n\t\t\t\t<div class=\"elementor-element elementor-element-2fba04f elementor-align-center elementor-widget elementor-widget-button\" data-id=\"2fba04f\" data-element_type=\"widget\" data-e-type=\"widget\" data-widget_type=\"button.default\">\n\t\t\t\t<div class=\"elementor-widget-container\">\n\t\t\t\t\t\t\t\t\t<div class=\"elementor-button-wrapper\">\n\t\t\t\t\t<a class=\"elementor-button elementor-button-link elementor-size-sm\" href=\"https:\/\/stoll-freres.ch\/wp-content\/uploads\/2025\/07\/Certificat-Suisse-Garantie-Stoll-Freres-SA-et-Stoll-Production-SA.pdf\" target=\"_blank\">\n\t\t\t\t\t\t<span class=\"elementor-button-content-wrapper\">\n\t\t\t\t\t\t\t\t\t<span class=\"elementor-button-text\">Zertifikat herunterladen<\/span>\n\t\t\t\t\t<\/span>\n\t\t\t\t\t<\/a>\n\t\t\t\t<\/div>\n\t\t\t\t\t\t\t\t<\/div>\n\t\t\t\t<\/div>\n\t\t\t\t\t<\/div>\n\t\t<\/div>\n\t\t\t\t<div class=\"elementor-column elementor-col-33 elementor-top-column elementor-element elementor-element-c2969a6 animated-slow elementor-invisible\" data-id=\"c2969a6\" data-element_type=\"column\" data-e-type=\"column\" data-settings=\"{&quot;animation&quot;:&quot;fadeIn&quot;,&quot;animation_delay&quot;:800}\">\n\t\t\t<div class=\"elementor-widget-wrap elementor-element-populated\">\n\t\t\t\t\t\t<div class=\"elementor-element elementor-element-472000d elementor-widget elementor-widget-heading\" data-id=\"472000d\" data-element_type=\"widget\" data-e-type=\"widget\" data-widget_type=\"heading.default\">\n\t\t\t\t<div class=\"elementor-widget-container\">\n\t\t\t\t\t<h4 class=\"elementor-heading-title elementor-size-default\">IP-SUISSE<\/h4>\t\t\t\t<\/div>\n\t\t\t\t<\/div>\n\t\t\t\t<div class=\"elementor-element elementor-element-bb94cb3 elementor-widget elementor-widget-image\" data-id=\"bb94cb3\" data-element_type=\"widget\" data-e-type=\"widget\" data-widget_type=\"image.default\">\n\t\t\t\t<div class=\"elementor-widget-container\">\n\t\t\t\t\t\t\t\t\t\t\t\t\t\t\t<img loading=\"lazy\" decoding=\"async\" width=\"300\" height=\"198\" src=\"https:\/\/stoll-freres.ch\/wp-content\/uploads\/2025\/01\/ip-suisse-1.png\" class=\"attachment-large size-large wp-image-785\" alt=\"ip-schweiz\" \/>\t\t\t\t\t\t\t\t\t\t\t\t\t\t\t<\/div>\n\t\t\t\t<\/div>\n\t\t\t\t<div class=\"elementor-element elementor-element-7567a44 elementor-align-center elementor-widget elementor-widget-button\" data-id=\"7567a44\" data-element_type=\"widget\" data-e-type=\"widget\" data-widget_type=\"button.default\">\n\t\t\t\t<div class=\"elementor-widget-container\">\n\t\t\t\t\t\t\t\t\t<div class=\"elementor-button-wrapper\">\n\t\t\t\t\t<a class=\"elementor-button elementor-button-link elementor-size-sm\" href=\"https:\/\/stoll-freres.ch\/wp-content\/uploads\/2025\/07\/Certificat-IP-Suisse-Stoll-Freres-SA.pdf\" target=\"_blank\">\n\t\t\t\t\t\t<span class=\"elementor-button-content-wrapper\">\n\t\t\t\t\t\t\t\t\t<span class=\"elementor-button-text\">Zertifikat herunterladen<\/span>\n\t\t\t\t\t<\/span>\n\t\t\t\t\t<\/a>\n\t\t\t\t<\/div>\n\t\t\t\t\t\t\t\t<\/div>\n\t\t\t\t<\/div>\n\t\t\t\t\t<\/div>\n\t\t<\/div>\n\t\t\t\t<div class=\"elementor-column elementor-col-33 elementor-top-column elementor-element elementor-element-2d35210 animated-slow elementor-invisible\" data-id=\"2d35210\" data-element_type=\"column\" data-e-type=\"column\" data-settings=\"{&quot;background_background&quot;:&quot;classic&quot;,&quot;animation&quot;:&quot;fadeIn&quot;,&quot;animation_delay&quot;:1200}\">\n\t\t\t<div class=\"elementor-widget-wrap elementor-element-populated\">\n\t\t\t\t\t\t<div class=\"elementor-element elementor-element-af00396 elementor-widget elementor-widget-heading\" data-id=\"af00396\" data-element_type=\"widget\" data-e-type=\"widget\" data-widget_type=\"heading.default\">\n\t\t\t\t<div class=\"elementor-widget-container\">\n\t\t\t\t\t<h4 class=\"elementor-heading-title elementor-size-default\">SwissGAP<\/h4>\t\t\t\t<\/div>\n\t\t\t\t<\/div>\n\t\t\t\t<div class=\"elementor-element elementor-element-26eb251 elementor-widget elementor-widget-image\" data-id=\"26eb251\" data-element_type=\"widget\" data-e-type=\"widget\" data-widget_type=\"image.default\">\n\t\t\t\t<div class=\"elementor-widget-container\">\n\t\t\t\t\t\t\t\t\t\t\t\t\t\t\t<img loading=\"lazy\" decoding=\"async\" width=\"300\" height=\"198\" src=\"https:\/\/stoll-freres.ch\/wp-content\/uploads\/2025\/01\/SwissGAP.png\" class=\"attachment-large size-large wp-image-793\" alt=\"SwissGAP\" \/>\t\t\t\t\t\t\t\t\t\t\t\t\t\t\t<\/div>\n\t\t\t\t<\/div>\n\t\t\t\t<div class=\"elementor-element elementor-element-09a8711 elementor-align-center elementor-widget elementor-widget-button\" data-id=\"09a8711\" data-element_type=\"widget\" data-e-type=\"widget\" data-widget_type=\"button.default\">\n\t\t\t\t<div class=\"elementor-widget-container\">\n\t\t\t\t\t\t\t\t\t<div class=\"elementor-button-wrapper\">\n\t\t\t\t\t<a class=\"elementor-button elementor-button-link elementor-size-sm\" href=\"https:\/\/stoll-freres.ch\/wp-content\/uploads\/2025\/07\/Certificat-Swiss-Gap-Stoll-Freres-SA.pdf\" target=\"_blank\">\n\t\t\t\t\t\t<span class=\"elementor-button-content-wrapper\">\n\t\t\t\t\t\t\t\t\t<span class=\"elementor-button-text\">Zertifikat herunterladen<\/span>\n\t\t\t\t\t<\/span>\n\t\t\t\t\t<\/a>\n\t\t\t\t<\/div>\n\t\t\t\t\t\t\t\t<\/div>\n\t\t\t\t<\/div>\n\t\t\t\t\t<\/div>\n\t\t<\/div>\n\t\t\t\t\t<\/div>\n\t\t<\/section>\n\t\t\t\t<section class=\"elementor-section elementor-top-section elementor-element elementor-element-8d41ae4 elementor-section-boxed elementor-section-height-default elementor-section-height-default\" data-id=\"8d41ae4\" data-element_type=\"section\" data-e-type=\"section\" data-settings=\"{&quot;background_background&quot;:&quot;classic&quot;}\">\n\t\t\t\t\t\t<div class=\"elementor-container elementor-column-gap-default\">\n\t\t\t\t\t<div class=\"elementor-column elementor-col-33 elementor-top-column elementor-element elementor-element-2494306 animated-slow elementor-invisible\" data-id=\"2494306\" data-element_type=\"column\" data-e-type=\"column\" data-settings=\"{&quot;animation&quot;:&quot;fadeIn&quot;,&quot;animation_delay&quot;:1600}\">\n\t\t\t<div class=\"elementor-widget-wrap elementor-element-populated\">\n\t\t\t\t\t\t<div class=\"elementor-element elementor-element-22c1aef elementor-widget elementor-widget-heading\" data-id=\"22c1aef\" data-element_type=\"widget\" data-e-type=\"widget\" data-widget_type=\"heading.default\">\n\t\t\t\t<div class=\"elementor-widget-container\">\n\t\t\t\t\t<h4 class=\"elementor-heading-title elementor-size-default\">COOP - Ma r\u00e9gion<\/h4>\t\t\t\t<\/div>\n\t\t\t\t<\/div>\n\t\t\t\t<div class=\"elementor-element elementor-element-3112064 elementor-widget elementor-widget-image\" data-id=\"3112064\" data-element_type=\"widget\" data-e-type=\"widget\" data-widget_type=\"image.default\">\n\t\t\t\t<div class=\"elementor-widget-container\">\n\t\t\t\t\t\t\t\t\t\t\t\t\t\t\t<img loading=\"lazy\" decoding=\"async\" width=\"300\" height=\"198\" src=\"https:\/\/stoll-freres.ch\/wp-content\/uploads\/2025\/01\/Coop-ma-region.png\" class=\"attachment-large size-large wp-image-784\" alt=\"Coop - Meine Region\" \/>\t\t\t\t\t\t\t\t\t\t\t\t\t\t\t<\/div>\n\t\t\t\t<\/div>\n\t\t\t\t<div class=\"elementor-element elementor-element-874dde5 elementor-align-center elementor-widget elementor-widget-button\" data-id=\"874dde5\" data-element_type=\"widget\" data-e-type=\"widget\" data-widget_type=\"button.default\">\n\t\t\t\t<div class=\"elementor-widget-container\">\n\t\t\t\t\t\t\t\t\t<div class=\"elementor-button-wrapper\">\n\t\t\t\t\t<a class=\"elementor-button elementor-button-link elementor-size-sm\" href=\"https:\/\/stoll-freres.ch\/wp-content\/uploads\/2025\/01\/CERTIFICAT_COOP_MA_REGION_STOLL_FRERES_SA_2025.pdf\" target=\"_blank\">\n\t\t\t\t\t\t<span class=\"elementor-button-content-wrapper\">\n\t\t\t\t\t\t\t\t\t<span class=\"elementor-button-text\">Zertifikat herunterladen<\/span>\n\t\t\t\t\t<\/span>\n\t\t\t\t\t<\/a>\n\t\t\t\t<\/div>\n\t\t\t\t\t\t\t\t<\/div>\n\t\t\t\t<\/div>\n\t\t\t\t\t<\/div>\n\t\t<\/div>\n\t\t\t\t<div class=\"elementor-column elementor-col-33 elementor-top-column elementor-element elementor-element-3691c79 animated-slow elementor-invisible\" data-id=\"3691c79\" data-element_type=\"column\" data-e-type=\"column\" data-settings=\"{&quot;animation&quot;:&quot;fadeIn&quot;,&quot;animation_delay&quot;:2000}\">\n\t\t\t<div class=\"elementor-widget-wrap elementor-element-populated\">\n\t\t\t\t\t\t<div class=\"elementor-element elementor-element-a384776 elementor-widget elementor-widget-heading\" data-id=\"a384776\" data-element_type=\"widget\" data-e-type=\"widget\" data-widget_type=\"heading.default\">\n\t\t\t\t<div class=\"elementor-widget-container\">\n\t\t\t\t\t<h4 class=\"elementor-heading-title elementor-size-default\">Migros Vaud - De la r\u00e9gion<\/h4>\t\t\t\t<\/div>\n\t\t\t\t<\/div>\n\t\t\t\t<div class=\"elementor-element elementor-element-0a64179 elementor-widget elementor-widget-image\" data-id=\"0a64179\" data-element_type=\"widget\" data-e-type=\"widget\" data-widget_type=\"image.default\">\n\t\t\t\t<div class=\"elementor-widget-container\">\n\t\t\t\t\t\t\t\t\t\t\t\t\t\t\t<img loading=\"lazy\" decoding=\"async\" width=\"300\" height=\"198\" src=\"https:\/\/stoll-freres.ch\/wp-content\/uploads\/2025\/01\/Migros-de-la-region.png\" class=\"attachment-large size-large wp-image-786\" alt=\"Migros - Aus der Region\" \/>\t\t\t\t\t\t\t\t\t\t\t\t\t\t\t<\/div>\n\t\t\t\t<\/div>\n\t\t\t\t<div class=\"elementor-element elementor-element-acc281a elementor-align-center elementor-widget elementor-widget-button\" data-id=\"acc281a\" data-element_type=\"widget\" data-e-type=\"widget\" data-widget_type=\"button.default\">\n\t\t\t\t<div class=\"elementor-widget-container\">\n\t\t\t\t\t\t\t\t\t<div class=\"elementor-button-wrapper\">\n\t\t\t\t\t<a class=\"elementor-button elementor-button-link elementor-size-sm\" href=\"https:\/\/stoll-freres.ch\/wp-content\/uploads\/2025\/01\/CERTIFICAT_DLR_STOLL_FRERES_2025.pdf\" target=\"_blank\">\n\t\t\t\t\t\t<span class=\"elementor-button-content-wrapper\">\n\t\t\t\t\t\t\t\t\t<span class=\"elementor-button-text\">Zertifikat herunterladen<\/span>\n\t\t\t\t\t<\/span>\n\t\t\t\t\t<\/a>\n\t\t\t\t<\/div>\n\t\t\t\t\t\t\t\t<\/div>\n\t\t\t\t<\/div>\n\t\t\t\t\t<\/div>\n\t\t<\/div>\n\t\t\t\t<div class=\"elementor-column elementor-col-33 elementor-top-column elementor-element elementor-element-b20fab9 elementor-hidden-mobile\" data-id=\"b20fab9\" data-element_type=\"column\" data-e-type=\"column\">\n\t\t\t<div class=\"elementor-widget-wrap\">\n\t\t\t\t\t\t\t<\/div>\n\t\t<\/div>\n\t\t\t\t\t<\/div>\n\t\t<\/section>\n\t\t\t\t<\/div>","protected":false},"excerpt":{"rendered":"<p>\u00c0 propos Notre entreprise Mara\u00eechers et entrepreneurs, depuis 1982 L\u2019entreprise de la famille Stoll \u00e0 Yverdon-les-Bains (VD) est active dans la production de l\u00e9gumes et dans la commercialisation de fruits et l\u00e9gumes destin\u00e9s \u00e0 la grande distribution, au commerce de gros et aux primeurs. Elle est compos\u00e9e de cinq entit\u00e9s: Stoll Production SA qui produit [&hellip;]<\/p>\n","protected":false},"author":1,"featured_media":0,"parent":0,"menu_order":0,"comment_status":"closed","ping_status":"closed","template":"","meta":{"footnotes":""},"class_list":["post-325","page","type-page","status-publish","hentry"],"yoast_head":"<!-- This site is optimized with the Yoast SEO plugin v27.5 - https:\/\/yoast.com\/product\/yoast-seo-wordpress\/ -->\n<title>\u00c0 propos - STOLL Fr\u00e8res SA - Entreprise familiale<\/title>\n<meta name=\"description\" content=\"Stoll Fr\u00e8res SA \u00e0 Yverdon-les-Bains: mara\u00eechers et entrepreneurs depuis 1982. L&#039;entreprise familiale est compos\u00e9e de cinq entit\u00e9s\" \/>\n<meta name=\"robots\" content=\"index, follow, max-snippet:-1, max-image-preview:large, max-video-preview:-1\" \/>\n<link rel=\"canonical\" href=\"https:\/\/stoll-freres.ch\/de\/a-propos\/\" \/>\n<meta property=\"og:locale\" content=\"de_DE\" \/>\n<meta property=\"og:type\" content=\"article\" \/>\n<meta property=\"og:title\" content=\"\u00c0 propos - STOLL Fr\u00e8res SA - Entreprise familiale\" \/>\n<meta property=\"og:description\" content=\"Stoll Fr\u00e8res SA \u00e0 Yverdon-les-Bains: mara\u00eechers et entrepreneurs depuis 1982. L&#039;entreprise familiale est compos\u00e9e de cinq entit\u00e9s\" \/>\n<meta property=\"og:url\" content=\"https:\/\/stoll-freres.ch\/de\/a-propos\/\" \/>\n<meta property=\"og:site_name\" content=\"STOLL Fr\u00e8res SA\" \/>\n<meta property=\"article:modified_time\" content=\"2025-11-25T13:09:13+00:00\" \/>\n<meta property=\"og:image\" content=\"https:\/\/stoll-freres.ch\/wp-content\/uploads\/2024\/12\/Stoll_A_propos.webp\" \/>\n<meta name=\"twitter:card\" content=\"summary_large_image\" \/>\n<meta name=\"twitter:label1\" content=\"Gesch\u00e4tzte Lesezeit\" \/>\n\t<meta name=\"twitter:data1\" content=\"5\u00a0Minuten\" \/>\n<script type=\"application\/ld+json\" class=\"yoast-schema-graph\">{\"@context\":\"https:\\\/\\\/schema.org\",\"@graph\":[{\"@type\":\"WebPage\",\"@id\":\"https:\\\/\\\/stoll-freres.ch\\\/a-propos\\\/\",\"url\":\"https:\\\/\\\/stoll-freres.ch\\\/a-propos\\\/\",\"name\":\"\u00c0 propos - STOLL Fr\u00e8res SA - Entreprise familiale\",\"isPartOf\":{\"@id\":\"https:\\\/\\\/stoll-freres.ch\\\/#website\"},\"primaryImageOfPage\":{\"@id\":\"https:\\\/\\\/stoll-freres.ch\\\/a-propos\\\/#primaryimage\"},\"image\":{\"@id\":\"https:\\\/\\\/stoll-freres.ch\\\/a-propos\\\/#primaryimage\"},\"thumbnailUrl\":\"https:\\\/\\\/stoll-freres.ch\\\/wp-content\\\/uploads\\\/2024\\\/12\\\/Stoll_A_propos.webp\",\"datePublished\":\"2024-12-18T08:45:47+00:00\",\"dateModified\":\"2025-11-25T13:09:13+00:00\",\"description\":\"Stoll Fr\u00e8res SA \u00e0 Yverdon-les-Bains: mara\u00eechers et entrepreneurs depuis 1982. L'entreprise familiale est compos\u00e9e de cinq entit\u00e9s\",\"breadcrumb\":{\"@id\":\"https:\\\/\\\/stoll-freres.ch\\\/a-propos\\\/#breadcrumb\"},\"inLanguage\":\"de\",\"potentialAction\":[{\"@type\":\"ReadAction\",\"target\":[\"https:\\\/\\\/stoll-freres.ch\\\/a-propos\\\/\"]}]},{\"@type\":\"ImageObject\",\"inLanguage\":\"de\",\"@id\":\"https:\\\/\\\/stoll-freres.ch\\\/a-propos\\\/#primaryimage\",\"url\":\"https:\\\/\\\/stoll-freres.ch\\\/wp-content\\\/uploads\\\/2024\\\/12\\\/Stoll_A_propos.webp\",\"contentUrl\":\"https:\\\/\\\/stoll-freres.ch\\\/wp-content\\\/uploads\\\/2024\\\/12\\\/Stoll_A_propos.webp\"},{\"@type\":\"BreadcrumbList\",\"@id\":\"https:\\\/\\\/stoll-freres.ch\\\/a-propos\\\/#breadcrumb\",\"itemListElement\":[{\"@type\":\"ListItem\",\"position\":1,\"name\":\"Accueil\",\"item\":\"https:\\\/\\\/stoll-freres.ch\\\/\"},{\"@type\":\"ListItem\",\"position\":2,\"name\":\"\u00c0 propos\"}]},{\"@type\":\"WebSite\",\"@id\":\"https:\\\/\\\/stoll-freres.ch\\\/#website\",\"url\":\"https:\\\/\\\/stoll-freres.ch\\\/\",\"name\":\"STOLL Fr\u00e8res SA\",\"description\":\"Primeurs en gros\",\"publisher\":{\"@id\":\"https:\\\/\\\/stoll-freres.ch\\\/#organization\"},\"potentialAction\":[{\"@type\":\"SearchAction\",\"target\":{\"@type\":\"EntryPoint\",\"urlTemplate\":\"https:\\\/\\\/stoll-freres.ch\\\/?s={search_term_string}\"},\"query-input\":{\"@type\":\"PropertyValueSpecification\",\"valueRequired\":true,\"valueName\":\"search_term_string\"}}],\"inLanguage\":\"de\"},{\"@type\":\"Organization\",\"@id\":\"https:\\\/\\\/stoll-freres.ch\\\/#organization\",\"name\":\"STOLL Fr\u00e8res SA\",\"url\":\"https:\\\/\\\/stoll-freres.ch\\\/\",\"logo\":{\"@type\":\"ImageObject\",\"inLanguage\":\"de\",\"@id\":\"https:\\\/\\\/stoll-freres.ch\\\/#\\\/schema\\\/logo\\\/image\\\/\",\"url\":\"https:\\\/\\\/stoll-freres.ch\\\/wp-content\\\/uploads\\\/2024\\\/10\\\/Stoll_Logo.png\",\"contentUrl\":\"https:\\\/\\\/stoll-freres.ch\\\/wp-content\\\/uploads\\\/2024\\\/10\\\/Stoll_Logo.png\",\"width\":800,\"height\":452,\"caption\":\"STOLL Fr\u00e8res SA\"},\"image\":{\"@id\":\"https:\\\/\\\/stoll-freres.ch\\\/#\\\/schema\\\/logo\\\/image\\\/\"}}]}<\/script>\n<!-- \/ Yoast SEO plugin. -->","yoast_head_json":{"title":"\u00dcber uns - STOLL Fr\u00e8res SA - Familienunternehmen","description":"Stoll Fr\u00e8res SA in Yverdon-les-Bains: Gem\u00fcseg\u00e4rtner und Unternehmer seit 1982. Das Familienunternehmen besteht aus f\u00fcnf Einheiten","robots":{"index":"index","follow":"follow","max-snippet":"max-snippet:-1","max-image-preview":"max-image-preview:large","max-video-preview":"max-video-preview:-1"},"canonical":"https:\/\/stoll-freres.ch\/de\/a-propos\/","og_locale":"de_DE","og_type":"article","og_title":"\u00c0 propos - STOLL Fr\u00e8res SA - Entreprise familiale","og_description":"Stoll Fr\u00e8res SA \u00e0 Yverdon-les-Bains: mara\u00eechers et entrepreneurs depuis 1982. L'entreprise familiale est compos\u00e9e de cinq entit\u00e9s","og_url":"https:\/\/stoll-freres.ch\/de\/a-propos\/","og_site_name":"STOLL Fr\u00e8res SA","article_modified_time":"2025-11-25T13:09:13+00:00","og_image":[{"url":"https:\/\/stoll-freres.ch\/wp-content\/uploads\/2024\/12\/Stoll_A_propos.webp","type":"","width":"","height":""}],"twitter_card":"summary_large_image","twitter_misc":{"Gesch\u00e4tzte Lesezeit":"5\u00a0Minuten"},"schema":{"@context":"https:\/\/schema.org","@graph":[{"@type":"WebPage","@id":"https:\/\/stoll-freres.ch\/a-propos\/","url":"https:\/\/stoll-freres.ch\/a-propos\/","name":"\u00dcber uns - STOLL Fr\u00e8res SA - Familienunternehmen","isPartOf":{"@id":"https:\/\/stoll-freres.ch\/#website"},"primaryImageOfPage":{"@id":"https:\/\/stoll-freres.ch\/a-propos\/#primaryimage"},"image":{"@id":"https:\/\/stoll-freres.ch\/a-propos\/#primaryimage"},"thumbnailUrl":"https:\/\/stoll-freres.ch\/wp-content\/uploads\/2024\/12\/Stoll_A_propos.webp","datePublished":"2024-12-18T08:45:47+00:00","dateModified":"2025-11-25T13:09:13+00:00","description":"Stoll Fr\u00e8res SA in Yverdon-les-Bains: Gem\u00fcseg\u00e4rtner und Unternehmer seit 1982. Das Familienunternehmen besteht aus f\u00fcnf Einheiten","breadcrumb":{"@id":"https:\/\/stoll-freres.ch\/a-propos\/#breadcrumb"},"inLanguage":"de","potentialAction":[{"@type":"ReadAction","target":["https:\/\/stoll-freres.ch\/a-propos\/"]}]},{"@type":"ImageObject","inLanguage":"de","@id":"https:\/\/stoll-freres.ch\/a-propos\/#primaryimage","url":"https:\/\/stoll-freres.ch\/wp-content\/uploads\/2024\/12\/Stoll_A_propos.webp","contentUrl":"https:\/\/stoll-freres.ch\/wp-content\/uploads\/2024\/12\/Stoll_A_propos.webp"},{"@type":"BreadcrumbList","@id":"https:\/\/stoll-freres.ch\/a-propos\/#breadcrumb","itemListElement":[{"@type":"ListItem","position":1,"name":"Accueil","item":"https:\/\/stoll-freres.ch\/"},{"@type":"ListItem","position":2,"name":"\u00c0 propos"}]},{"@type":"WebSite","@id":"https:\/\/stoll-freres.ch\/#website","url":"https:\/\/stoll-freres.ch\/","name":"STOLL Fr\u00e8res SA","description":"Primeurs im Gro\u00dfhandel","publisher":{"@id":"https:\/\/stoll-freres.ch\/#organization"},"potentialAction":[{"@type":"SearchAction","target":{"@type":"EntryPoint","urlTemplate":"https:\/\/stoll-freres.ch\/?s={search_term_string}"},"query-input":{"@type":"PropertyValueSpecification","valueRequired":true,"valueName":"search_term_string"}}],"inLanguage":"de"},{"@type":"Organization","@id":"https:\/\/stoll-freres.ch\/#organization","name":"STOLL Fr\u00e8res SA","url":"https:\/\/stoll-freres.ch\/","logo":{"@type":"ImageObject","inLanguage":"de","@id":"https:\/\/stoll-freres.ch\/#\/schema\/logo\/image\/","url":"https:\/\/stoll-freres.ch\/wp-content\/uploads\/2024\/10\/Stoll_Logo.png","contentUrl":"https:\/\/stoll-freres.ch\/wp-content\/uploads\/2024\/10\/Stoll_Logo.png","width":800,"height":452,"caption":"STOLL Fr\u00e8res SA"},"image":{"@id":"https:\/\/stoll-freres.ch\/#\/schema\/logo\/image\/"}}]}},"_links":{"self":[{"href":"https:\/\/stoll-freres.ch\/de\/wp-json\/wp\/v2\/pages\/325","targetHints":{"allow":["GET"]}}],"collection":[{"href":"https:\/\/stoll-freres.ch\/de\/wp-json\/wp\/v2\/pages"}],"about":[{"href":"https:\/\/stoll-freres.ch\/de\/wp-json\/wp\/v2\/types\/page"}],"author":[{"embeddable":true,"href":"https:\/\/stoll-freres.ch\/de\/wp-json\/wp\/v2\/users\/1"}],"replies":[{"embeddable":true,"href":"https:\/\/stoll-freres.ch\/de\/wp-json\/wp\/v2\/comments?post=325"}],"version-history":[{"count":183,"href":"https:\/\/stoll-freres.ch\/de\/wp-json\/wp\/v2\/pages\/325\/revisions"}],"predecessor-version":[{"id":2426,"href":"https:\/\/stoll-freres.ch\/de\/wp-json\/wp\/v2\/pages\/325\/revisions\/2426"}],"wp:attachment":[{"href":"https:\/\/stoll-freres.ch\/de\/wp-json\/wp\/v2\/media?parent=325"}],"curies":[{"name":"wp","href":"https:\/\/api.w.org\/{rel}","templated":true}]}}